{"id":4115,"date":"2021-10-13T16:42:58","date_gmt":"2021-10-13T14:42:58","guid":{"rendered":"https:\/\/stadtmuseum.result.de\/team\/"},"modified":"2026-01-22T15:35:38","modified_gmt":"2026-01-22T14:35:38","slug":"team","status":"publish","type":"page","link":"https:\/\/www.koelnisches-stadtmuseum.de\/en\/team\/","title":{"rendered":"Team"},"content":{"rendered":"\n<div style=\"height:40px\" aria-hidden=\"true\" class=\"wp-block-spacer\"><\/div>\n\n\n\n<div class=\"wp-block-columns is-layout-flex wp-container-core-columns-is-layout-28f84493 wp-block-columns-is-layout-flex\">\n<div class=\"wp-block-column is-vertically-aligned-center is-layout-flow wp-block-column-is-layout-flow\">\n<h1 class=\"wp-block-heading font-plak-black\" id=\"das-museumsteam\" style=\"font-size:3.5rem\">The Museum&#8217;s Team<\/h1>\n\n\n\n<p style=\"font-size:30px\"><strong>You can find all our contacts here.<br>Feel free to reach out!<\/strong><\/p>\n<\/div>\n\n\n\n<div class=\"wp-block-column besuch-oeffnungszeiten is-layout-flow wp-block-column-is-layout-flow\">\n<h2 class=\"wp-block-heading has-text-align-center\" id=\"haben-sie-fragen\">Any questions?<\/h2>\n\n\n\n<p class=\"has-text-align-center\">Contact us!<br><br>Cash desk:<br>+49(0)221 221-22398<br><br><strong>For general informations:<\/strong><br><a href=\"mailto:ksm@stadt-koeln.de\">ksm@stadt-koeln.de<\/a><\/p>\n<\/div>\n<\/div>\n\n\n\n<hr class=\"wp-block-separator has-css-opacity is-style-wide\"\/>\n\n\n\n<div class=\"wp-block-buttons is-mobile-buttons-team is-content-justification-center is-layout-flex wp-container-core-buttons-is-layout-a89b3969 wp-block-buttons-is-layout-flex\">\n<div class=\"wp-block-button is-style-ksm-button\"><a class=\"wp-block-button__link wp-element-button\" href=\"#direktion\">Management<\/a><\/div>\n\n\n\n<div class=\"wp-block-button is-style-ksm-button\"><a class=\"wp-block-button__link wp-element-button\" href=\"#wissenschaftliche-mitarbeiter-innen\">Scientific staff<\/a><\/div>\n\n\n\n<div class=\"wp-block-button is-style-ksm-button\"><a class=\"wp-block-button__link wp-element-button\" href=\"#sachbearbeitung-kolnisches-brauchtum\">Department of Cologne\u2019s Customs<\/a><\/div>\n\n\n\n<div class=\"wp-block-button is-style-ksm-button\"><a class=\"wp-block-button__link wp-element-button\" href=\"#bibliothek\">Library<\/a><\/div>\n\n\n\n<div class=\"wp-block-button is-style-ksm-button\"><a class=\"wp-block-button__link wp-element-button\" href=\"#Bildung-und-Vermittlung\">Education and Mediation<\/a><\/div>\n\n\n\n<div class=\"wp-block-button is-style-ksm-button\"><a class=\"wp-block-button__link wp-element-button\" href=\"#marketing\">Communication<\/a><\/div>\n\n\n\n<div class=\"wp-block-button is-style-ksm-button\"><a class=\"wp-block-button__link wp-element-button\" href=\"#restaurierung\">Restoration<\/a><\/div>\n\n\n\n<div class=\"wp-block-button is-style-ksm-button\"><a class=\"wp-block-button__link wp-element-button\" href=\"#verwaltung\">Administration<\/a><\/div>\n\n\n\n<div class=\"wp-block-button is-style-ksm-button\"><a class=\"wp-block-button__link wp-element-button\" href=\"#hausverwaltung\">House management<\/a><\/div>\n<\/div>\n\n\n\n<hr class=\"wp-block-separator has-css-opacity is-style-wide is-mobile-buttons-team\"\/>\n\n\n\n<h2 class=\"wp-block-heading\" id=\"direktion\">Management<\/h2>\n\n\n\n<div class=\"wp-block-columns is-layout-flex wp-container-core-columns-is-layout-28f84493 wp-block-columns-is-layout-flex\">\n<div class=\"wp-block-column is-layout-flow wp-block-column-is-layout-flow\">\n<div class=\"wp-block-columns is-layout-flex wp-container-core-columns-is-layout-28f84493 wp-block-columns-is-layout-flex\">\n<div class=\"wp-block-column ksm-image-switch is-layout-flow wp-block-column-is-layout-flow\">\n<figure class=\"wp-block-image size-large\"><img decoding=\"async\" width=\"683\" height=\"1024\" src=\"https:\/\/www.koelnisches-stadtmuseum.de\/wp-content\/uploads\/2023\/11\/Constantin_ehrchen-hamann2-683x1024.jpg\" alt=\"\" class=\"wp-image-11049\" srcset=\"https:\/\/www.koelnisches-stadtmuseum.de\/wp-content\/uploads\/2023\/11\/Constantin_ehrchen-hamann2-683x1024.jpg 683w, https:\/\/www.koelnisches-stadtmuseum.de\/wp-content\/uploads\/2023\/11\/Constantin_ehrchen-hamann2-200x300.jpg 200w, https:\/\/www.koelnisches-stadtmuseum.de\/wp-content\/uploads\/2023\/11\/Constantin_ehrchen-hamann2-217x325.jpg 217w, https:\/\/www.koelnisches-stadtmuseum.de\/wp-content\/uploads\/2023\/11\/Constantin_ehrchen-hamann2-434x650.jpg 434w, https:\/\/www.koelnisches-stadtmuseum.de\/wp-content\/uploads\/2023\/11\/Constantin_ehrchen-hamann2-600x899.jpg 600w, https:\/\/www.koelnisches-stadtmuseum.de\/wp-content\/uploads\/2023\/11\/Constantin_ehrchen-hamann2-427x640.jpg 427w, https:\/\/www.koelnisches-stadtmuseum.de\/wp-content\/uploads\/2023\/11\/Constantin_ehrchen-hamann2.jpg 694w\" sizes=\"(max-width: 683px) 100vw, 683px\" \/><\/figure>\n\n\n\n<figure class=\"wp-block-image size-large\"><img decoding=\"async\" width=\"683\" height=\"1024\" src=\"https:\/\/www.koelnisches-stadtmuseum.de\/wp-content\/uploads\/2023\/11\/Constantin_ehrchen-hamann1-683x1024.png\" alt=\"\" class=\"wp-image-11052\" srcset=\"https:\/\/www.koelnisches-stadtmuseum.de\/wp-content\/uploads\/2023\/11\/Constantin_ehrchen-hamann1-683x1024.png 683w, https:\/\/www.koelnisches-stadtmuseum.de\/wp-content\/uploads\/2023\/11\/Constantin_ehrchen-hamann1-200x300.png 200w, https:\/\/www.koelnisches-stadtmuseum.de\/wp-content\/uploads\/2023\/11\/Constantin_ehrchen-hamann1-217x325.png 217w, https:\/\/www.koelnisches-stadtmuseum.de\/wp-content\/uploads\/2023\/11\/Constantin_ehrchen-hamann1-434x650.png 434w, https:\/\/www.koelnisches-stadtmuseum.de\/wp-content\/uploads\/2023\/11\/Constantin_ehrchen-hamann1-600x899.png 600w, https:\/\/www.koelnisches-stadtmuseum.de\/wp-content\/uploads\/2023\/11\/Constantin_ehrchen-hamann1-427x640.png 427w, https:\/\/www.koelnisches-stadtmuseum.de\/wp-content\/uploads\/2023\/11\/Constantin_ehrchen-hamann1.png 694w\" sizes=\"(max-width: 683px) 100vw, 683px\" \/><\/figure>\n<\/div>\n\n\n\n<div class=\"wp-block-column is-vertically-aligned-center is-layout-flow wp-block-column-is-layout-flow\">\n<h3 class=\"wp-block-heading\" id=\"dr-mario-kramp\"><br>Dr. Matthias Hamann<\/h3>\n\n\n\n<p><strong><strong>Direktor<\/strong><\/strong><\/p>\n\n\n\n<div class=\"wp-block-group team-details is-layout-flow wp-block-group-is-layout-flow\">\n<p class=\"team-details-front\">0221 \/ 221-25790<br><a href=\"mailto:matthias.hamann@stadt-koeln.de\">matthias.hamann@stadt-koeln.de<\/a> <\/p>\n\n\n\n<p class=\"team-details-back\">0221 \/ 221-25790<br><a href=\"mailto:matthias.hamann@stadt-koeln.de\">matthias.hamann@stadt-koeln.de<\/a> <\/p>\n<\/div>\n<\/div>\n<\/div>\n<\/div>\n\n\n\n<div class=\"wp-block-column is-layout-flow wp-block-column-is-layout-flow\">\n<div class=\"wp-block-columns is-layout-flex wp-container-core-columns-is-layout-28f84493 wp-block-columns-is-layout-flex\">\n<div class=\"wp-block-column ksm-image-switch is-layout-flow wp-block-column-is-layout-flow\">\n<figure class=\"wp-block-image size-large\"><img decoding=\"async\" width=\"683\" height=\"1024\" src=\"https:\/\/www.koelnisches-stadtmuseum.de\/wp-content\/uploads\/2026\/01\/kreuzberg1-683x1024.png\" alt=\"\" class=\"wp-image-17351\" srcset=\"https:\/\/www.koelnisches-stadtmuseum.de\/wp-content\/uploads\/2026\/01\/kreuzberg1-683x1024.png 683w, https:\/\/www.koelnisches-stadtmuseum.de\/wp-content\/uploads\/2026\/01\/kreuzberg1-200x300.png 200w, https:\/\/www.koelnisches-stadtmuseum.de\/wp-content\/uploads\/2026\/01\/kreuzberg1-217x325.png 217w, https:\/\/www.koelnisches-stadtmuseum.de\/wp-content\/uploads\/2026\/01\/kreuzberg1-434x650.png 434w, https:\/\/www.koelnisches-stadtmuseum.de\/wp-content\/uploads\/2026\/01\/kreuzberg1-600x899.png 600w, https:\/\/www.koelnisches-stadtmuseum.de\/wp-content\/uploads\/2026\/01\/kreuzberg1-427x640.png 427w, https:\/\/www.koelnisches-stadtmuseum.de\/wp-content\/uploads\/2026\/01\/kreuzberg1.png 694w\" sizes=\"(max-width: 683px) 100vw, 683px\" \/><\/figure>\n\n\n\n<figure class=\"wp-block-image size-large\"><img decoding=\"async\" width=\"683\" height=\"1024\" src=\"https:\/\/www.koelnisches-stadtmuseum.de\/wp-content\/uploads\/2026\/01\/kreuzberg2-683x1024.png\" alt=\"\" class=\"wp-image-17352\" srcset=\"https:\/\/www.koelnisches-stadtmuseum.de\/wp-content\/uploads\/2026\/01\/kreuzberg2-683x1024.png 683w, https:\/\/www.koelnisches-stadtmuseum.de\/wp-content\/uploads\/2026\/01\/kreuzberg2-200x300.png 200w, https:\/\/www.koelnisches-stadtmuseum.de\/wp-content\/uploads\/2026\/01\/kreuzberg2-217x325.png 217w, https:\/\/www.koelnisches-stadtmuseum.de\/wp-content\/uploads\/2026\/01\/kreuzberg2-434x650.png 434w, https:\/\/www.koelnisches-stadtmuseum.de\/wp-content\/uploads\/2026\/01\/kreuzberg2-600x899.png 600w, https:\/\/www.koelnisches-stadtmuseum.de\/wp-content\/uploads\/2026\/01\/kreuzberg2-427x640.png 427w, https:\/\/www.koelnisches-stadtmuseum.de\/wp-content\/uploads\/2026\/01\/kreuzberg2.png 694w\" sizes=\"(max-width: 683px) 100vw, 683px\" \/><\/figure>\n<\/div>\n\n\n\n<div class=\"wp-block-column is-vertically-aligned-center is-layout-flow wp-block-column-is-layout-flow\">\n<h3 class=\"wp-block-heading\" id=\"silvia-rueckert\">Christina Kreuzberg<\/h3>\n\n\n\n<p><strong><strong>Stellvertretende Direktorin<\/strong><\/strong><\/p>\n\n\n\n<div class=\"wp-block-group team-details is-layout-flow wp-block-group-is-layout-flow\">\n<p class=\"team-details-front\">0221 \/ 221-32101<br><a href=\"mailto:christina.kreuzberg@stadt-koeln.de\" data-type=\"mailto\" data-id=\"mailto:christina.kreuzberg@stadt-koeln.de\">christina.kreuzberg@stadt-koeln.de<\/a><\/p>\n\n\n\n<p class=\"team-details-back\">0221 \/ 221-32101<br><a href=\"mailto:christina.kreuzberg@stadt-koeln.de\" data-type=\"mailto\" data-id=\"mailto:christina.kreuzberg@stadt-koeln.de\">christina.kreuzberg@stadt-koeln.de<\/a><\/p>\n<\/div>\n<\/div>\n<\/div>\n<\/div>\n<\/div>\n\n\n\n<div class=\"wp-block-columns is-layout-flex wp-container-core-columns-is-layout-28f84493 wp-block-columns-is-layout-flex\">\n<div class=\"wp-block-column is-layout-flow wp-block-column-is-layout-flow\">\n<div class=\"wp-block-columns is-layout-flex wp-container-core-columns-is-layout-28f84493 wp-block-columns-is-layout-flex\">\n<div class=\"wp-block-column ksm-image-switch is-layout-flow wp-block-column-is-layout-flow\">\n<figure class=\"wp-block-image size-large\"><img decoding=\"async\" width=\"683\" height=\"1024\" src=\"https:\/\/www.koelnisches-stadtmuseum.de\/wp-content\/uploads\/2022\/03\/KSM-vonPidoll-1-683x1024.png\" alt=\"Man sieht die Sekret\u00e4rin des Direktorats. Sie schaut zur Seite. Das Bild ist in schwarz-wei\u00df.\" class=\"wp-image-3013\" srcset=\"https:\/\/www.koelnisches-stadtmuseum.de\/wp-content\/uploads\/2022\/03\/KSM-vonPidoll-1-683x1024.png 683w, https:\/\/www.koelnisches-stadtmuseum.de\/wp-content\/uploads\/2022\/03\/KSM-vonPidoll-1-200x300.png 200w, https:\/\/www.koelnisches-stadtmuseum.de\/wp-content\/uploads\/2022\/03\/KSM-vonPidoll-1.png 694w\" sizes=\"(max-width: 683px) 100vw, 683px\" \/><\/figure>\n\n\n\n<figure class=\"wp-block-image size-large\"><img decoding=\"async\" width=\"683\" height=\"1024\" src=\"https:\/\/www.koelnisches-stadtmuseum.de\/wp-content\/uploads\/2022\/03\/KSM-vonPidoll-2-683x1024.png\" alt=\"Man sieht die Sekret\u00e4rin des Direktorats. Sie schaut in die Kamera. Der Bildhintergrund ist gelb.\" class=\"wp-image-3014\" srcset=\"https:\/\/www.koelnisches-stadtmuseum.de\/wp-content\/uploads\/2022\/03\/KSM-vonPidoll-2-683x1024.png 683w, https:\/\/www.koelnisches-stadtmuseum.de\/wp-content\/uploads\/2022\/03\/KSM-vonPidoll-2-200x300.png 200w, https:\/\/www.koelnisches-stadtmuseum.de\/wp-content\/uploads\/2022\/03\/KSM-vonPidoll-2.png 694w\" sizes=\"(max-width: 683px) 100vw, 683px\" \/><\/figure>\n<\/div>\n\n\n\n<div class=\"wp-block-column is-vertically-aligned-center is-layout-flow wp-block-column-is-layout-flow\">\n<h3 class=\"wp-block-heading\" id=\"ursula-von-pidoll\">Ursula von Pidoll<\/h3>\n\n\n\n<p><strong><strong><strong><strong>Sekretariat<\/strong><\/strong><\/strong><\/strong><\/p>\n\n\n\n<div class=\"wp-block-group team-details is-layout-flow wp-block-group-is-layout-flow\">\n<p class=\"team-details-front\">0221 \/ 221-25790<br><a href=\"mailto:ursula.vonpidoll@stadt-koeln.de\">ursula.vonpidoll@stadt-koeln.de<\/a><\/p>\n\n\n\n<p class=\"team-details-back\">0221 \/ 221-25790<br><a href=\"mailto:ursula.vonpidoll@stadt-koeln.de\">ursula.vonpidoll@stadt-koeln.de<\/a><\/p>\n<\/div>\n<\/div>\n<\/div>\n<\/div>\n\n\n\n<div class=\"wp-block-column is-layout-flow wp-block-column-is-layout-flow\"><\/div>\n<\/div>\n\n\n\n<h2 class=\"wp-block-heading\" id=\"wissenschaftliche-mitarbeiter-innen\">Scientific staff<\/h2>\n\n\n\n<div class=\"wp-block-columns is-layout-flex wp-container-core-columns-is-layout-28f84493 wp-block-columns-is-layout-flex\">\n<div class=\"wp-block-column is-layout-flow wp-block-column-is-layout-flow\">\n<div class=\"wp-block-columns is-layout-flex wp-container-core-columns-is-layout-28f84493 wp-block-columns-is-layout-flex\">\n<div class=\"wp-block-column ksm-image-switch is-layout-flow wp-block-column-is-layout-flow\">\n<figure class=\"wp-block-image size-large\"><img decoding=\"async\" width=\"683\" height=\"1024\" src=\"https:\/\/www.koelnisches-stadtmuseum.de\/wp-content\/uploads\/2022\/03\/KSM-Cremer-1-683x1024.png\" alt=\"Man sieht Frau Cremer, wissenschaftliche Mitarbeiterin des Museums. Sie schaut zur Seite. Das Bild ist schwarz-wei\u00df.\" class=\"wp-image-3035\" srcset=\"https:\/\/www.koelnisches-stadtmuseum.de\/wp-content\/uploads\/2022\/03\/KSM-Cremer-1-683x1024.png 683w, https:\/\/www.koelnisches-stadtmuseum.de\/wp-content\/uploads\/2022\/03\/KSM-Cremer-1-200x300.png 200w, https:\/\/www.koelnisches-stadtmuseum.de\/wp-content\/uploads\/2022\/03\/KSM-Cremer-1.png 694w\" sizes=\"(max-width: 683px) 100vw, 683px\" \/><\/figure>\n\n\n\n<figure class=\"wp-block-image size-large\"><img decoding=\"async\" width=\"683\" height=\"1024\" src=\"https:\/\/www.koelnisches-stadtmuseum.de\/wp-content\/uploads\/2022\/03\/KSM-Cremer-2-683x1024.png\" alt=\"Man sieht Frau Cremer, wissenschaftliche Mitarbeiterin des Museums. Sie schaut in die Kamera. Der Bildhintergrund ist blau.\" class=\"wp-image-3036\" srcset=\"https:\/\/www.koelnisches-stadtmuseum.de\/wp-content\/uploads\/2022\/03\/KSM-Cremer-2-683x1024.png 683w, https:\/\/www.koelnisches-stadtmuseum.de\/wp-content\/uploads\/2022\/03\/KSM-Cremer-2-200x300.png 200w, https:\/\/www.koelnisches-stadtmuseum.de\/wp-content\/uploads\/2022\/03\/KSM-Cremer-2.png 694w\" sizes=\"(max-width: 683px) 100vw, 683px\" \/><\/figure>\n<\/div>\n\n\n\n<div class=\"wp-block-column is-vertically-aligned-center is-layout-flow wp-block-column-is-layout-flow\">\n<h3 class=\"wp-block-heading\" id=\"johanna-cremer\">Johanna Cremer<br><\/h3>\n\n\n\n<p><strong>Wissenschaftliche Mitarbeiterin <\/strong><\/p>\n\n\n\n<div class=\"wp-block-group team-details is-layout-flow wp-block-group-is-layout-flow\">\n<p class=\"team-details-front\">0221 \/ 221-32312<br><a href=\"mailto:johanna.cremer@stadt-koeln.de\">johanna.cremer@stadt-koeln.de<\/a><\/p>\n\n\n\n<p class=\"team-details-back\">0221 \/ 221-32312<br><a href=\"mailto:johanna.cremer@stadt-koeln.de\">johanna.cremer@stadt-koeln.de<\/a><\/p>\n<\/div>\n<\/div>\n<\/div>\n<\/div>\n\n\n\n<div class=\"wp-block-column is-layout-flow wp-block-column-is-layout-flow\">\n<div class=\"wp-block-columns is-layout-flex wp-container-core-columns-is-layout-28f84493 wp-block-columns-is-layout-flex\">\n<div class=\"wp-block-column ksm-image-switch is-layout-flow wp-block-column-is-layout-flow\">\n<figure class=\"wp-block-image size-large\"><img decoding=\"async\" src=\"https:\/\/www.koelnisches-stadtmuseum.de\/wp-content\/uploads\/2024\/03\/18b_volker-hille-683x1024.jpg\" alt=\"Dr. Volker Hille. Er schaut zur Seite. Das Bild ist in schwarz-wei\u00df gehalten.\" class=\"wp-image-13829\"\/><\/figure>\n\n\n\n<figure class=\"wp-block-image size-large\"><img decoding=\"async\" src=\"https:\/\/www.koelnisches-stadtmuseum.de\/wp-content\/uploads\/2024\/03\/18a_volker-hille-683x1024.png\" alt=\"Dr. Volker Hille vor einem lilafarbenen Hintergrund. Er lacht in die Kamera.\" class=\"wp-image-13832\"\/><\/figure>\n<\/div>\n\n\n\n<div class=\"wp-block-column is-vertically-aligned-center is-layout-flow wp-block-column-is-layout-flow\">\n<h3 class=\"wp-block-heading\" id=\"johanna-cremer\">Dr. Volker Hille<\/h3>\n\n\n\n<p><strong><strong><strong>Wissenschaftlicher Mitarbeiter \/ Leiter der Graphischen Sammlung<\/strong><\/strong><\/strong><\/p>\n\n\n\n<div class=\"wp-block-group team-details is-layout-flow wp-block-group-is-layout-flow\">\n<p class=\"team-details-front\">0221 \/ 221-22363<br><a href=\"mailto:volker.hille@stadt-koeln.de\">volker.hille@stadt-koeln.de<\/a><\/p>\n\n\n\n<p class=\"team-details-back\">0221 \/ 221-22363<br><a href=\"mailto:volker.hille@stadt-koeln.de\">volker.hille@stadt-koeln.de<\/a><\/p>\n<\/div>\n<\/div>\n<\/div>\n<\/div>\n<\/div>\n\n\n\n<div class=\"wp-block-columns is-layout-flex wp-container-core-columns-is-layout-28f84493 wp-block-columns-is-layout-flex\">\n<div class=\"wp-block-column is-layout-flow wp-block-column-is-layout-flow\">\n<div class=\"wp-block-columns is-layout-flex wp-container-core-columns-is-layout-28f84493 wp-block-columns-is-layout-flex\">\n<div class=\"wp-block-column ksm-image-switch is-layout-flow wp-block-column-is-layout-flow\">\n<figure class=\"wp-block-image size-large\"><img decoding=\"async\" width=\"683\" height=\"1024\" src=\"https:\/\/www.koelnisches-stadtmuseum.de\/wp-content\/uploads\/2022\/03\/KSM-Kramp-1-683x1024.png\" alt=\"Man sieht den Museumsdirektor. Er schaut zur Seite. Das Bild ist schwarz-wei\u00df.\" class=\"wp-image-3005\" srcset=\"https:\/\/www.koelnisches-stadtmuseum.de\/wp-content\/uploads\/2022\/03\/KSM-Kramp-1-683x1024.png 683w, https:\/\/www.koelnisches-stadtmuseum.de\/wp-content\/uploads\/2022\/03\/KSM-Kramp-1-200x300.png 200w, https:\/\/www.koelnisches-stadtmuseum.de\/wp-content\/uploads\/2022\/03\/KSM-Kramp-1.png 694w\" sizes=\"(max-width: 683px) 100vw, 683px\" \/><\/figure>\n\n\n\n<figure class=\"wp-block-image size-large\"><img decoding=\"async\" width=\"683\" height=\"1024\" src=\"https:\/\/www.koelnisches-stadtmuseum.de\/wp-content\/uploads\/2022\/03\/KSM-Kramp-2-683x1024.jpg\" alt=\"Man sieht den Museumsdirektor. Er schaut in die Kamera. Der Hintergrund ist rot.\" class=\"wp-image-3006\" srcset=\"https:\/\/www.koelnisches-stadtmuseum.de\/wp-content\/uploads\/2022\/03\/KSM-Kramp-2-683x1024.jpg 683w, https:\/\/www.koelnisches-stadtmuseum.de\/wp-content\/uploads\/2022\/03\/KSM-Kramp-2-200x300.jpg 200w, https:\/\/www.koelnisches-stadtmuseum.de\/wp-content\/uploads\/2022\/03\/KSM-Kramp-2.jpg 694w\" sizes=\"(max-width: 683px) 100vw, 683px\" \/><\/figure>\n<\/div>\n\n\n\n<div class=\"wp-block-column is-vertically-aligned-center is-layout-flow wp-block-column-is-layout-flow\">\n<h3 class=\"wp-block-heading\" id=\"stefan-lewejohann\">Dr. Mario Kramp<\/h3>\n\n\n\n<p><strong><strong>Wissenschaftlicher Mitarbeiter<\/strong><\/strong><\/p>\n\n\n\n<div class=\"wp-block-group team-details is-layout-flow wp-block-group-is-layout-flow\">\n<p class=\"team-details-front\">0221 \/ 221-32890<br><a href=\"mailto:mario.kramp@stadt-koeln.de\" data-type=\"mailto\" data-id=\"mailto:mario.kramp@stadt-koeln.de\">mario.kramp@stadt-koeln.de<\/a><\/p>\n\n\n\n<p class=\"team-details-back\">0221 \/ 221-32890<br><a href=\"mailto:mario.kramp@stadt-koeln.de\" data-type=\"mailto\" data-id=\"mailto:mario.kramp@stadt-koeln.de\">mario.kramp@stadt-koeln.de<\/a><\/p>\n<\/div>\n<\/div>\n<\/div>\n<\/div>\n\n\n\n<div class=\"wp-block-column is-layout-flow wp-block-column-is-layout-flow\">\n<div class=\"wp-block-columns is-layout-flex wp-container-core-columns-is-layout-28f84493 wp-block-columns-is-layout-flex\">\n<div class=\"wp-block-column ksm-image-switch is-layout-flow wp-block-column-is-layout-flow\">\n<figure class=\"wp-block-image size-large\"><img decoding=\"async\" width=\"683\" height=\"1024\" src=\"https:\/\/www.koelnisches-stadtmuseum.de\/wp-content\/uploads\/2022\/03\/KSM-Lewejohann-1-683x1024.png\" alt=\"Man sieht Herrn Lewejohann, wissenschaftlicher Mitarbeiter des Museums. Er schaut zur Seite. Das Bild ist schwarz-wei\u00df.\" class=\"wp-image-3037\" srcset=\"https:\/\/www.koelnisches-stadtmuseum.de\/wp-content\/uploads\/2022\/03\/KSM-Lewejohann-1-683x1024.png 683w, https:\/\/www.koelnisches-stadtmuseum.de\/wp-content\/uploads\/2022\/03\/KSM-Lewejohann-1-200x300.png 200w, https:\/\/www.koelnisches-stadtmuseum.de\/wp-content\/uploads\/2022\/03\/KSM-Lewejohann-1.png 694w\" sizes=\"(max-width: 683px) 100vw, 683px\" \/><\/figure>\n\n\n\n<figure class=\"wp-block-image size-large\"><img decoding=\"async\" width=\"683\" height=\"1024\" src=\"https:\/\/www.koelnisches-stadtmuseum.de\/wp-content\/uploads\/2022\/03\/KSM-Lewejohann-2-683x1024.png\" alt=\"Man sieht Herrn Lewejohann, wissenschaftlicher Mitarbeiter des Museums. Er schaut in die Kamera. Der Bildhintergrund ist lila.\" class=\"wp-image-3038\" srcset=\"https:\/\/www.koelnisches-stadtmuseum.de\/wp-content\/uploads\/2022\/03\/KSM-Lewejohann-2-683x1024.png 683w, https:\/\/www.koelnisches-stadtmuseum.de\/wp-content\/uploads\/2022\/03\/KSM-Lewejohann-2-200x300.png 200w, https:\/\/www.koelnisches-stadtmuseum.de\/wp-content\/uploads\/2022\/03\/KSM-Lewejohann-2.png 694w\" sizes=\"(max-width: 683px) 100vw, 683px\" \/><\/figure>\n<\/div>\n\n\n\n<div class=\"wp-block-column is-vertically-aligned-center is-layout-flow wp-block-column-is-layout-flow\">\n<h3 class=\"wp-block-heading\" id=\"stefan-lewejohann\">Stefan Lewejohann<\/h3>\n\n\n\n<p><strong><strong><strong>Wissenschaftlicher Mitarbeiter<\/strong><\/strong><\/strong><\/p>\n\n\n\n<div class=\"wp-block-group team-details is-layout-flow wp-block-group-is-layout-flow\">\n<p class=\"team-details-front\">0221 \/ 221-22359<br><a href=\"mailto:stefan.lewejohann@stadt-koeln.de\">stefan.lewejohann@stadt-koeln.de<\/a><\/p>\n\n\n\n<p class=\"team-details-back\">0221 \/ 221-22359<br><a href=\"mailto:stefan.lewejohann@stadt-koeln.de\">stefan.lewejohann@stadt-koeln.de<\/a><\/p>\n<\/div>\n<\/div>\n<\/div>\n<\/div>\n<\/div>\n\n\n\n<div class=\"wp-block-columns is-layout-flex wp-container-core-columns-is-layout-28f84493 wp-block-columns-is-layout-flex\">\n<div class=\"wp-block-column is-layout-flow wp-block-column-is-layout-flow\">\n<div class=\"wp-block-columns is-layout-flex wp-container-core-columns-is-layout-28f84493 wp-block-columns-is-layout-flex\">\n<div class=\"wp-block-column ksm-image-switch is-layout-flow wp-block-column-is-layout-flow\">\n<figure class=\"wp-block-image size-large\"><img decoding=\"async\" width=\"683\" height=\"1024\" src=\"https:\/\/www.koelnisches-stadtmuseum.de\/wp-content\/uploads\/2022\/03\/KSM-Pries-1-683x1024.png\" alt=\"Man sieht Herrn Pries, wissenschaftlicher Mitarbeiter des Museums. Er schaut zur Seite. Das Bild ist schwarz-wei\u00df.\" class=\"wp-image-3040\" srcset=\"https:\/\/www.koelnisches-stadtmuseum.de\/wp-content\/uploads\/2022\/03\/KSM-Pries-1-683x1024.png 683w, https:\/\/www.koelnisches-stadtmuseum.de\/wp-content\/uploads\/2022\/03\/KSM-Pries-1-200x300.png 200w, https:\/\/www.koelnisches-stadtmuseum.de\/wp-content\/uploads\/2022\/03\/KSM-Pries-1.png 694w\" sizes=\"(max-width: 683px) 100vw, 683px\" \/><\/figure>\n\n\n\n<figure class=\"wp-block-image size-large\"><img decoding=\"async\" width=\"683\" height=\"1024\" src=\"https:\/\/www.koelnisches-stadtmuseum.de\/wp-content\/uploads\/2022\/03\/KSM-Pries-2-683x1024.png\" alt=\"Man sieht Herrn Pries, wissenschaftlicher Mitarbeiter des Museums. Er schaut in die Kamera. Der Bildhintergrund ist blau.\" class=\"wp-image-3041\" srcset=\"https:\/\/www.koelnisches-stadtmuseum.de\/wp-content\/uploads\/2022\/03\/KSM-Pries-2-683x1024.png 683w, https:\/\/www.koelnisches-stadtmuseum.de\/wp-content\/uploads\/2022\/03\/KSM-Pries-2-200x300.png 200w, https:\/\/www.koelnisches-stadtmuseum.de\/wp-content\/uploads\/2022\/03\/KSM-Pries-2.png 694w\" sizes=\"(max-width: 683px) 100vw, 683px\" \/><\/figure>\n<\/div>\n\n\n\n<div class=\"wp-block-column is-vertically-aligned-center is-layout-flow wp-block-column-is-layout-flow\">\n<h3 class=\"wp-block-heading\" id=\"stefan-lewejohann\">Sascha Pries<\/h3>\n\n\n\n<p><strong>Wissenschaftlicher Mitarbeiter<\/strong><\/p>\n\n\n\n<div class=\"wp-block-group team-details is-layout-flow wp-block-group-is-layout-flow\">\n<p class=\"team-details-front\">0221 \/ 221-28462<br><a href=\"mailto:sascha.pries@stadt-koeln.de\">sascha.pries@stadt-koeln.de<\/a><\/p>\n\n\n\n<p class=\"team-details-back\">0221 \/ 221-28462<br><a href=\"mailto:sascha.pries@stadt-koeln.de\">sascha.pries@stadt-koeln.de<\/a><\/p>\n<\/div>\n<\/div>\n<\/div>\n<\/div>\n\n\n\n<div class=\"wp-block-column is-layout-flow wp-block-column-is-layout-flow\">\n<div class=\"wp-block-columns is-layout-flex wp-container-core-columns-is-layout-28f84493 wp-block-columns-is-layout-flex\">\n<div class=\"wp-block-column ksm-image-switch is-layout-flow wp-block-column-is-layout-flow\">\n<figure class=\"wp-block-image size-large\"><img decoding=\"async\" width=\"683\" height=\"1024\" src=\"https:\/\/www.koelnisches-stadtmuseum.de\/wp-content\/uploads\/2024\/03\/17a_marina-riess-683x1024.jpg\" alt=\"Dr. Marina Rie. Er schaut zur Seite. Das Bild ist in schwarz-wei\u00df gehalten.\" class=\"wp-image-13836\" srcset=\"https:\/\/www.koelnisches-stadtmuseum.de\/wp-content\/uploads\/2024\/03\/17a_marina-riess-683x1024.jpg 683w, https:\/\/www.koelnisches-stadtmuseum.de\/wp-content\/uploads\/2024\/03\/17a_marina-riess-200x300.jpg 200w, https:\/\/www.koelnisches-stadtmuseum.de\/wp-content\/uploads\/2024\/03\/17a_marina-riess-217x325.jpg 217w, https:\/\/www.koelnisches-stadtmuseum.de\/wp-content\/uploads\/2024\/03\/17a_marina-riess-434x650.jpg 434w, https:\/\/www.koelnisches-stadtmuseum.de\/wp-content\/uploads\/2024\/03\/17a_marina-riess-600x899.jpg 600w, https:\/\/www.koelnisches-stadtmuseum.de\/wp-content\/uploads\/2024\/03\/17a_marina-riess-427x640.jpg 427w, https:\/\/www.koelnisches-stadtmuseum.de\/wp-content\/uploads\/2024\/03\/17a_marina-riess.jpg 694w\" sizes=\"(max-width: 683px) 100vw, 683px\" \/><\/figure>\n\n\n\n<figure class=\"wp-block-image size-large\"><img decoding=\"async\" src=\"https:\/\/www.koelnisches-stadtmuseum.de\/wp-content\/uploads\/2024\/03\/17b_Marina-Riess-683x1024.png\" alt=\"Dr. Marina Rie\u00df vor einem gelben Hintergrund. Sie lacht in die Kamera.\" class=\"wp-image-13839\"\/><\/figure>\n<\/div>\n\n\n\n<div class=\"wp-block-column is-vertically-aligned-center is-layout-flow wp-block-column-is-layout-flow\">\n<h3 class=\"wp-block-heading\" id=\"ursula-von-pidoll\">Dr. Marina Rie\u00df<\/h3>\n\n\n\n<p><strong><strong><strong><strong>Wissenschaftliche Mitarbeiterin<\/strong><\/strong><\/strong><\/strong><\/p>\n\n\n\n<div class=\"wp-block-group team-details is-layout-flow wp-block-group-is-layout-flow\">\n<p class=\"team-details-front\">(nur Montag- und Mittwoch-<br>vormittag)<br><a href=\"mailto:marina.riess@stadt-koeln.de\" data-type=\"mailto\" data-id=\"mailto:marina.riess@stadt-koeln.de\">marina.riess@stadt-koeln.de<\/a><\/p>\n\n\n\n<p class=\"team-details-back\">(nur Montag- und Mittwoch-<br>vormittag)<br><a href=\"mailto:marina.riess@stadt-koeln.de\" data-type=\"mailto\" data-id=\"mailto:marina.riess@stadt-koeln.de\">marina.riess@stadt-koeln.de<\/a><\/p>\n<\/div>\n<\/div>\n<\/div>\n<\/div>\n<\/div>\n\n\n\n<h2 class=\"wp-block-heading\" id=\"sachbearbeitung-kolnisches-brauchtum\">Department of Cologne\u2019s Customs<\/h2>\n\n\n\n<div class=\"wp-block-columns is-layout-flex wp-container-core-columns-is-layout-28f84493 wp-block-columns-is-layout-flex\">\n<div class=\"wp-block-column is-layout-flow wp-block-column-is-layout-flow\">\n<div class=\"wp-block-columns is-layout-flex wp-container-core-columns-is-layout-28f84493 wp-block-columns-is-layout-flex\">\n<div class=\"wp-block-column ksm-image-switch is-layout-flow wp-block-column-is-layout-flow\">\n<figure class=\"wp-block-image size-large\"><img decoding=\"async\" width=\"683\" height=\"1024\" src=\"https:\/\/www.koelnisches-stadtmuseum.de\/wp-content\/uploads\/2022\/03\/KSM-Cremer-1-683x1024.png\" alt=\"Man sieht Frau Cremer, wissenschaftliche Mitarbeiterin des Museums. Sie schaut zur Seite. Das Bild ist schwarz-wei\u00df.\" class=\"wp-image-3035\" srcset=\"https:\/\/www.koelnisches-stadtmuseum.de\/wp-content\/uploads\/2022\/03\/KSM-Cremer-1-683x1024.png 683w, https:\/\/www.koelnisches-stadtmuseum.de\/wp-content\/uploads\/2022\/03\/KSM-Cremer-1-200x300.png 200w, https:\/\/www.koelnisches-stadtmuseum.de\/wp-content\/uploads\/2022\/03\/KSM-Cremer-1.png 694w\" sizes=\"(max-width: 683px) 100vw, 683px\" \/><\/figure>\n\n\n\n<figure class=\"wp-block-image size-large\"><img decoding=\"async\" width=\"683\" height=\"1024\" src=\"https:\/\/www.koelnisches-stadtmuseum.de\/wp-content\/uploads\/2022\/03\/KSM-Cremer-2-683x1024.png\" alt=\"Man sieht Frau Cremer, wissenschaftliche Mitarbeiterin des Museums. Sie schaut in die Kamera. Der Bildhintergrund ist blau.\" class=\"wp-image-3036\" srcset=\"https:\/\/www.koelnisches-stadtmuseum.de\/wp-content\/uploads\/2022\/03\/KSM-Cremer-2-683x1024.png 683w, https:\/\/www.koelnisches-stadtmuseum.de\/wp-content\/uploads\/2022\/03\/KSM-Cremer-2-200x300.png 200w, https:\/\/www.koelnisches-stadtmuseum.de\/wp-content\/uploads\/2022\/03\/KSM-Cremer-2.png 694w\" sizes=\"(max-width: 683px) 100vw, 683px\" \/><\/figure>\n<\/div>\n\n\n\n<div class=\"wp-block-column is-vertically-aligned-center is-layout-flow wp-block-column-is-layout-flow\">\n<h3 class=\"wp-block-heading\" id=\"johanna-cremer\">Johanna Cremer<br><\/h3>\n\n\n\n<p><strong>Kommissarische Leitung<\/strong> <strong><strong><strong><strong>der Abteilung f\u00fcr K\u00f6lnisches Brauchtum<\/strong><\/strong><\/strong><\/strong><\/p>\n\n\n\n<div class=\"wp-block-group team-details is-layout-flow wp-block-group-is-layout-flow\">\n<p class=\"team-details-front\">0221 \/ 221-32312<br><a href=\"mailto:johanna.cremer@stadt-koeln.de\">johanna.cremer@stadt-koeln.de<\/a><\/p>\n\n\n\n<p class=\"team-details-back\">0221 \/ 221-32312<br><a href=\"mailto:johanna.cremer@stadt-koeln.de\">johanna.cremer@stadt-koeln.de<\/a><\/p>\n<\/div>\n<\/div>\n<\/div>\n<\/div>\n\n\n\n<div class=\"wp-block-column is-layout-flow wp-block-column-is-layout-flow\"><\/div>\n<\/div>\n\n\n\n<div class=\"wp-block-columns is-layout-flex wp-container-core-columns-is-layout-28f84493 wp-block-columns-is-layout-flex\">\n<div class=\"wp-block-column is-layout-flow wp-block-column-is-layout-flow\">\n<div class=\"wp-block-columns is-layout-flex wp-container-core-columns-is-layout-28f84493 wp-block-columns-is-layout-flex\">\n<div class=\"wp-block-column ksm-image-switch is-layout-flow wp-block-column-is-layout-flow\">\n<figure class=\"wp-block-image size-large\"><img decoding=\"async\" width=\"683\" height=\"1024\" src=\"https:\/\/www.koelnisches-stadtmuseum.de\/wp-content\/uploads\/2022\/03\/KSM-Stey-1-683x1024.png\" alt=\"Man sieht Frau Stey, Sachbearbeiterin K\u00f6lnisches Brauchtum. Sie schaut zur Seite. Das Bild ist schwarz-wei\u00df.\" class=\"wp-image-3072\" srcset=\"https:\/\/www.koelnisches-stadtmuseum.de\/wp-content\/uploads\/2022\/03\/KSM-Stey-1-683x1024.png 683w, https:\/\/www.koelnisches-stadtmuseum.de\/wp-content\/uploads\/2022\/03\/KSM-Stey-1-200x300.png 200w, https:\/\/www.koelnisches-stadtmuseum.de\/wp-content\/uploads\/2022\/03\/KSM-Stey-1.png 694w\" sizes=\"(max-width: 683px) 100vw, 683px\" \/><\/figure>\n\n\n\n<figure class=\"wp-block-image size-large\"><img decoding=\"async\" width=\"683\" height=\"1024\" src=\"https:\/\/www.koelnisches-stadtmuseum.de\/wp-content\/uploads\/2022\/03\/KSM-Stey-2-683x1024.png\" alt=\"Man sieht Frau Stey, Sachbearbeiterin K\u00f6lnisches Brauchtum. Sie schaut in die Kamera. Der Bildhintergrund ist gelb.\" class=\"wp-image-3073\" srcset=\"https:\/\/www.koelnisches-stadtmuseum.de\/wp-content\/uploads\/2022\/03\/KSM-Stey-2-683x1024.png 683w, https:\/\/www.koelnisches-stadtmuseum.de\/wp-content\/uploads\/2022\/03\/KSM-Stey-2-200x300.png 200w, https:\/\/www.koelnisches-stadtmuseum.de\/wp-content\/uploads\/2022\/03\/KSM-Stey-2.png 694w\" sizes=\"(max-width: 683px) 100vw, 683px\" \/><\/figure>\n<\/div>\n\n\n\n<div class=\"wp-block-column is-vertically-aligned-center is-layout-flow wp-block-column-is-layout-flow\">\n<h3 class=\"wp-block-heading\" id=\"alexandra-stey\">Alexandra Stey<\/h3>\n\n\n\n<p><strong>Gesch\u00e4ftsstelle Freunde und F\u00f6rderer des K\u00f6lnischen Brauchtums e.V.<\/strong><\/p>\n\n\n\n<div class=\"wp-block-group team-details is-layout-flow wp-block-group-is-layout-flow\">\n<p class=\"team-details-front\">0221 \/ 221-23052<br><a href=\"mailto:alexandra.stey@stadt-koeln.de\">alexandra.stey@stadt-koeln.de<\/a><br><br>Webseite&nbsp;<a rel=\"noreferrer noopener\" href=\"https:\/\/koelnisches-brauchtum.de\/\" target=\"_blank\">Freunde und F\u00f6rderer des K\u00f6lnischen Brauchtums e.V.<\/a><\/p>\n\n\n\n<p class=\"team-details-back\">0221 \/ 221-23052<br><a href=\"mailto:alexandra.stey@stadt-koeln.de\">alexandra.stey@stadt-koeln.de<\/a><br><br>Webseite&nbsp;<a rel=\"noreferrer noopener\" href=\"https:\/\/koelnisches-brauchtum.de\/\" target=\"_blank\">Freunde und F\u00f6rderer des K\u00f6lnischen Brauchtums e.V.<\/a><\/p>\n<\/div>\n<\/div>\n<\/div>\n<\/div>\n\n\n\n<div class=\"wp-block-column is-layout-flow wp-block-column-is-layout-flow\"><\/div>\n<\/div>\n\n\n\n<h2 class=\"wp-block-heading\" id=\"bibliothek\">Library<\/h2>\n\n\n\n<div class=\"wp-block-columns is-layout-flex wp-container-core-columns-is-layout-28f84493 wp-block-columns-is-layout-flex\">\n<div class=\"wp-block-column is-layout-flow wp-block-column-is-layout-flow\">\n<div class=\"wp-block-columns is-layout-flex wp-container-core-columns-is-layout-28f84493 wp-block-columns-is-layout-flex\">\n<div class=\"wp-block-column ksm-image-switch is-layout-flow wp-block-column-is-layout-flow\">\n<figure class=\"wp-block-image size-large\"><img decoding=\"async\" width=\"683\" height=\"1024\" src=\"https:\/\/www.koelnisches-stadtmuseum.de\/wp-content\/uploads\/2022\/03\/KSM-Schmitz-1-683x1024.png\" alt=\"Man sieht Frau Schmitz, die Bibliothekarin des Museums. Sie schaut zur Seite. Das Bild ist schwarz-wei\u00df.\" class=\"wp-image-3033\" srcset=\"https:\/\/www.koelnisches-stadtmuseum.de\/wp-content\/uploads\/2022\/03\/KSM-Schmitz-1-683x1024.png 683w, https:\/\/www.koelnisches-stadtmuseum.de\/wp-content\/uploads\/2022\/03\/KSM-Schmitz-1-200x300.png 200w, https:\/\/www.koelnisches-stadtmuseum.de\/wp-content\/uploads\/2022\/03\/KSM-Schmitz-1.png 694w\" sizes=\"(max-width: 683px) 100vw, 683px\" \/><\/figure>\n\n\n\n<figure class=\"wp-block-image size-large\"><img decoding=\"async\" width=\"683\" height=\"1024\" src=\"https:\/\/www.koelnisches-stadtmuseum.de\/wp-content\/uploads\/2022\/03\/KSM-Schmitz-2-683x1024.png\" alt=\"Man sieht Frau Schmitz, die Bibliothekarin des Museums. Sie schaut in die Kamera. Der Bildhintergrund ist rosa.\" class=\"wp-image-3034\" srcset=\"https:\/\/www.koelnisches-stadtmuseum.de\/wp-content\/uploads\/2022\/03\/KSM-Schmitz-2-683x1024.png 683w, https:\/\/www.koelnisches-stadtmuseum.de\/wp-content\/uploads\/2022\/03\/KSM-Schmitz-2-200x300.png 200w, https:\/\/www.koelnisches-stadtmuseum.de\/wp-content\/uploads\/2022\/03\/KSM-Schmitz-2.png 694w\" sizes=\"(max-width: 683px) 100vw, 683px\" \/><\/figure>\n<\/div>\n\n\n\n<div class=\"wp-block-column is-vertically-aligned-center is-layout-flow wp-block-column-is-layout-flow\">\n<h3 class=\"wp-block-heading\" id=\"vanessa-schmitz\">Vanessa Schmitz<\/h3>\n\n\n\n<p><strong>Leitung<\/strong><\/p>\n\n\n\n<div class=\"wp-block-group team-details is-layout-flow wp-block-group-is-layout-flow\">\n<p class=\"team-details-front\">0221 \/ 221-23729<br><a href=\"mailto:vanessa.schmitz@stadt-koeln.de\">vanessa.schmitz@stadt-koeln.de<\/a><\/p>\n\n\n\n<p class=\"team-details-back\">0221 \/ 221-23729<br><a href=\"mailto:vanessa.schmitz@stadt-koeln.de\">vanessa.schmitz@stadt-koeln.de<\/a><\/p>\n<\/div>\n<\/div>\n<\/div>\n<\/div>\n\n\n\n<div class=\"wp-block-column is-layout-flow wp-block-column-is-layout-flow\"><\/div>\n<\/div>\n\n\n\n<h2 class=\"wp-block-heading\" id=\"Bildung-und-Vermittlung\">Education and Mediation<\/h2>\n\n\n\n<div class=\"wp-block-columns is-layout-flex wp-container-core-columns-is-layout-28f84493 wp-block-columns-is-layout-flex\">\n<div class=\"wp-block-column is-layout-flow wp-block-column-is-layout-flow\">\n<div class=\"wp-block-columns is-layout-flex wp-container-core-columns-is-layout-28f84493 wp-block-columns-is-layout-flex\">\n<div class=\"wp-block-column ksm-image-switch is-layout-flow wp-block-column-is-layout-flow\">\n<figure class=\"wp-block-image size-large\"><img decoding=\"async\" width=\"683\" height=\"1024\" src=\"https:\/\/www.koelnisches-stadtmuseum.de\/wp-content\/uploads\/2022\/07\/Ipek-S.-Krutsch-1-683x1024.png\" alt=\"Zu sehen ist Frau Ipek Sirena Krutsch, Leitung Bildung und Vermittlung.\" class=\"wp-image-6108\" srcset=\"https:\/\/www.koelnisches-stadtmuseum.de\/wp-content\/uploads\/2022\/07\/Ipek-S.-Krutsch-1-683x1024.png 683w, https:\/\/www.koelnisches-stadtmuseum.de\/wp-content\/uploads\/2022\/07\/Ipek-S.-Krutsch-1-200x300.png 200w, https:\/\/www.koelnisches-stadtmuseum.de\/wp-content\/uploads\/2022\/07\/Ipek-S.-Krutsch-1.png 694w\" sizes=\"(max-width: 683px) 100vw, 683px\" \/><\/figure>\n\n\n\n<figure class=\"wp-block-image size-large\"><img decoding=\"async\" width=\"683\" height=\"1024\" src=\"https:\/\/www.koelnisches-stadtmuseum.de\/wp-content\/uploads\/2022\/07\/Ipek-S.-Krutsch-2-683x1024.png\" alt=\"Zu sehen ist Frau Ipek Sirena Krutsch, Leitung Bildung und Vermittlung.\" class=\"wp-image-6111\" srcset=\"https:\/\/www.koelnisches-stadtmuseum.de\/wp-content\/uploads\/2022\/07\/Ipek-S.-Krutsch-2-683x1024.png 683w, https:\/\/www.koelnisches-stadtmuseum.de\/wp-content\/uploads\/2022\/07\/Ipek-S.-Krutsch-2-200x300.png 200w, https:\/\/www.koelnisches-stadtmuseum.de\/wp-content\/uploads\/2022\/07\/Ipek-S.-Krutsch-2.png 694w\" sizes=\"(max-width: 683px) 100vw, 683px\" \/><\/figure>\n<\/div>\n\n\n\n<div class=\"wp-block-column is-vertically-aligned-center is-layout-flow wp-block-column-is-layout-flow\">\n<h3 class=\"wp-block-heading\" id=\"vanessa-schmitz\">Ipek Sirena Krutsch<\/h3>\n\n\n\n<p><strong>Leitung<\/strong><\/p>\n\n\n\n<div class=\"wp-block-group team-details is-layout-flow wp-block-group-is-layout-flow\">\n<p>0221 \/ 221-28752<br><a href=\"mailto:vanessa.schmitz@stadt-koeln.de\"><\/a><a href=\"mailto:ipeksirena.krutsch@stadt-koeln.de\" data-type=\"mailto\" data-id=\"mailto:ipeksirena.krutsch@stadt-koeln.de\">ipeksirena.krutsch@stadt-koeln.de<\/a><\/p>\n\n\n\n<p>0221 \/ 221-28752<br><a href=\"mailto:vanessa.schmitz@stadt-koeln.de\"><\/a><a href=\"mailto:ipeksirena.krutsch@stadt-koeln.de\" data-type=\"mailto\" data-id=\"mailto:ipeksirena.krutsch@stadt-koeln.de\">ipeksirena.krutsch@stadt-koeln.de<\/a><\/p>\n<\/div>\n<\/div>\n<\/div>\n<\/div>\n\n\n\n<div class=\"wp-block-column is-layout-flow wp-block-column-is-layout-flow\"><\/div>\n<\/div>\n\n\n\n<h2 class=\"wp-block-heading\" id=\"kommunikation\">Communication<\/h2>\n\n\n\n<div class=\"wp-block-columns is-layout-flex wp-container-core-columns-is-layout-28f84493 wp-block-columns-is-layout-flex\">\n<div class=\"wp-block-column is-layout-flow wp-block-column-is-layout-flow\">\n<div class=\"wp-block-columns is-layout-flex wp-container-core-columns-is-layout-28f84493 wp-block-columns-is-layout-flex\">\n<div class=\"wp-block-column ksm-image-switch is-layout-flow wp-block-column-is-layout-flow\">\n<figure class=\"wp-block-image size-large\"><img decoding=\"async\" width=\"683\" height=\"1024\" src=\"https:\/\/www.koelnisches-stadtmuseum.de\/wp-content\/uploads\/2022\/03\/KSM-Becker-1-683x1024.png\" alt=\"Man sieht Frau Dr. Becker, Zust\u00e4ndig f\u00fcr Marketing und Pressearbeit. Sie schaut zur Seite. Das Bild ist schwarz-wei\u00df.\" class=\"wp-image-3022\" srcset=\"https:\/\/www.koelnisches-stadtmuseum.de\/wp-content\/uploads\/2022\/03\/KSM-Becker-1-683x1024.png 683w, https:\/\/www.koelnisches-stadtmuseum.de\/wp-content\/uploads\/2022\/03\/KSM-Becker-1-200x300.png 200w, https:\/\/www.koelnisches-stadtmuseum.de\/wp-content\/uploads\/2022\/03\/KSM-Becker-1.png 694w\" sizes=\"(max-width: 683px) 100vw, 683px\" \/><\/figure>\n\n\n\n<figure class=\"wp-block-image size-large\"><img decoding=\"async\" width=\"683\" height=\"1024\" src=\"https:\/\/www.koelnisches-stadtmuseum.de\/wp-content\/uploads\/2022\/03\/KSM-Becker-2-683x1024.png\" alt=\"Man sieht Frau Dr. Becker, zust\u00e4ndig f\u00fcr Marketing und Pressearbeit. Sie schaut in die Kamera. Der Bildhintergrund ist gr\u00fcn.\" class=\"wp-image-3023\" srcset=\"https:\/\/www.koelnisches-stadtmuseum.de\/wp-content\/uploads\/2022\/03\/KSM-Becker-2-683x1024.png 683w, https:\/\/www.koelnisches-stadtmuseum.de\/wp-content\/uploads\/2022\/03\/KSM-Becker-2-200x300.png 200w, https:\/\/www.koelnisches-stadtmuseum.de\/wp-content\/uploads\/2022\/03\/KSM-Becker-2.png 694w\" sizes=\"(max-width: 683px) 100vw, 683px\" \/><\/figure>\n<\/div>\n\n\n\n<div class=\"wp-block-column is-vertically-aligned-center is-layout-flow wp-block-column-is-layout-flow\">\n<h3 class=\"wp-block-heading\" id=\"dr-wibke-becker\">Dr. Wibke Becker<\/h3>\n\n\n\n<p><strong>Leitung Marketing und \u00d6ffentlichkeitsarbeit<\/strong><\/p>\n\n\n\n<div class=\"wp-block-group team-details is-layout-flow wp-block-group-is-layout-flow\">\n<p class=\"team-details-front\">0221 \/ 221-23030<br><a href=\"mailto:wibke.becker@stadt-koeln.de\">wibke.becker@stadt-koeln.de<\/a><\/p>\n\n\n\n<p class=\"team-details-back\">0221 \/ 221-23030<br><a href=\"mailto:wibke.becker@stadt-koeln.de\">wibke.becker@stadt-koeln.de<\/a><\/p>\n<\/div>\n<\/div>\n<\/div>\n<\/div>\n\n\n\n<div class=\"wp-block-column is-layout-flow wp-block-column-is-layout-flow\"><\/div>\n<\/div>\n\n\n\n<h2 class=\"wp-block-heading\" id=\"kommunikation\">Funding management<\/h2>\n\n\n\n<div class=\"wp-block-columns is-layout-flex wp-container-core-columns-is-layout-28f84493 wp-block-columns-is-layout-flex\">\n<div class=\"wp-block-column is-layout-flow wp-block-column-is-layout-flow\">\n<div class=\"wp-block-columns is-layout-flex wp-container-core-columns-is-layout-28f84493 wp-block-columns-is-layout-flex\">\n<div class=\"wp-block-column ksm-image-switch is-layout-flow wp-block-column-is-layout-flow\">\n<figure class=\"wp-block-image size-large\"><img decoding=\"async\" width=\"683\" height=\"1024\" src=\"https:\/\/www.koelnisches-stadtmuseum.de\/wp-content\/uploads\/2022\/01\/placeholder-portrait-ksm-683x1024.png\" alt=\"\" class=\"wp-image-3631\" srcset=\"https:\/\/www.koelnisches-stadtmuseum.de\/wp-content\/uploads\/2022\/01\/placeholder-portrait-ksm-683x1024.png 683w, https:\/\/www.koelnisches-stadtmuseum.de\/wp-content\/uploads\/2022\/01\/placeholder-portrait-ksm-200x300.png 200w, https:\/\/www.koelnisches-stadtmuseum.de\/wp-content\/uploads\/2022\/01\/placeholder-portrait-ksm.png 694w\" sizes=\"(max-width: 683px) 100vw, 683px\" \/><\/figure>\n\n\n\n<figure class=\"wp-block-image size-large\"><img decoding=\"async\" width=\"683\" height=\"1024\" src=\"https:\/\/www.koelnisches-stadtmuseum.de\/wp-content\/uploads\/2022\/01\/placeholder-portrait-ksm-switch-683x1024.jpg\" alt=\"\" class=\"wp-image-3633\" srcset=\"https:\/\/www.koelnisches-stadtmuseum.de\/wp-content\/uploads\/2022\/01\/placeholder-portrait-ksm-switch-683x1024.jpg 683w, https:\/\/www.koelnisches-stadtmuseum.de\/wp-content\/uploads\/2022\/01\/placeholder-portrait-ksm-switch-200x300.jpg 200w, https:\/\/www.koelnisches-stadtmuseum.de\/wp-content\/uploads\/2022\/01\/placeholder-portrait-ksm-switch.jpg 694w\" sizes=\"(max-width: 683px) 100vw, 683px\" \/><\/figure>\n<\/div>\n\n\n\n<div class=\"wp-block-column is-vertically-aligned-center is-layout-flow wp-block-column-is-layout-flow\">\n<h3 class=\"wp-block-heading\" id=\"vorname-nachname\">Anne Eckert-M\u00fcnch<\/h3>\n\n\n\n<p><strong>Leitung<\/strong><\/p>\n\n\n\n<div class=\"wp-block-group team-details is-layout-flow wp-block-group-is-layout-flow\">\n<p class=\"team-details-front\">0221 \/ 221-27874<br><a href=\"mailto:anne.eckert-muench@stadt-koeln.de\" data-type=\"mailto\" data-id=\"mailto:anne.eckert-muench@stadt-koeln.de\">anne.eckert-muench@stadt-koeln.de<\/a><\/p>\n\n\n\n<p class=\"team-details-back\">0221 \/ 221-27874<br><a href=\"mailto:anne.eckert-muench@stadt-koeln.de\" data-type=\"mailto\" data-id=\"mailto:anne.eckert-muench@stadt-koeln.de\">anne.eckert-muench@stadt-koeln.de<\/a><\/p>\n<\/div>\n<\/div>\n<\/div>\n<\/div>\n\n\n\n<div class=\"wp-block-column is-layout-flow wp-block-column-is-layout-flow\"><\/div>\n<\/div>\n\n\n\n<h2 class=\"wp-block-heading\" id=\"kommunikation\">Voluntary social year<\/h2>\n\n\n\n<div class=\"wp-block-columns is-layout-flex wp-container-core-columns-is-layout-28f84493 wp-block-columns-is-layout-flex\">\n<div class=\"wp-block-column is-layout-flow wp-block-column-is-layout-flow\">\n<div class=\"wp-block-columns is-layout-flex wp-container-core-columns-is-layout-28f84493 wp-block-columns-is-layout-flex\">\n<div class=\"wp-block-column ksm-image-switch is-layout-flow wp-block-column-is-layout-flow\">\n<figure class=\"wp-block-image size-large\"><img decoding=\"async\" width=\"683\" height=\"1024\" src=\"https:\/\/www.koelnisches-stadtmuseum.de\/wp-content\/uploads\/2026\/01\/roth1-683x1024.png\" alt=\"Portrait von Clara Roth, FSJ\" class=\"wp-image-17353\" srcset=\"https:\/\/www.koelnisches-stadtmuseum.de\/wp-content\/uploads\/2026\/01\/roth1-683x1024.png 683w, https:\/\/www.koelnisches-stadtmuseum.de\/wp-content\/uploads\/2026\/01\/roth1-200x300.png 200w, https:\/\/www.koelnisches-stadtmuseum.de\/wp-content\/uploads\/2026\/01\/roth1-217x325.png 217w, https:\/\/www.koelnisches-stadtmuseum.de\/wp-content\/uploads\/2026\/01\/roth1-434x650.png 434w, https:\/\/www.koelnisches-stadtmuseum.de\/wp-content\/uploads\/2026\/01\/roth1-600x899.png 600w, https:\/\/www.koelnisches-stadtmuseum.de\/wp-content\/uploads\/2026\/01\/roth1-427x640.png 427w, https:\/\/www.koelnisches-stadtmuseum.de\/wp-content\/uploads\/2026\/01\/roth1.png 694w\" sizes=\"(max-width: 683px) 100vw, 683px\" \/><\/figure>\n\n\n\n<figure class=\"wp-block-image size-large\"><img decoding=\"async\" width=\"683\" height=\"1024\" src=\"https:\/\/www.koelnisches-stadtmuseum.de\/wp-content\/uploads\/2026\/01\/roth2-683x1024.png\" alt=\"\" class=\"wp-image-17354\" srcset=\"https:\/\/www.koelnisches-stadtmuseum.de\/wp-content\/uploads\/2026\/01\/roth2-683x1024.png 683w, https:\/\/www.koelnisches-stadtmuseum.de\/wp-content\/uploads\/2026\/01\/roth2-200x300.png 200w, https:\/\/www.koelnisches-stadtmuseum.de\/wp-content\/uploads\/2026\/01\/roth2-217x325.png 217w, https:\/\/www.koelnisches-stadtmuseum.de\/wp-content\/uploads\/2026\/01\/roth2-434x650.png 434w, https:\/\/www.koelnisches-stadtmuseum.de\/wp-content\/uploads\/2026\/01\/roth2-600x899.png 600w, https:\/\/www.koelnisches-stadtmuseum.de\/wp-content\/uploads\/2026\/01\/roth2-427x640.png 427w, https:\/\/www.koelnisches-stadtmuseum.de\/wp-content\/uploads\/2026\/01\/roth2.png 694w\" sizes=\"(max-width: 683px) 100vw, 683px\" \/><\/figure>\n<\/div>\n\n\n\n<div class=\"wp-block-column is-vertically-aligned-center is-layout-flow wp-block-column-is-layout-flow\">\n<h3 class=\"wp-block-heading\" id=\"vorname-nachname\">Clara Roth<\/h3>\n\n\n\n<div class=\"wp-block-group team-details is-layout-flow wp-block-group-is-layout-flow\">\n<p class=\"team-details-front\">0221 \/ 221-24504<br><a href=\"mailto:clara.roth@stadt-koeln.de\" data-type=\"mailto\" data-id=\"mailto:clara.roth@stadt-koeln.de\">clara.roth@stadt-koeln.de<\/a><\/p>\n\n\n\n<p class=\"team-details-back\">0221 \/ 221-24504<br><a href=\"mailto:clara.roth@stadt-koeln.de\" data-type=\"mailto\" data-id=\"mailto:clara.roth@stadt-koeln.de\">clara.roth@stadt-koeln.de<\/a><\/p>\n<\/div>\n<\/div>\n<\/div>\n<\/div>\n\n\n\n<div class=\"wp-block-column is-layout-flow wp-block-column-is-layout-flow\"><\/div>\n<\/div>\n\n\n\n<h2 class=\"wp-block-heading\" id=\"restaurierung\">Restoration<\/h2>\n\n\n\n<div class=\"wp-block-columns is-layout-flex wp-container-core-columns-is-layout-28f84493 wp-block-columns-is-layout-flex\">\n<div class=\"wp-block-column is-layout-flow wp-block-column-is-layout-flow\">\n<div class=\"wp-block-columns is-layout-flex wp-container-core-columns-is-layout-28f84493 wp-block-columns-is-layout-flex\">\n<div class=\"wp-block-column ksm-image-switch is-layout-flow wp-block-column-is-layout-flow\">\n<figure class=\"wp-block-image size-large\"><img decoding=\"async\" width=\"683\" height=\"1024\" src=\"https:\/\/www.koelnisches-stadtmuseum.de\/wp-content\/uploads\/2022\/07\/08c_Steffi-Behrendt-1-683x1024.png\" alt=\"Zu sehen ist Frau Stefanie Behrendt\" class=\"wp-image-6126\" srcset=\"https:\/\/www.koelnisches-stadtmuseum.de\/wp-content\/uploads\/2022\/07\/08c_Steffi-Behrendt-1-683x1024.png 683w, https:\/\/www.koelnisches-stadtmuseum.de\/wp-content\/uploads\/2022\/07\/08c_Steffi-Behrendt-1-200x300.png 200w, https:\/\/www.koelnisches-stadtmuseum.de\/wp-content\/uploads\/2022\/07\/08c_Steffi-Behrendt-1.png 694w\" sizes=\"(max-width: 683px) 100vw, 683px\" \/><\/figure>\n\n\n\n<figure class=\"wp-block-image size-large\"><img decoding=\"async\" width=\"683\" height=\"1024\" src=\"https:\/\/www.koelnisches-stadtmuseum.de\/wp-content\/uploads\/2022\/07\/08c_Steffi-Behrendt-2-683x1024.png\" alt=\"Zu sehen ist Frau Stefanie Behrendt\" class=\"wp-image-6129\" srcset=\"https:\/\/www.koelnisches-stadtmuseum.de\/wp-content\/uploads\/2022\/07\/08c_Steffi-Behrendt-2-683x1024.png 683w, https:\/\/www.koelnisches-stadtmuseum.de\/wp-content\/uploads\/2022\/07\/08c_Steffi-Behrendt-2-200x300.png 200w, https:\/\/www.koelnisches-stadtmuseum.de\/wp-content\/uploads\/2022\/07\/08c_Steffi-Behrendt-2.png 694w\" sizes=\"(max-width: 683px) 100vw, 683px\" \/><\/figure>\n<\/div>\n\n\n\n<div class=\"wp-block-column is-vertically-aligned-center is-layout-flow wp-block-column-is-layout-flow\">\n<h3 class=\"wp-block-heading\" id=\"sabine-eichler\">Stefanie Behrendt<\/h3>\n\n\n\n<p><strong><strong><strong>Papier, Grafik, Leder, Pergament<\/strong><\/strong><\/strong><\/p>\n\n\n\n<div class=\"wp-block-group team-details is-layout-flow wp-block-group-is-layout-flow\">\n<p class=\"team-details-front\">0221 \/ 221-28450<br><a href=\"mailto:sabine.eichler@stadt-koeln.de\"><\/a><a href=\"mailto:sibylle.schmitt@stadt-koeln.de\" data-type=\"mailto\" data-id=\"mailto:sibylle.schmitt@stadt-koeln.de\"><\/a><a href=\"mailto:stefanie.behrendt@stadt-koeln.de\" data-type=\"mailto\" data-id=\"mailto:stefanie.behrendt@stadt-koeln.de\">stefanie.behrendt@stadt-koeln.de<\/a><\/p>\n\n\n\n<p class=\"team-details-back\">0221 \/ 221-28450<br><a href=\"mailto:sabine.eichler@stadt-koeln.de\"><\/a><a href=\"mailto:sibylle.schmitt@stadt-koeln.de\" data-type=\"mailto\" data-id=\"mailto:sibylle.schmitt@stadt-koeln.de\"><\/a><a href=\"mailto:stefanie.behrendt@stadt-koeln.de\" data-type=\"mailto\" data-id=\"mailto:stefanie.behrendt@stadt-koeln.de\">stefanie.behrendt@stadt-koeln.de<\/a><\/p>\n<\/div>\n<\/div>\n<\/div>\n<\/div>\n\n\n\n<div class=\"wp-block-column is-layout-flow wp-block-column-is-layout-flow\">\n<div class=\"wp-block-columns is-layout-flex wp-container-core-columns-is-layout-28f84493 wp-block-columns-is-layout-flex\">\n<div class=\"wp-block-column ksm-image-switch is-layout-flow wp-block-column-is-layout-flow\">\n<figure class=\"wp-block-image size-large\"><img decoding=\"async\" width=\"683\" height=\"1024\" src=\"https:\/\/www.koelnisches-stadtmuseum.de\/wp-content\/uploads\/2023\/06\/ksm-besser-juni23-1-683x1024.jpg\" alt=\"\" class=\"wp-image-10036\" srcset=\"https:\/\/www.koelnisches-stadtmuseum.de\/wp-content\/uploads\/2023\/06\/ksm-besser-juni23-1-683x1024.jpg 683w, https:\/\/www.koelnisches-stadtmuseum.de\/wp-content\/uploads\/2023\/06\/ksm-besser-juni23-1-200x300.jpg 200w, https:\/\/www.koelnisches-stadtmuseum.de\/wp-content\/uploads\/2023\/06\/ksm-besser-juni23-1-217x325.jpg 217w, https:\/\/www.koelnisches-stadtmuseum.de\/wp-content\/uploads\/2023\/06\/ksm-besser-juni23-1-434x650.jpg 434w, https:\/\/www.koelnisches-stadtmuseum.de\/wp-content\/uploads\/2023\/06\/ksm-besser-juni23-1-600x899.jpg 600w, https:\/\/www.koelnisches-stadtmuseum.de\/wp-content\/uploads\/2023\/06\/ksm-besser-juni23-1-427x640.jpg 427w, https:\/\/www.koelnisches-stadtmuseum.de\/wp-content\/uploads\/2023\/06\/ksm-besser-juni23-1.jpg 694w\" sizes=\"(max-width: 683px) 100vw, 683px\" \/><\/figure>\n\n\n\n<figure class=\"wp-block-image size-large\"><img decoding=\"async\" width=\"683\" height=\"1024\" src=\"https:\/\/www.koelnisches-stadtmuseum.de\/wp-content\/uploads\/2023\/06\/ksm-besser-juni23-2-683x1024.jpg\" alt=\"\" class=\"wp-image-10039\" srcset=\"https:\/\/www.koelnisches-stadtmuseum.de\/wp-content\/uploads\/2023\/06\/ksm-besser-juni23-2-683x1024.jpg 683w, https:\/\/www.koelnisches-stadtmuseum.de\/wp-content\/uploads\/2023\/06\/ksm-besser-juni23-2-200x300.jpg 200w, https:\/\/www.koelnisches-stadtmuseum.de\/wp-content\/uploads\/2023\/06\/ksm-besser-juni23-2-217x325.jpg 217w, https:\/\/www.koelnisches-stadtmuseum.de\/wp-content\/uploads\/2023\/06\/ksm-besser-juni23-2-434x650.jpg 434w, https:\/\/www.koelnisches-stadtmuseum.de\/wp-content\/uploads\/2023\/06\/ksm-besser-juni23-2-600x899.jpg 600w, https:\/\/www.koelnisches-stadtmuseum.de\/wp-content\/uploads\/2023\/06\/ksm-besser-juni23-2-427x640.jpg 427w, https:\/\/www.koelnisches-stadtmuseum.de\/wp-content\/uploads\/2023\/06\/ksm-besser-juni23-2.jpg 694w\" sizes=\"(max-width: 683px) 100vw, 683px\" \/><\/figure>\n<\/div>\n\n\n\n<div class=\"wp-block-column is-vertically-aligned-center is-layout-flow wp-block-column-is-layout-flow\">\n<h3 class=\"wp-block-heading\" id=\"berkan-yapici\">J\u00f6rg Borger-Besser<\/h3>\n\n\n\n<p><strong><strong>M\u00f6bel und Holz<\/strong><\/strong><\/p>\n\n\n\n<div class=\"wp-block-group team-details is-layout-flow wp-block-group-is-layout-flow\">\n<p class=\"team-details-front\">0221 \/ 221-24273<br><a href=\"mailto:berkan.yapici@stadt-koeln.de\"><\/a><a href=\"mailto:leonie.korte@stadt-koeln.de\"><\/a><a href=\"mailto:joerg.borger-besser@stadt-koeln.de\" data-type=\"mailto\" data-id=\"mailto:joerg.borger-besser@stadt-koeln.de\">joerg.borger-besser@stadt-koeln.de<\/a><\/p>\n\n\n\n<p class=\"team-details-back\">0221 \/ 221-24273<br><a href=\"mailto:berkan.yapici@stadt-koeln.de\"><\/a><a href=\"mailto:leonie.korte@stadt-koeln.de\"><\/a><a href=\"mailto:joerg.borger-besser@stadt-koeln.de\" data-type=\"mailto\" data-id=\"mailto:joerg.borger-besser@stadt-koeln.de\">joerg.borger-besser@stadt-koeln.de<\/a><\/p>\n<\/div>\n<\/div>\n<\/div>\n<\/div>\n<\/div>\n\n\n\n<div class=\"wp-block-columns is-layout-flex wp-container-core-columns-is-layout-28f84493 wp-block-columns-is-layout-flex\">\n<div class=\"wp-block-column is-layout-flow wp-block-column-is-layout-flow\">\n<div class=\"wp-block-columns is-layout-flex wp-container-core-columns-is-layout-28f84493 wp-block-columns-is-layout-flex\">\n<div class=\"wp-block-column ksm-image-switch is-layout-flow wp-block-column-is-layout-flow\">\n<figure class=\"wp-block-image size-large\"><img decoding=\"async\" width=\"683\" height=\"1024\" src=\"https:\/\/www.koelnisches-stadtmuseum.de\/wp-content\/uploads\/2022\/07\/08i_Leonie-Korte-1-683x1024.png\" alt=\"Zu sehen ist Frau Leonie Korte.\" class=\"wp-image-6120\" srcset=\"https:\/\/www.koelnisches-stadtmuseum.de\/wp-content\/uploads\/2022\/07\/08i_Leonie-Korte-1-683x1024.png 683w, https:\/\/www.koelnisches-stadtmuseum.de\/wp-content\/uploads\/2022\/07\/08i_Leonie-Korte-1-200x300.png 200w, https:\/\/www.koelnisches-stadtmuseum.de\/wp-content\/uploads\/2022\/07\/08i_Leonie-Korte-1.png 694w\" sizes=\"(max-width: 683px) 100vw, 683px\" \/><\/figure>\n\n\n\n<figure class=\"wp-block-image size-large\"><img decoding=\"async\" width=\"683\" height=\"1024\" src=\"https:\/\/www.koelnisches-stadtmuseum.de\/wp-content\/uploads\/2022\/07\/08i_Leonie-Korte-2-683x1024.png\" alt=\"Zu sehen ist Frau Leonie Korte.\" class=\"wp-image-6123\" srcset=\"https:\/\/www.koelnisches-stadtmuseum.de\/wp-content\/uploads\/2022\/07\/08i_Leonie-Korte-2-683x1024.png 683w, https:\/\/www.koelnisches-stadtmuseum.de\/wp-content\/uploads\/2022\/07\/08i_Leonie-Korte-2-200x300.png 200w, https:\/\/www.koelnisches-stadtmuseum.de\/wp-content\/uploads\/2022\/07\/08i_Leonie-Korte-2.png 694w\" sizes=\"(max-width: 683px) 100vw, 683px\" \/><\/figure>\n<\/div>\n\n\n\n<div class=\"wp-block-column is-vertically-aligned-center is-layout-flow wp-block-column-is-layout-flow\">\n<h3 class=\"wp-block-heading\" id=\"berkan-yapici\">Leonie Korte<\/h3>\n\n\n\n<p><strong>Textil<\/strong><\/p>\n\n\n\n<div class=\"wp-block-group team-details is-layout-flow wp-block-group-is-layout-flow\">\n<p class=\"team-details-front\">0221 \/ 221-29514<strong><br><\/strong><a href=\"mailto:berkan.yapici@stadt-koeln.de\"><\/a><a href=\"mailto:leonie.korte@stadt-koeln.de\">leonie.korte@stadt-koeln.de<\/a><\/p>\n\n\n\n<p class=\"team-details-back\">0221 \/ 221-29514<strong><br><\/strong><a href=\"mailto:berkan.yapici@stadt-koeln.de\"><\/a><a href=\"mailto:leonie.korte@stadt-koeln.de\">leonie.korte@stadt-koeln.de<\/a><\/p>\n<\/div>\n<\/div>\n<\/div>\n<\/div>\n\n\n\n<div class=\"wp-block-column is-layout-flow wp-block-column-is-layout-flow\">\n<div class=\"wp-block-columns is-layout-flex wp-container-core-columns-is-layout-28f84493 wp-block-columns-is-layout-flex\">\n<div class=\"wp-block-column is-layout-flow wp-block-column-is-layout-flow\">\n<div class=\"wp-block-columns is-layout-flex wp-container-core-columns-is-layout-28f84493 wp-block-columns-is-layout-flex\">\n<div class=\"wp-block-column ksm-image-switch is-layout-flow wp-block-column-is-layout-flow\">\n<figure class=\"wp-block-image size-large\"><img decoding=\"async\" width=\"683\" height=\"1024\" src=\"https:\/\/www.koelnisches-stadtmuseum.de\/wp-content\/uploads\/2023\/03\/15b-AstridRoth-683x1024.png\" alt=\"Auf dem Bild ist Astrid Roth zu sehen aus dem Team des K\u00f6lnischen Stadtmuseums.\" class=\"wp-image-8739\" srcset=\"https:\/\/www.koelnisches-stadtmuseum.de\/wp-content\/uploads\/2023\/03\/15b-AstridRoth-683x1024.png 683w, https:\/\/www.koelnisches-stadtmuseum.de\/wp-content\/uploads\/2023\/03\/15b-AstridRoth-200x300.png 200w, https:\/\/www.koelnisches-stadtmuseum.de\/wp-content\/uploads\/2023\/03\/15b-AstridRoth-217x325.png 217w, https:\/\/www.koelnisches-stadtmuseum.de\/wp-content\/uploads\/2023\/03\/15b-AstridRoth-434x650.png 434w, https:\/\/www.koelnisches-stadtmuseum.de\/wp-content\/uploads\/2023\/03\/15b-AstridRoth-300x450.png 300w, https:\/\/www.koelnisches-stadtmuseum.de\/wp-content\/uploads\/2023\/03\/15b-AstridRoth-427x640.png 427w, https:\/\/www.koelnisches-stadtmuseum.de\/wp-content\/uploads\/2023\/03\/15b-AstridRoth.png 694w\" sizes=\"(max-width: 683px) 100vw, 683px\" \/><\/figure>\n\n\n\n<figure class=\"wp-block-image size-large\"><img decoding=\"async\" width=\"683\" height=\"1024\" src=\"https:\/\/www.koelnisches-stadtmuseum.de\/wp-content\/uploads\/2023\/03\/15-AstridRoth-683x1024.png\" alt=\"Auf dem Bild ist Astrid Roth zu sehen aus dem Team des K\u00f6lnischen Stadtmuseums.\" class=\"wp-image-8736\" srcset=\"https:\/\/www.koelnisches-stadtmuseum.de\/wp-content\/uploads\/2023\/03\/15-AstridRoth-683x1024.png 683w, https:\/\/www.koelnisches-stadtmuseum.de\/wp-content\/uploads\/2023\/03\/15-AstridRoth-200x300.png 200w, https:\/\/www.koelnisches-stadtmuseum.de\/wp-content\/uploads\/2023\/03\/15-AstridRoth-217x325.png 217w, https:\/\/www.koelnisches-stadtmuseum.de\/wp-content\/uploads\/2023\/03\/15-AstridRoth-434x650.png 434w, https:\/\/www.koelnisches-stadtmuseum.de\/wp-content\/uploads\/2023\/03\/15-AstridRoth-300x450.png 300w, https:\/\/www.koelnisches-stadtmuseum.de\/wp-content\/uploads\/2023\/03\/15-AstridRoth-427x640.png 427w, https:\/\/www.koelnisches-stadtmuseum.de\/wp-content\/uploads\/2023\/03\/15-AstridRoth.png 694w\" sizes=\"(max-width: 683px) 100vw, 683px\" \/><\/figure>\n<\/div>\n\n\n\n<div class=\"wp-block-column is-vertically-aligned-center is-layout-flow wp-block-column-is-layout-flow\">\n<h3 class=\"wp-block-heading\" id=\"vorname-nachname\">Astrid Roth<\/h3>\n\n\n\n<p><strong>Gem\u00e4lde und Skulptur<\/strong><\/p>\n\n\n\n<div class=\"wp-block-group team-details is-layout-flow wp-block-group-is-layout-flow\">\n<p class=\"team-details-front\">0221 \/ 221-32639<br><a href=\"mailto:astrid.roth@stadt-koeln.de\">astrid.roth@stadt-koeln.de<\/a><\/p>\n\n\n\n<p class=\"team-details-back\">0221 \/ 221-32639<br><a href=\"mailto:astrid.roth@stadt-koeln.de\">astrid.roth@stadt-koeln.de<\/a><\/p>\n<\/div>\n<\/div>\n<\/div>\n<\/div>\n<\/div>\n<\/div>\n<\/div>\n\n\n\n<div class=\"wp-block-columns is-layout-flex wp-container-core-columns-is-layout-28f84493 wp-block-columns-is-layout-flex\">\n<div class=\"wp-block-column is-layout-flow wp-block-column-is-layout-flow\" style=\"flex-basis:33.33%\"><\/div>\n\n\n\n<div class=\"wp-block-column is-layout-flow wp-block-column-is-layout-flow\" style=\"flex-basis:66.66%\"><\/div>\n<\/div>\n\n\n\n<div class=\"wp-block-columns is-layout-flex wp-container-core-columns-is-layout-28f84493 wp-block-columns-is-layout-flex\">\n<div class=\"wp-block-column is-layout-flow wp-block-column-is-layout-flow\"><\/div>\n<\/div>\n\n\n\n<div class=\"wp-block-columns is-layout-flex wp-container-core-columns-is-layout-28f84493 wp-block-columns-is-layout-flex\">\n<div class=\"wp-block-column is-layout-flow wp-block-column-is-layout-flow\">\n<div class=\"wp-block-group is-layout-flow wp-block-group-is-layout-flow\">\n<h3 class=\"wp-block-heading\">Hendrik Strelow<\/h3>\n\n\n\n<p><strong>Metall<\/strong><\/p>\n\n\n\n<p>0221 \/ 221-29517<br><a href=\"mailto:hendrik.strelow@stadt-koeln.de\" data-type=\"mailto\" data-id=\"mailto:hendrik.strelow@stadt-koeln.de\">hendrik.strelow@stadt-koeln.de<\/a><\/p>\n<\/div>\n<\/div>\n<\/div>\n\n\n\n<h2 class=\"wp-block-heading\" id=\"verwaltung\"><br>Administration<\/h2>\n\n\n\n<div class=\"wp-block-columns is-layout-flex wp-container-core-columns-is-layout-28f84493 wp-block-columns-is-layout-flex\">\n<div class=\"wp-block-column is-layout-flow wp-block-column-is-layout-flow\">\n<div class=\"wp-block-columns is-layout-flex wp-container-core-columns-is-layout-28f84493 wp-block-columns-is-layout-flex\">\n<div class=\"wp-block-column ksm-image-switch is-layout-flow wp-block-column-is-layout-flow\">\n<figure class=\"wp-block-image size-large\"><img decoding=\"async\" width=\"683\" height=\"1024\" src=\"https:\/\/www.koelnisches-stadtmuseum.de\/wp-content\/uploads\/2022\/03\/KSM-Yapici-1-683x1024.png\" alt=\"Man sieht Herrn Yapici, Mitarbeiter der Verwaltung. Er schaut zur Seite. Das Bild ist schwarz-wei\u00df.\" class=\"wp-image-3017\" srcset=\"https:\/\/www.koelnisches-stadtmuseum.de\/wp-content\/uploads\/2022\/03\/KSM-Yapici-1-683x1024.png 683w, https:\/\/www.koelnisches-stadtmuseum.de\/wp-content\/uploads\/2022\/03\/KSM-Yapici-1-200x300.png 200w, https:\/\/www.koelnisches-stadtmuseum.de\/wp-content\/uploads\/2022\/03\/KSM-Yapici-1.png 694w\" sizes=\"(max-width: 683px) 100vw, 683px\" \/><\/figure>\n\n\n\n<figure class=\"wp-block-image size-large\"><img decoding=\"async\" width=\"683\" height=\"1024\" src=\"https:\/\/www.koelnisches-stadtmuseum.de\/wp-content\/uploads\/2022\/03\/KSM-Yapici-2-683x1024.png\" alt=\"Man sieht Herrn Yapici, Mitarbeiter der Verwaltung. Er schaut in die Kamera. Der Bildhintergrund ist lila.\" class=\"wp-image-3018\" srcset=\"https:\/\/www.koelnisches-stadtmuseum.de\/wp-content\/uploads\/2022\/03\/KSM-Yapici-2-683x1024.png 683w, https:\/\/www.koelnisches-stadtmuseum.de\/wp-content\/uploads\/2022\/03\/KSM-Yapici-2-200x300.png 200w, https:\/\/www.koelnisches-stadtmuseum.de\/wp-content\/uploads\/2022\/03\/KSM-Yapici-2.png 694w\" sizes=\"(max-width: 683px) 100vw, 683px\" \/><\/figure>\n<\/div>\n\n\n\n<div class=\"wp-block-column is-vertically-aligned-center is-layout-flow wp-block-column-is-layout-flow\">\n<h3 class=\"wp-block-heading\" id=\"berkan-yapici\">Berkan Yapici<\/h3>\n\n\n\n<p><strong>Personalsachbearbeitung<\/strong><\/p>\n\n\n\n<div class=\"wp-block-group team-details is-layout-flow wp-block-group-is-layout-flow\">\n<p class=\"team-details-front\">0221 \/ 221-28433<br><a href=\"mailto:berkan.yapici@stadt-koeln.de\">berkan.yapici@stadt-koeln.de<\/a><\/p>\n\n\n\n<p class=\"team-details-back\">0221 \/ 221-28433<br><a href=\"mailto:berkan.yapici@stadt-koeln.de\">berkan.yapici@stadt-koeln.de<\/a><\/p>\n<\/div>\n<\/div>\n<\/div>\n<\/div>\n\n\n\n<div class=\"wp-block-column is-layout-flow wp-block-column-is-layout-flow\">\n<div class=\"wp-block-columns is-layout-flex wp-container-core-columns-is-layout-28f84493 wp-block-columns-is-layout-flex\">\n<div class=\"wp-block-column ksm-image-switch is-layout-flow wp-block-column-is-layout-flow\">\n<figure class=\"wp-block-image size-large\"><img decoding=\"async\" width=\"683\" height=\"1024\" src=\"https:\/\/www.koelnisches-stadtmuseum.de\/wp-content\/uploads\/2023\/06\/ksm-ott-juni23-1-683x1024.jpg\" alt=\"\" class=\"wp-image-10030\" srcset=\"https:\/\/www.koelnisches-stadtmuseum.de\/wp-content\/uploads\/2023\/06\/ksm-ott-juni23-1-683x1024.jpg 683w, https:\/\/www.koelnisches-stadtmuseum.de\/wp-content\/uploads\/2023\/06\/ksm-ott-juni23-1-200x300.jpg 200w, https:\/\/www.koelnisches-stadtmuseum.de\/wp-content\/uploads\/2023\/06\/ksm-ott-juni23-1-217x325.jpg 217w, https:\/\/www.koelnisches-stadtmuseum.de\/wp-content\/uploads\/2023\/06\/ksm-ott-juni23-1-434x650.jpg 434w, https:\/\/www.koelnisches-stadtmuseum.de\/wp-content\/uploads\/2023\/06\/ksm-ott-juni23-1-600x899.jpg 600w, https:\/\/www.koelnisches-stadtmuseum.de\/wp-content\/uploads\/2023\/06\/ksm-ott-juni23-1-427x640.jpg 427w, https:\/\/www.koelnisches-stadtmuseum.de\/wp-content\/uploads\/2023\/06\/ksm-ott-juni23-1.jpg 694w\" sizes=\"(max-width: 683px) 100vw, 683px\" \/><\/figure>\n\n\n\n<figure class=\"wp-block-image size-large\"><img decoding=\"async\" width=\"683\" height=\"1024\" src=\"https:\/\/www.koelnisches-stadtmuseum.de\/wp-content\/uploads\/2023\/06\/ksm-ott-juni23-2-683x1024.jpg\" alt=\"\" class=\"wp-image-10033\" srcset=\"https:\/\/www.koelnisches-stadtmuseum.de\/wp-content\/uploads\/2023\/06\/ksm-ott-juni23-2-683x1024.jpg 683w, https:\/\/www.koelnisches-stadtmuseum.de\/wp-content\/uploads\/2023\/06\/ksm-ott-juni23-2-200x300.jpg 200w, https:\/\/www.koelnisches-stadtmuseum.de\/wp-content\/uploads\/2023\/06\/ksm-ott-juni23-2-217x325.jpg 217w, https:\/\/www.koelnisches-stadtmuseum.de\/wp-content\/uploads\/2023\/06\/ksm-ott-juni23-2-434x650.jpg 434w, https:\/\/www.koelnisches-stadtmuseum.de\/wp-content\/uploads\/2023\/06\/ksm-ott-juni23-2-600x899.jpg 600w, https:\/\/www.koelnisches-stadtmuseum.de\/wp-content\/uploads\/2023\/06\/ksm-ott-juni23-2-427x640.jpg 427w, https:\/\/www.koelnisches-stadtmuseum.de\/wp-content\/uploads\/2023\/06\/ksm-ott-juni23-2.jpg 694w\" sizes=\"(max-width: 683px) 100vw, 683px\" \/><\/figure>\n<\/div>\n\n\n\n<div class=\"wp-block-column is-vertically-aligned-center is-layout-flow wp-block-column-is-layout-flow\">\n<h3 class=\"wp-block-heading\" id=\"vorname-nachname\">Xenia Ott<\/h3>\n\n\n\n<p><strong>Buchhaltung<\/strong><\/p>\n\n\n\n<div class=\"wp-block-group team-details is-layout-flow wp-block-group-is-layout-flow\">\n<p class=\"team-details-front\">0221 \/ 221-26494<br><a href=\"mailto:xenia.ott@stadt-koeln.de\" data-type=\"mailto\" data-id=\"mailto:xenia.ott@stadt-koeln.de\">xenia.ott@stadt-koeln.de<\/a><\/p>\n\n\n\n<p class=\"team-details-back\">0221 \/ 221-26494<br><a href=\"mailto:xenia.ott@stadt-koeln.de\" data-type=\"mailto\" data-id=\"mailto:xenia.ott@stadt-koeln.de\">xenia.ott@stadt-koeln.de<\/a><\/p>\n<\/div>\n<\/div>\n<\/div>\n<\/div>\n<\/div>\n\n\n\n<div class=\"wp-block-group is-layout-flow wp-block-group-is-layout-flow\">\n<div style=\"height:60px\" aria-hidden=\"true\" class=\"wp-block-spacer\"><\/div>\n<\/div>\n\n\n\n<div class=\"wp-block-columns is-layout-flex wp-container-core-columns-is-layout-28f84493 wp-block-columns-is-layout-flex\">\n<div class=\"wp-block-column is-layout-flow wp-block-column-is-layout-flow\">\n<div class=\"wp-block-group is-layout-flow wp-block-group-is-layout-flow\">\n<h3 class=\"wp-block-heading\">Gate<\/h3>\n\n\n\n<p>0221 \/ 221-22205<br><\/p>\n<\/div>\n<\/div>\n<\/div>\n\n\n\n<h2 class=\"wp-block-heading\" id=\"hausverwaltung\">House management<\/h2>\n\n\n\n<div class=\"wp-block-columns is-layout-flex wp-container-core-columns-is-layout-28f84493 wp-block-columns-is-layout-flex\">\n<div class=\"wp-block-column is-layout-flow wp-block-column-is-layout-flow\">\n<div class=\"wp-block-columns is-layout-flex wp-container-core-columns-is-layout-28f84493 wp-block-columns-is-layout-flex\">\n<div class=\"wp-block-column ksm-image-switch is-layout-flow wp-block-column-is-layout-flow\">\n<figure class=\"wp-block-image size-large\"><img decoding=\"async\" width=\"683\" height=\"1024\" src=\"https:\/\/www.koelnisches-stadtmuseum.de\/wp-content\/uploads\/2022\/03\/KSM-Helfmann-1-683x1024.png\" alt=\"Man sieht Frau Helfmann, Mitarbeiterin der Hausverwaltung. Sie schaut zur Seite. Das Bild ist schwarz-wei\u00df.\" class=\"wp-image-3045\" srcset=\"https:\/\/www.koelnisches-stadtmuseum.de\/wp-content\/uploads\/2022\/03\/KSM-Helfmann-1-683x1024.png 683w, https:\/\/www.koelnisches-stadtmuseum.de\/wp-content\/uploads\/2022\/03\/KSM-Helfmann-1-200x300.png 200w, https:\/\/www.koelnisches-stadtmuseum.de\/wp-content\/uploads\/2022\/03\/KSM-Helfmann-1.png 694w\" sizes=\"(max-width: 683px) 100vw, 683px\" \/><\/figure>\n\n\n\n<figure class=\"wp-block-image size-large\"><img decoding=\"async\" width=\"683\" height=\"1024\" src=\"https:\/\/www.koelnisches-stadtmuseum.de\/wp-content\/uploads\/2022\/03\/KSM-Helfmann-2-683x1024.png\" alt=\"Man sieht Frau Helfmann, Mitarbeiterin der Hausverwaltung. Sie schaut in die Kamera. Der Bildhintergrund ist orange.\" class=\"wp-image-3046\" srcset=\"https:\/\/www.koelnisches-stadtmuseum.de\/wp-content\/uploads\/2022\/03\/KSM-Helfmann-2-683x1024.png 683w, https:\/\/www.koelnisches-stadtmuseum.de\/wp-content\/uploads\/2022\/03\/KSM-Helfmann-2-200x300.png 200w, https:\/\/www.koelnisches-stadtmuseum.de\/wp-content\/uploads\/2022\/03\/KSM-Helfmann-2.png 694w\" sizes=\"(max-width: 683px) 100vw, 683px\" \/><\/figure>\n<\/div>\n\n\n\n<div class=\"wp-block-column is-vertically-aligned-center is-layout-flow wp-block-column-is-layout-flow\">\n<h3 class=\"wp-block-heading\" id=\"monika-helfmann\">Monika Helfmann<\/h3>\n\n\n\n<p class=\"is-no-contact\"><strong><strong>Leitung Haustechnik<\/strong><\/strong><\/p>\n\n\n\n<div id=\"is-no-contact\" class=\"wp-block-group team-details is-layout-flow wp-block-group-is-layout-flow\">\n<p>0221 \/ 221-22365<br><a href=\"mailto:monika.helfmann@stadt-koeln.de\"><\/a><a href=\"mailto:monika.helfmann@stadt-koeln.de\">monika.helfmann@stadt-koeln.de<\/a><\/p>\n\n\n\n<p>0221 \/ 221-22365<br><a href=\"mailto:monika.helfmann@stadt-koeln.de\"><\/a><a href=\"mailto:monika.helfmann@stadt-koeln.de\">monika.helfmann@stadt-koeln.de<\/a><\/p>\n<\/div>\n<\/div>\n<\/div>\n<\/div>\n\n\n\n<div class=\"wp-block-column is-layout-flow wp-block-column-is-layout-flow\">\n<div class=\"wp-block-columns is-layout-flex wp-container-core-columns-is-layout-28f84493 wp-block-columns-is-layout-flex\">\n<div class=\"wp-block-column ksm-image-switch is-layout-flow wp-block-column-is-layout-flow\"><\/div>\n\n\n\n<div class=\"wp-block-column is-vertically-aligned-center is-layout-flow wp-block-column-is-layout-flow\"><\/div>\n<\/div>\n<\/div>\n<\/div>\n\n\n\n<div class=\"wp-block-columns is-layout-flex wp-container-core-columns-is-layout-28f84493 wp-block-columns-is-layout-flex\">\n<div class=\"wp-block-column is-layout-flow wp-block-column-is-layout-flow\">\n<div class=\"wp-block-columns is-layout-flex wp-container-core-columns-is-layout-28f84493 wp-block-columns-is-layout-flex\">\n<div class=\"wp-block-column ksm-image-switch is-layout-flow wp-block-column-is-layout-flow\">\n<figure class=\"wp-block-image size-large\"><img decoding=\"async\" width=\"683\" height=\"1024\" src=\"https:\/\/www.koelnisches-stadtmuseum.de\/wp-content\/uploads\/2022\/03\/KSM-Gladbach-1-683x1024.png\" alt=\"Man sieht Frau Gladbach, Mitarbeiterin der Hausverwaltung. Sie schaut zur Seite. Das Bild ist schwarz-wei\u00df.\" class=\"wp-image-3064\" srcset=\"https:\/\/www.koelnisches-stadtmuseum.de\/wp-content\/uploads\/2022\/03\/KSM-Gladbach-1-683x1024.png 683w, https:\/\/www.koelnisches-stadtmuseum.de\/wp-content\/uploads\/2022\/03\/KSM-Gladbach-1-200x300.png 200w, https:\/\/www.koelnisches-stadtmuseum.de\/wp-content\/uploads\/2022\/03\/KSM-Gladbach-1.png 694w\" sizes=\"(max-width: 683px) 100vw, 683px\" \/><\/figure>\n\n\n\n<figure class=\"wp-block-image size-large\"><img decoding=\"async\" width=\"683\" height=\"1024\" src=\"https:\/\/www.koelnisches-stadtmuseum.de\/wp-content\/uploads\/2022\/03\/KSM-Gladbach-2-683x1024.png\" alt=\"Man sieht Frau Gladbach, Mitarbeiterin der Hausverwaltung. Sie schaut in die Kamera. Der Bildhintergrund ist lila.\" class=\"wp-image-3065\" srcset=\"https:\/\/www.koelnisches-stadtmuseum.de\/wp-content\/uploads\/2022\/03\/KSM-Gladbach-2-683x1024.png 683w, https:\/\/www.koelnisches-stadtmuseum.de\/wp-content\/uploads\/2022\/03\/KSM-Gladbach-2-200x300.png 200w, https:\/\/www.koelnisches-stadtmuseum.de\/wp-content\/uploads\/2022\/03\/KSM-Gladbach-2.png 694w\" sizes=\"(max-width: 683px) 100vw, 683px\" \/><\/figure>\n<\/div>\n\n\n\n<div class=\"wp-block-column is-vertically-aligned-center is-layout-flow wp-block-column-is-layout-flow\">\n<h3 class=\"wp-block-heading\" id=\"monika-helfmann\">Heike Gladbach<\/h3>\n\n\n\n<p class=\"is-no-contact\"><strong>Geb\u00e4udetechnik<\/strong><\/p>\n\n\n\n<div id=\"is-no-contact\" class=\"wp-block-group team-details is-layout-flow wp-block-group-is-layout-flow\">\n<p>0221 \/ 221-22365<br><a href=\"mailto:monika.helfmann@stadt-koeln.de\">monika.helfmann@stadt-koeln.de<\/a><\/p>\n\n\n\n<p>0221 \/ 221-22365<br><a href=\"mailto:monika.helfmann@stadt-koeln.de\">monika.helfmann@stadt-koeln.de<\/a><\/p>\n<\/div>\n<\/div>\n<\/div>\n<\/div>\n\n\n\n<div class=\"wp-block-column is-layout-flow wp-block-column-is-layout-flow\">\n<div class=\"wp-block-columns is-layout-flex wp-container-core-columns-is-layout-28f84493 wp-block-columns-is-layout-flex\">\n<div class=\"wp-block-column ksm-image-switch is-layout-flow wp-block-column-is-layout-flow\">\n<figure class=\"wp-block-image size-large\"><img decoding=\"async\" width=\"683\" height=\"1024\" src=\"https:\/\/www.koelnisches-stadtmuseum.de\/wp-content\/uploads\/2022\/03\/KSM-Oezguer-1-683x1024.png\" alt=\"Man sieht Herrn \u00d6zg\u00fcr, Mitarbeiter der Hausverwaltung. Er schaut zur Seite. Das Bild ist schwarz-wei\u00df.\" class=\"wp-image-3068\" srcset=\"https:\/\/www.koelnisches-stadtmuseum.de\/wp-content\/uploads\/2022\/03\/KSM-Oezguer-1-683x1024.png 683w, https:\/\/www.koelnisches-stadtmuseum.de\/wp-content\/uploads\/2022\/03\/KSM-Oezguer-1-200x300.png 200w, https:\/\/www.koelnisches-stadtmuseum.de\/wp-content\/uploads\/2022\/03\/KSM-Oezguer-1.png 694w\" sizes=\"(max-width: 683px) 100vw, 683px\" \/><\/figure>\n\n\n\n<figure class=\"wp-block-image size-large\"><img decoding=\"async\" width=\"683\" height=\"1024\" src=\"https:\/\/www.koelnisches-stadtmuseum.de\/wp-content\/uploads\/2022\/03\/KSM-Oezguer-2-683x1024.png\" alt=\"Man sieht Herrn \u00d6zg\u00fcr, Mitarbeiter der Hausverwaltung. Er schaut in die Kamera. Der Bildhintergrund ist blau.\" class=\"wp-image-3069\" srcset=\"https:\/\/www.koelnisches-stadtmuseum.de\/wp-content\/uploads\/2022\/03\/KSM-Oezguer-2-683x1024.png 683w, https:\/\/www.koelnisches-stadtmuseum.de\/wp-content\/uploads\/2022\/03\/KSM-Oezguer-2-200x300.png 200w, https:\/\/www.koelnisches-stadtmuseum.de\/wp-content\/uploads\/2022\/03\/KSM-Oezguer-2.png 694w\" sizes=\"(max-width: 683px) 100vw, 683px\" \/><\/figure>\n<\/div>\n\n\n\n<div class=\"wp-block-column is-vertically-aligned-center is-layout-flow wp-block-column-is-layout-flow\">\n<h3 class=\"wp-block-heading\" id=\"monika-helfmann\">\u00dcmit \u00d6zg\u00fcr<\/h3>\n\n\n\n<p class=\"is-no-contact\"><strong>Geb\u00e4udetechnik<\/strong><\/p>\n\n\n\n<div id=\"is-no-contact\" class=\"wp-block-group team-details is-layout-flow wp-block-group-is-layout-flow\">\n<p>0221 \/ 221-22365<br><a href=\"mailto:monika.helfmann@stadt-koeln.de\">monika.helfmann@stadt-koeln.de<\/a><\/p>\n\n\n\n<p>0221 \/ 221-22365<br><a href=\"mailto:monika.helfmann@stadt-koeln.de\">monika.helfmann@stadt-koeln.de<\/a><\/p>\n<\/div>\n<\/div>\n<\/div>\n<\/div>\n<\/div>\n\n\n\n<div class=\"wp-block-columns is-layout-flex wp-container-core-columns-is-layout-28f84493 wp-block-columns-is-layout-flex\">\n<div class=\"wp-block-column is-layout-flow wp-block-column-is-layout-flow\">\n<div class=\"wp-block-columns is-layout-flex wp-container-core-columns-is-layout-28f84493 wp-block-columns-is-layout-flex\">\n<div class=\"wp-block-column ksm-image-switch is-layout-flow wp-block-column-is-layout-flow\">\n<figure class=\"wp-block-image size-large\"><img decoding=\"async\" width=\"683\" height=\"1024\" src=\"https:\/\/www.koelnisches-stadtmuseum.de\/wp-content\/uploads\/2022\/03\/KSM-Schankowa-1-683x1024.png\" alt=\"Man sieht Frau Schankowa, Mitarbeiterin der Hausverwaltung. Sie schaut zur Seite. Das Bild ist schwarz-wei\u00df.\" class=\"wp-image-3070\" srcset=\"https:\/\/www.koelnisches-stadtmuseum.de\/wp-content\/uploads\/2022\/03\/KSM-Schankowa-1-683x1024.png 683w, https:\/\/www.koelnisches-stadtmuseum.de\/wp-content\/uploads\/2022\/03\/KSM-Schankowa-1-200x300.png 200w, https:\/\/www.koelnisches-stadtmuseum.de\/wp-content\/uploads\/2022\/03\/KSM-Schankowa-1.png 694w\" sizes=\"(max-width: 683px) 100vw, 683px\" \/><\/figure>\n\n\n\n<figure class=\"wp-block-image size-large\"><img decoding=\"async\" width=\"683\" height=\"1024\" src=\"https:\/\/www.koelnisches-stadtmuseum.de\/wp-content\/uploads\/2022\/03\/KSM-Schankowa-2-683x1024.png\" alt=\"Man sieht Frau Schankowa, Mitarbeiterin der Hausverwaltung. Sie schaut in die Kamera. Der Bildhintergrund ist rosa.\" class=\"wp-image-3071\" srcset=\"https:\/\/www.koelnisches-stadtmuseum.de\/wp-content\/uploads\/2022\/03\/KSM-Schankowa-2-683x1024.png 683w, https:\/\/www.koelnisches-stadtmuseum.de\/wp-content\/uploads\/2022\/03\/KSM-Schankowa-2-200x300.png 200w, https:\/\/www.koelnisches-stadtmuseum.de\/wp-content\/uploads\/2022\/03\/KSM-Schankowa-2.png 694w\" sizes=\"(max-width: 683px) 100vw, 683px\" \/><\/figure>\n<\/div>\n\n\n\n<div class=\"wp-block-column is-vertically-aligned-center is-layout-flow wp-block-column-is-layout-flow\">\n<h3 class=\"wp-block-heading\" id=\"vorname-nachname-1\">Vasvie Chankova<\/h3>\n\n\n\n<p class=\"is-no-contact\"><strong>Geb\u00e4udetechnik<\/strong><\/p>\n\n\n\n<div id=\"is-no-contact\" class=\"wp-block-group team-details is-layout-flow wp-block-group-is-layout-flow\">\n<p>0221 \/ 221-22365<br><a href=\"mailto:vasvie.chankova@stadt-koeln.de\" data-type=\"mailto\" data-id=\"mailto:vasvie.chankova@stadt-koeln.de\">vasvie.chankova@stadt-koeln.de<\/a><\/p>\n\n\n\n<p>0221 \/ 221-22365<br><a href=\"mailto:vasvie.chankova@stadt-koeln.de\" data-type=\"mailto\" data-id=\"mailto:vasvie.chankova@stadt-koeln.de\">vasvie.chankova@stadt-koeln.de<\/a><\/p>\n<\/div>\n<\/div>\n<\/div>\n<\/div>\n\n\n\n<div class=\"wp-block-column is-layout-flow wp-block-column-is-layout-flow\">\n<div class=\"wp-block-columns is-layout-flex wp-container-core-columns-is-layout-28f84493 wp-block-columns-is-layout-flex\">\n<div class=\"wp-block-column ksm-image-switch is-layout-flow wp-block-column-is-layout-flow\">\n<figure class=\"wp-block-image size-large\"><img decoding=\"async\" width=\"683\" height=\"1024\" src=\"https:\/\/www.koelnisches-stadtmuseum.de\/wp-content\/uploads\/2026\/01\/ayvaz1-683x1024.png\" alt=\"\" class=\"wp-image-17355\" srcset=\"https:\/\/www.koelnisches-stadtmuseum.de\/wp-content\/uploads\/2026\/01\/ayvaz1-683x1024.png 683w, https:\/\/www.koelnisches-stadtmuseum.de\/wp-content\/uploads\/2026\/01\/ayvaz1-200x300.png 200w, https:\/\/www.koelnisches-stadtmuseum.de\/wp-content\/uploads\/2026\/01\/ayvaz1-217x325.png 217w, https:\/\/www.koelnisches-stadtmuseum.de\/wp-content\/uploads\/2026\/01\/ayvaz1-434x650.png 434w, https:\/\/www.koelnisches-stadtmuseum.de\/wp-content\/uploads\/2026\/01\/ayvaz1-600x899.png 600w, https:\/\/www.koelnisches-stadtmuseum.de\/wp-content\/uploads\/2026\/01\/ayvaz1-427x640.png 427w, https:\/\/www.koelnisches-stadtmuseum.de\/wp-content\/uploads\/2026\/01\/ayvaz1.png 694w\" sizes=\"(max-width: 683px) 100vw, 683px\" \/><\/figure>\n\n\n\n<figure class=\"wp-block-image size-large\"><img decoding=\"async\" width=\"683\" height=\"1024\" src=\"https:\/\/www.koelnisches-stadtmuseum.de\/wp-content\/uploads\/2026\/01\/ayvaz2-683x1024.png\" alt=\"Portrait von G\u00f6rkem Ayvaz, Hausverwaltung &amp; technischer Dienst\" class=\"wp-image-17356\" srcset=\"https:\/\/www.koelnisches-stadtmuseum.de\/wp-content\/uploads\/2026\/01\/ayvaz2-683x1024.png 683w, https:\/\/www.koelnisches-stadtmuseum.de\/wp-content\/uploads\/2026\/01\/ayvaz2-200x300.png 200w, https:\/\/www.koelnisches-stadtmuseum.de\/wp-content\/uploads\/2026\/01\/ayvaz2-217x325.png 217w, https:\/\/www.koelnisches-stadtmuseum.de\/wp-content\/uploads\/2026\/01\/ayvaz2-434x650.png 434w, https:\/\/www.koelnisches-stadtmuseum.de\/wp-content\/uploads\/2026\/01\/ayvaz2-600x899.png 600w, https:\/\/www.koelnisches-stadtmuseum.de\/wp-content\/uploads\/2026\/01\/ayvaz2-427x640.png 427w, https:\/\/www.koelnisches-stadtmuseum.de\/wp-content\/uploads\/2026\/01\/ayvaz2.png 694w\" sizes=\"(max-width: 683px) 100vw, 683px\" \/><\/figure>\n<\/div>\n\n\n\n<div class=\"wp-block-column is-vertically-aligned-center is-layout-flow wp-block-column-is-layout-flow\">\n<h3 class=\"wp-block-heading\" id=\"vorname-nachname-1\">G\u00f6rkem Ayvaz<\/h3>\n\n\n\n<p class=\"is-no-contact\"><strong>Geb\u00e4udetechnik<\/strong><\/p>\n\n\n\n<div id=\"is-no-contact\" class=\"wp-block-group team-details is-layout-flow wp-block-group-is-layout-flow\">\n<p>0221 \/ 221-22365<br><a href=\"mailto:goerkem.ayvaz@stadt-koeln.de\" data-type=\"mailto\" data-id=\"mailto:goerkem.ayvaz@stadt-koeln.de\">goerkem.ayvaz@stadt-koeln.de<\/a><\/p>\n\n\n\n<p>0221 \/ 221-22365<br><a href=\"mailto:goerkem.ayvaz@stadt-koeln.de\" data-type=\"mailto\" data-id=\"mailto:goerkem.ayvaz@stadt-koeln.de\">goerkem.ayvaz@stadt-koeln.de<\/a><\/p>\n<\/div>\n<\/div>\n<\/div>\n<\/div>\n<\/div>\n\n\n\n<div style=\"height:100px\" aria-hidden=\"true\" class=\"wp-block-spacer\"><\/div>\n\n\n\n<h2 class=\"wp-block-heading\">Friends of the Cologne History Museum e.V.<\/h2>\n\n\n\n<h3 class=\"wp-block-heading\">Vanessa Schmitz<\/h3>\n\n\n\n<p><strong>Office Friends of the Cologne History Museum<\/strong><\/p>\n\n\n\n<p>0221\/221-23729<br><a href=\"mailto:vanessa.schmitz@stadt-koeln.de\" data-type=\"mailto\" data-id=\"mailto:vanessa.schmitz@stadt-koeln.de\" target=\"_blank\" rel=\"noreferrer noopener\">vanessa.schmitz@stadt-koeln.de<\/a><\/p>\n\n\n\n<div style=\"height:100px\" aria-hidden=\"true\" class=\"wp-block-spacer\"><\/div>\n\n\n\n<p>Alle Fotos: \u00a9 Constantin Ehrchen<\/p>\n\n\n\n<hr class=\"wp-block-separator has-css-opacity is-style-wide\"\/>\n\n\n\n<figure class=\"wp-block-image aligncenter size-full\"><a href=\"https:\/\/www.koelnisches-stadtmuseum.de\/en\/visit\/permanent-exhibition\/\"><img decoding=\"async\" width=\"1260\" height=\"200\" src=\"https:\/\/www.koelnisches-stadtmuseum.de\/wp-content\/uploads\/2022\/03\/KSM-Banner-neu-rg.png\" alt=\"Werbebanner. Auf einem rosa Hintergrund steht in gelben Buchstaben &quot;Stadt. Geschichte. Anders.&quot;\" class=\"wp-image-2802\" srcset=\"https:\/\/www.koelnisches-stadtmuseum.de\/wp-content\/uploads\/2022\/03\/KSM-Banner-neu-rg.png 1260w, https:\/\/www.koelnisches-stadtmuseum.de\/wp-content\/uploads\/2022\/03\/KSM-Banner-neu-rg-300x48.png 300w, https:\/\/www.koelnisches-stadtmuseum.de\/wp-content\/uploads\/2022\/03\/KSM-Banner-neu-rg-1024x163.png 1024w, https:\/\/www.koelnisches-stadtmuseum.de\/wp-content\/uploads\/2022\/03\/KSM-Banner-neu-rg-768x122.png 768w\" sizes=\"(max-width: 1260px) 100vw, 1260px\" \/><\/a><\/figure>\n\n\n\n<hr class=\"wp-block-separator has-css-opacity is-style-wide\"\/>\n\n\n\n<div style=\"height:20px\" aria-hidden=\"true\" class=\"wp-block-spacer\"><\/div>\n\n\n\n<div class=\"wp-block-columns is-layout-flex wp-container-core-columns-is-layout-28f84493 wp-block-columns-is-layout-flex\">\n<div class=\"wp-block-column is-vertically-aligned-top is-layout-flow wp-block-column-is-layout-flow\">\n<h2 class=\"wp-block-heading font-plak-black\" id=\"das-studentische-infoteam\" style=\"font-size:3rem\">The student&#8217;s information team<\/h2>\n<\/div>\n\n\n\n<div class=\"wp-block-column is-layout-flow wp-block-column-is-layout-flow\">\n<p style=\"font-size:30px\"><strong>Our young team is available to answer your questions about the city&#8217;s history at any time! <\/strong><\/p>\n\n\n\n<p>In addition to two full-time security guards, 16 students of history and art history now work at the box office and in the supervisory team of Colgne&#8217;s History Museum. Thanks to their professional qualifications, our young team may answer your questions with competence. <\/p>\n\n\n\n<p>\u201eAsk me\u201c is written on the name tags of our info team. We are happy to help! Additionaly our students offer a selection of special themed tours every month.<\/p>\n<\/div>\n<\/div>\n\n\n\n<hr class=\"wp-block-separator has-css-opacity is-style-wide\"\/>\n\n\n\n<div class=\"wp-block-columns is-layout-flex wp-container-core-columns-is-layout-28f84493 wp-block-columns-is-layout-flex\">\n<div class=\"wp-block-column is-vertically-aligned-top is-layout-flow wp-block-column-is-layout-flow\">\n<h2 class=\"wp-block-heading has-text-align-center\" id=\"bildbestellungen\">Photography orders<\/h2>\n\n\n\n<p class=\"has-text-align-center\">The Photography Archive Cologne processes photography orders. <br><br><strong>Contact:<\/strong><br><a href=\"mailto:rba@rbakoeln.de\">rba@rbakoeln.de<\/a><br>0221\/221-22354<br><br><strong>Photography data base<\/strong>:<br><a rel=\"noreferrer noopener\" href=\"https:\/\/www.kulturelles-erbe-koeln.de\/\" data-type=\"URL\" data-id=\"https:\/\/www.kulturelles-erbe-koeln.de\/\" target=\"_blank\">Cultural inheritance Cologne<\/a><br><br><\/p>\n\n\n\n<hr class=\"wp-block-separator has-css-opacity is-style-wide\"\/>\n<\/div>\n<\/div>\n\n\n\n<h2 class=\"wp-block-heading has-text-align-center\">Work groups I and II<\/h2>\n\n\n\n<p>Since 1986, two working groups have supported the projects of the Cologne City Museum. The volunteer members are united by a great interest in Cologne&#8217;s history. At their regular meetings, they continue their education through presentations on historical topics as well as through training courses offered by the team of the Cologne City Museum and the Museumsdienst K\u00f6ln.<\/p>\n\n\n\n<p>During the museum&#8217;s opening hours, the members of the working groups regularly offer free guided tours of the museum. The working groups&#8217; guided tours of the city on historical topics are also popular. All dates can be found in the calendar of events.<\/p>\n\n\n\n<p class=\"has-text-align-center\">Sollten Sie an einer Mitarbeit in einem unserer Arbeitskreise interessiert sein, melden Sie sich gerne unter&nbsp;<a href=\"mailto:ksm@museenkoeln.de\"><\/a><a href=\"mailto:ksm@stadt-koeln.de\">ksm@stadt-koeln.de<\/a>!<\/p>\n\n\n\n\n","protected":false},"excerpt":{"rendered":"<p>The Museum&#8217;s Team You can find all our contacts here.Feel free to reach out! Any questions? Contact us! Cash desk:+49(0)221 221-22398 For general informations:ksm@stadt-koeln.de Management Dr. Matthias Hamann Direktor 0221 \/ 221-25790matthias.hamann@stadt-koeln.de 0221 \/ 221-25790matthias.hamann@stadt-koeln.de&#8230;<\/p>\n","protected":false},"author":7,"featured_media":3635,"parent":0,"menu_order":310,"comment_status":"closed","ping_status":"closed","template":"","meta":{"_acf_changed":false,"footnotes":""},"class_list":["post-4115","page","type-page","status-publish","has-post-thumbnail","hentry","wpbf-post"],"acf":[],"_links":{"self":[{"href":"https:\/\/www.koelnisches-stadtmuseum.de\/en\/wp-json\/wp\/v2\/pages\/4115","targetHints":{"allow":["GET"]}}],"collection":[{"href":"https:\/\/www.koelnisches-stadtmuseum.de\/en\/wp-json\/wp\/v2\/pages"}],"about":[{"href":"https:\/\/www.koelnisches-stadtmuseum.de\/en\/wp-json\/wp\/v2\/types\/page"}],"author":[{"embeddable":true,"href":"https:\/\/www.koelnisches-stadtmuseum.de\/en\/wp-json\/wp\/v2\/users\/7"}],"replies":[{"embeddable":true,"href":"https:\/\/www.koelnisches-stadtmuseum.de\/en\/wp-json\/wp\/v2\/comments?post=4115"}],"version-history":[{"count":56,"href":"https:\/\/www.koelnisches-stadtmuseum.de\/en\/wp-json\/wp\/v2\/pages\/4115\/revisions"}],"predecessor-version":[{"id":17360,"href":"https:\/\/www.koelnisches-stadtmuseum.de\/en\/wp-json\/wp\/v2\/pages\/4115\/revisions\/17360"}],"wp:featuredmedia":[{"embeddable":true,"href":"https:\/\/www.koelnisches-stadtmuseum.de\/en\/wp-json\/wp\/v2\/media\/3635"}],"wp:attachment":[{"href":"https:\/\/www.koelnisches-stadtmuseum.de\/en\/wp-json\/wp\/v2\/media?parent=4115"}],"curies":[{"name":"wp","href":"https:\/\/api.w.org\/{rel}","templated":true}]}}