{"id":14020,"date":"2024-05-02T14:43:52","date_gmt":"2024-05-02T12:43:52","guid":{"rendered":"https:\/\/www.koelnisches-stadtmuseum.de\/?page_id=14020"},"modified":"2025-11-06T09:41:30","modified_gmt":"2025-11-06T08:41:30","slug":"open-space-exhibition-and-event-area","status":"publish","type":"page","link":"https:\/\/www.koelnisches-stadtmuseum.de\/en\/special-exhibition\/open-space-exhibition-and-event-area\/","title":{"rendered":"Open Space \u2013 Exhibition and Event Area"},"content":{"rendered":"\n<figure class=\"wp-block-image size-full\"><img decoding=\"async\" src=\"https:\/\/www.koelnisches-stadtmuseum.de\/wp-content\/uploads\/2024\/09\/Website_Header_Open_Space_P02.svg\" alt=\"Open Space Logo\" class=\"wp-image-15014\"\/><\/figure>\n\n\n\n<div style=\"height:40px\" aria-hidden=\"true\" class=\"wp-block-spacer\"><\/div>\n\n\n\n<p><strong>In our foyer, you\u2019ll now find an additional exhibition and event space that you can visit free of charge: the OPEN SPACE.<\/strong><br><strong><br>In cooperation with Cologne-based partners \u2013 artists, associations, companies, institutions, and initiatives \u2013 we engage in discussions with you about current and future topics of urban society, offering new perspectives on our city!<\/strong><br><\/p>\n\n\n\n<hr class=\"wp-block-separator has-alpha-channel-opacity is-style-wide\"\/>\n\n\n\n<h2 class=\"wp-block-heading\">COLOGNE ON A WINTER\u2019S DAY<br>A winter experience in OPEN SPACE for the whole family!<\/h2>\n\n\n\n<div class=\"wp-block-columns is-layout-flex wp-container-core-columns-is-layout-28f84493 wp-block-columns-is-layout-flex\">\n<div class=\"wp-block-column is-layout-flow wp-block-column-is-layout-flow\" style=\"flex-basis:66.66%\">\n<p>FREE ADMISSION!<br>11.11.25 &#8211; 22.03.2025<br><br>Winter in Cologne has many faces: sometimes it\u2019s so icy that you can see your breath, sometimes it\u2019s all gray and drizzly\u2014and snow is rarity. But one thing is certain: <strong>winter is full of stories!<\/strong><br><br><strong>Come in and find out what the cold season used to be like in Cologne!<\/strong><\/p>\n\n\n\n<p>Immerse yourself in Cologne\u2019s winter landscape with a frozen Rhine, ice floes, and record low temperatures. Find out what people used to do to keep warm in the past\u2014and how sledding, lanterns, and festivals have always brought warmth to the dark days. Try things out yourself! Put your hands in a soft muff, screw open a hot water bottle made of iron, shake a snow globe until it gets stormy inside, and test your skills at table ice curling and buzzer quizzing.<strong>Put on your hat and gloves, and off to the Cologne City Museum!<\/strong><br><br>The accompanying program includes family tours, interactive concerts, and \u201cSnow Globe Magic\u201d workshops.<\/p>\n<\/div>\n\n\n\n<div class=\"wp-block-column is-layout-flow wp-block-column-is-layout-flow\" style=\"flex-basis:33.33%\">\n<figure class=\"wp-block-image size-large\"><img decoding=\"async\" width=\"724\" height=\"1024\" src=\"https:\/\/www.koelnisches-stadtmuseum.de\/wp-content\/uploads\/2025\/11\/WINTER_A1_neu_final_490px-724x1024.webp\" alt=\"\" class=\"wp-image-16968\" srcset=\"https:\/\/www.koelnisches-stadtmuseum.de\/wp-content\/uploads\/2025\/11\/WINTER_A1_neu_final_490px-724x1024.webp 724w, https:\/\/www.koelnisches-stadtmuseum.de\/wp-content\/uploads\/2025\/11\/WINTER_A1_neu_final_490px-212x300.webp 212w, https:\/\/www.koelnisches-stadtmuseum.de\/wp-content\/uploads\/2025\/11\/WINTER_A1_neu_final_490px-768x1087.webp 768w, https:\/\/www.koelnisches-stadtmuseum.de\/wp-content\/uploads\/2025\/11\/WINTER_A1_neu_final_490px-230x325.webp 230w, https:\/\/www.koelnisches-stadtmuseum.de\/wp-content\/uploads\/2025\/11\/WINTER_A1_neu_final_490px-459x650.webp 459w, https:\/\/www.koelnisches-stadtmuseum.de\/wp-content\/uploads\/2025\/11\/WINTER_A1_neu_final_490px-600x849.webp 600w, https:\/\/www.koelnisches-stadtmuseum.de\/wp-content\/uploads\/2025\/11\/WINTER_A1_neu_final_490px-452x640.webp 452w, https:\/\/www.koelnisches-stadtmuseum.de\/wp-content\/uploads\/2025\/11\/WINTER_A1_neu_final_490px.webp 1021w\" sizes=\"(max-width: 724px) 100vw, 724px\" \/><\/figure>\n<\/div>\n<\/div>\n\n\n\n<hr class=\"wp-block-separator has-alpha-channel-opacity is-style-wide\"\/>\n\n\n\n<h2 class=\"wp-block-heading has-wpbf-palette-color-1-color has-text-color has-link-color wp-elements-301531cc230e2bdb54058485382667ba\">EVENTS <a>(in German)<\/a><\/h2>\n\n\n\n<p><strong>Family tours<\/strong>*<br>November 16, 11 a.m.; December 7, January 4, February 1, and March 1: 2 p.m.<\/p>\n\n\n\n<p><strong>Children\u2019s tours<\/strong>* (ages 8 and up)<br>January 18, 2 p.m. and March 8, 11 a.m.<\/p>\n\n\n\n<p><strong>Children\u2019s workshop \u201cSnow Globe Magic: Shake and Marvel\u201d<\/strong><br>December 13, January 24, and February 28, 2 to 4 p.m.Registration on the event pages of koelnisches-stadtmuseum.de or museenkoeln.de, \u20ac9 + \u20ac2 materials<\/p>\n\n\n\n<p><strong>Readings for children and parents<\/strong><br>December 20 + January 10 (\u201cThe Gift of Winter\u201d),<br>February 21 (\u201cThe Little Witch: Winter Magic with Abraxas\u201d), always at 3 p.m.<br>An event in collaboration with LeseWelten e.V.<\/p>\n\n\n\n<p><strong>Cologne sing-along concert for kids and adults \u201cLoss mer singe un spille\u201d<\/strong><br>February 8, 3 p.m.<br>Cologne classics from Bl\u00e4ck F\u00f6\u00f6ss to Kasalla accompanied by ukulele (standing concert)<\/p>\n\n\n\n<p><strong>Sing-along concert to mark the beginning of spring \u201cWinter, ade!\u201d for kids and adults<\/strong><br>March 22, 3 p.m.<br>(standing concert)<\/p>\n\n\n\n<p>* Events organized by the Cologne Museum Service<a id=\"_msocom_1\"><\/a><\/p>\n\n\n\n<hr class=\"wp-block-separator has-alpha-channel-opacity is-style-wide\"\/>\n\n\n\n<h2 class=\"wp-block-heading\">This is what has been on display in the OPEN SPACE so far:<br><br>Artist meets Archive #4<br>Marta Bogda\u0144ska: Footprints on the Sands of Time<\/h2>\n\n\n\n<p><strong>May 16 to June 15, 2025<\/strong><\/p>\n\n\n\n<div class=\"wp-block-columns is-layout-flex wp-container-core-columns-is-layout-28f84493 wp-block-columns-is-layout-flex\">\n<div class=\"wp-block-column is-layout-flow wp-block-column-is-layout-flow\">\n<p class=\"has-wpbf-palette-color-1-color has-text-color has-link-color wp-elements-52a88c0bc312df07dec26b048837017a\">As part of the biennial programme Artist Meets Archive by Internationale Photoszene, the K\u00f6lnisches Stadtmuseum is presenting the works of Polish artist Marta Bogda\u0144ska (*1978) from 16 May to 15 June. And this at two locations with two different exhibition sections: in the Open Space in the museum foyer and in the Photoszene festival centre &#8220;Photo Pavillon. Temporary House of Photography&#8221;, Hahnenstr. 8!   <br><br>Bogda\u0144ska has worked intensively with the museum\u2019s extensive photographic collection. The resulting multimedia project is dedicated to the presence and experiences of animals in urban space and sheds light on the question of which non-human stories are hidden in the photographic collection \u2013 an archive that is made by humans for humans and tends to marginalise the perspective of animals. Can we nevertheless reshape the memory and retell history from the animal perspective? Marta Bogda\u0144ska invites viewers to question their own knowledge and ideas. With the help of various artistic strategies, she opens up new ways of reading the photographic collection of the Cologne City Museum in order to promote an empathetic attitude towards our animal companions in the past and present. <br><br>\u00a9 Marta Bogda\u0144ksa, <em>The Bright Side<\/em>, Collage, Detail, 2025<\/p>\n\n\n\n<p class=\"has-wpbf-palette-color-1-color has-text-color has-link-color wp-elements-a55222a19a9f86d7aedb8587728dbe55\">More about the <a href=\"https:\/\/www.photoszene.de\/de\/artist-programme\/artist-meets-archive-4\/\" target=\"_blank\" rel=\"noreferrer noopener\"><\/a><em><a href=\"https:\/\/www.photoszene.de\/de\/artist-programme\/artist-meets-archive-4\/\" target=\"_blank\" rel=\"noreferrer noopener\">AMA-Festival <\/a><\/em>of the Internationalen Photoszene<br><\/p>\n\n\n\n<p class=\"has-wpbf-palette-color-1-color has-text-color has-link-color wp-elements-a77bb0813082fd57a34295b9959c0dd8\"><br><br><\/p>\n<\/div>\n\n\n\n<div class=\"wp-block-column is-layout-flow wp-block-column-is-layout-flow\">\n<figure class=\"wp-block-image size-large\"><img decoding=\"async\" width=\"694\" height=\"1024\" src=\"https:\/\/www.koelnisches-stadtmuseum.de\/wp-content\/uploads\/2025\/04\/ksm_AMA_KeyVisual_590x870px-694x1024.webp\" alt=\"The image shows the monkey Petermann from the Cologne Zoo in front of an AI-generated jungle.\n\" class=\"wp-image-15959\" srcset=\"https:\/\/www.koelnisches-stadtmuseum.de\/wp-content\/uploads\/2025\/04\/ksm_AMA_KeyVisual_590x870px-694x1024.webp 694w, https:\/\/www.koelnisches-stadtmuseum.de\/wp-content\/uploads\/2025\/04\/ksm_AMA_KeyVisual_590x870px-203x300.webp 203w, https:\/\/www.koelnisches-stadtmuseum.de\/wp-content\/uploads\/2025\/04\/ksm_AMA_KeyVisual_590x870px-768x1133.webp 768w, https:\/\/www.koelnisches-stadtmuseum.de\/wp-content\/uploads\/2025\/04\/ksm_AMA_KeyVisual_590x870px-1041x1536.webp 1041w, https:\/\/www.koelnisches-stadtmuseum.de\/wp-content\/uploads\/2025\/04\/ksm_AMA_KeyVisual_590x870px-220x325.webp 220w, https:\/\/www.koelnisches-stadtmuseum.de\/wp-content\/uploads\/2025\/04\/ksm_AMA_KeyVisual_590x870px-441x650.webp 441w, https:\/\/www.koelnisches-stadtmuseum.de\/wp-content\/uploads\/2025\/04\/ksm_AMA_KeyVisual_590x870px-600x885.webp 600w, https:\/\/www.koelnisches-stadtmuseum.de\/wp-content\/uploads\/2025\/04\/ksm_AMA_KeyVisual_590x870px-434x640.webp 434w, https:\/\/www.koelnisches-stadtmuseum.de\/wp-content\/uploads\/2025\/04\/ksm_AMA_KeyVisual_590x870px.webp 1229w\" sizes=\"(max-width: 694px) 100vw, 694px\" \/><\/figure>\n<\/div>\n<\/div>\n\n\n\n<hr class=\"wp-block-separator has-alpha-channel-opacity is-style-wide\"\/>\n\n\n\n<h3 class=\"wp-block-heading\"><em>Opening hours festival center<\/em><\/h3>\n\n\n\n<p class=\"has-wpbf-palette-color-1-color has-text-color has-link-color wp-elements-1bd275a6be016eb0d13d55decb01b116\"><strong>Photo Pavillon.<\/strong> <strong>Temporary House of Photography<\/strong><br>Hahnenstr. 8<br>50667 K\u00f6ln<br>Opening hours: Monday &#8211; Sunday 11-20 h<\/p>\n\n\n\n<hr class=\"wp-block-separator has-alpha-channel-opacity is-style-wide\"\/>\n\n\n\n<h3 class=\"wp-block-heading\"><em>Events<\/em><\/h3>\n\n\n\n<p><strong>Save the Date!<\/strong> <\/p>\n\n\n\n<p><strong>Saturday, May 17, 7 to 8 p.m.:<\/strong> <strong>Spot On! English-speaking guided tour with Marta Bogda\u0144ska<\/strong> and the Head of the Museum\u2019s Graphic Collection, Dr. Volker Hille<br>Location: Photo Pavilion. Temporary House of Photography, Hahnenstra\u00dfe 8 (Admission: \u20ac7, reduced \u20ac5)<\/p>\n\n\n\n<p><strong>Sunday, May 18, 2:30 to 4 p.m.:<\/strong> <strong>Spot On! English-speaking guided tour with Marta Bogda\u0144ska<\/strong> and the Head of the Museum\u2019s Graphic Collection, Dr. Volker Hille<br>Meeting point: OPEN SPACE, K\u00f6lnisches Stadtmuseum, followed by approx. 30-minute walk together to the Photo Pavilion. Temporary House of Photography, Hahnenstra\u00dfe 8<\/p>\n\n\n\n<p><strong>Wednesday, May 21, 12 to 12:30 p.m.:<\/strong> <strong>30-minute lunchtime tour<\/strong> with the curator and Head of the Graphic Collection, Dr. Volker Hille<br>Meeting point: OPEN SPACE, K\u00f6lnisches Stadtmuseum<\/p>\n\n\n\n<p><strong>Wednesday, May 28, 5 p.m.:<\/strong> <strong>Archive tour<\/strong> with the curator and Head of the Graphic Collection, Dr. Volker Hille<br>Discover the historical original photos and many other treasures of the extensive photographic collection of the K\u00f6lnisches Stadtmuseum and learn exciting background information about the AMA project by Marta Bogda\u0144ska!<br>Attention: limited number of participants, only by registration at <a href=\"mailto:anmeldung@photoszene.de\" data-type=\"mailto\" data-id=\"mailto:anmeldung@photoszene.de\">anmeldung@photoszene.de<\/a><br>Meeting point: Ticket counter, museum foyer<\/p>\n\n\n\n<p><strong>Thursday, June 5, 7 p.m.:<\/strong> <strong>Exhibition tour<\/strong> with the curator and Head of the Graphic Collection, Dr. Volker Hille<br>Location: Photo Pavilion. Temporary House of Photography, Hahnenstra\u00dfe 8 (Admission: \u20ac7, reduced \u20ac5)<\/p>\n\n\n\n<p><strong>Thursday, June 12, 6 p.m.:<\/strong> <strong>Exhibition tour<\/strong> with the curator and Head of the Graphic Collection, Dr. Volker Hille<br>Location: Photo Pavilion. Temporary House of Photography, Hahnenstra\u00dfe 8 (Admission: \u20ac7, reduced \u20ac5)<\/p>\n\n\n\n<p><strong>Sunday, June 15, 2:30 p.m.:<\/strong> <strong>Exhibition tour<\/strong> at two locations with the curator and Head of the Graphic Collection, Dr. Volker Hille<br>Meeting point: Photo Pavilion. Temporary House of Photography, Hahnenstra\u00dfe 8, followed by approx. 30-minute walk to the K\u00f6lnisches Stadtmuseum (Admission: \u20ac7, reduced \u20ac5)<\/p>\n\n\n\n<hr class=\"wp-block-separator has-alpha-channel-opacity is-style-wide\"\/>\n\n\n\n<h2 class=\"wp-block-heading\">What else was on in our OPEN SPACE? A look back:<\/h2>\n\n\n\n<p><strong>The Holy Night in the middle of Cologne? The K\u00f6lnische Stadtmuseum at the 29th Cologne Nativity Scene Trail!<\/strong><\/p>\n\n\n\n<p><strong>November 30, 2024 to January 12, 2025<\/strong><\/p>\n\n\n\n<div class=\"wp-block-columns is-layout-flex wp-container-core-columns-is-layout-28f84493 wp-block-columns-is-layout-flex\">\n<div class=\"wp-block-column is-layout-flow wp-block-column-is-layout-flow\">\n<p>The K\u00f6lnische Stadtmuseum is once again a special stop on this year\u2019s 29th Cologne Nativity Scene Trail \u2013 featuring a nativity scene that tells the story of the Holy Night <strong>in K\u00f6lsch dialect<\/strong>.<\/p>\n\n\n\n<p>Our lovingly designed nativity panorama places the Christmas story right in the middle of <strong>Alter Markt<\/strong>. The Christ Child is born in a flower stall, surrounded by charming townhouses \u2013 and iconic Cologne characters. Alongside fictional figures like H\u00e4nneschen and B\u00e4rbelchen, historically documented Cologne originals such as the eccentric Maler Bock or the notorious L\u00e4sche Nas gaze in wonder at the newborn.<\/p>\n\n\n\n<p>Look forward to a nativity panorama full of surprises and Cologne-style stories!<\/p>\n\n\n\n<p>In harmony with the nativity scene set up in the OPEN SPACE, we\u2019ve also created a festive display in our shop windows. Those who peek through the mysterious \u201cpeepholes\u201d will be rewarded with atmospheric historical photographs of a snow-covered Alter Markt.<br><br><strong>Gl\u00f6cksillig Chressfess!<\/strong><\/p>\n<\/div>\n\n\n\n<div class=\"wp-block-column is-layout-flow wp-block-column-is-layout-flow\">\n<figure class=\"wp-block-image size-start-grid-3-2\"><img decoding=\"async\" width=\"459\" height=\"640\" src=\"https:\/\/www.koelnisches-stadtmuseum.de\/wp-content\/uploads\/2024\/12\/241126-KSM-Krippe-Postkarte-A6-PRINT-1-459x640.jpg\" alt=\"Die Abbildung zeigt eine graphische gestaltete Postkarte mit Weihnachtsb\u00e4umen und einer H\u00e4nneschen-M\u00fctze\" class=\"wp-image-15414\" srcset=\"https:\/\/www.koelnisches-stadtmuseum.de\/wp-content\/uploads\/2024\/12\/241126-KSM-Krippe-Postkarte-A6-PRINT-1-459x640.jpg 459w, https:\/\/www.koelnisches-stadtmuseum.de\/wp-content\/uploads\/2024\/12\/241126-KSM-Krippe-Postkarte-A6-PRINT-1-215x300.jpg 215w, https:\/\/www.koelnisches-stadtmuseum.de\/wp-content\/uploads\/2024\/12\/241126-KSM-Krippe-Postkarte-A6-PRINT-1-734x1024.jpg 734w, https:\/\/www.koelnisches-stadtmuseum.de\/wp-content\/uploads\/2024\/12\/241126-KSM-Krippe-Postkarte-A6-PRINT-1-768x1071.jpg 768w, https:\/\/www.koelnisches-stadtmuseum.de\/wp-content\/uploads\/2024\/12\/241126-KSM-Krippe-Postkarte-A6-PRINT-1-1101x1536.jpg 1101w, https:\/\/www.koelnisches-stadtmuseum.de\/wp-content\/uploads\/2024\/12\/241126-KSM-Krippe-Postkarte-A6-PRINT-1-233x325.jpg 233w, https:\/\/www.koelnisches-stadtmuseum.de\/wp-content\/uploads\/2024\/12\/241126-KSM-Krippe-Postkarte-A6-PRINT-1-466x650.jpg 466w, https:\/\/www.koelnisches-stadtmuseum.de\/wp-content\/uploads\/2024\/12\/241126-KSM-Krippe-Postkarte-A6-PRINT-1-600x837.jpg 600w, https:\/\/www.koelnisches-stadtmuseum.de\/wp-content\/uploads\/2024\/12\/241126-KSM-Krippe-Postkarte-A6-PRINT-1.jpg 1287w\" sizes=\"(max-width: 459px) 100vw, 459px\" \/><\/figure>\n<\/div>\n<\/div>\n\n\n\n<p><strong>Our nativity scene in detail:<\/strong><\/p>\n\n\n\n<figure class=\"wp-block-gallery has-nested-images columns-default is-cropped wp-block-gallery-1 is-layout-flex wp-block-gallery-is-layout-flex\">\n<figure class=\"wp-block-image size-large\"><img decoding=\"async\" width=\"1024\" height=\"682\" data-id=\"15431\" src=\"https:\/\/www.koelnisches-stadtmuseum.de\/wp-content\/uploads\/2024\/12\/2024-12-02-ConstantinEhrchen-Krippe-12-1024x682.jpg\" alt=\"Das Bild zeigt ein Detail der Krippe. Hier H\u00e4nneschen und B\u00e4rbelchen und das Jesuskind. \" class=\"wp-image-15431\" srcset=\"https:\/\/www.koelnisches-stadtmuseum.de\/wp-content\/uploads\/2024\/12\/2024-12-02-ConstantinEhrchen-Krippe-12-1024x682.jpg 1024w, https:\/\/www.koelnisches-stadtmuseum.de\/wp-content\/uploads\/2024\/12\/2024-12-02-ConstantinEhrchen-Krippe-12-300x200.jpg 300w, https:\/\/www.koelnisches-stadtmuseum.de\/wp-content\/uploads\/2024\/12\/2024-12-02-ConstantinEhrchen-Krippe-12-768x512.jpg 768w, https:\/\/www.koelnisches-stadtmuseum.de\/wp-content\/uploads\/2024\/12\/2024-12-02-ConstantinEhrchen-Krippe-12-1536x1024.jpg 1536w, https:\/\/www.koelnisches-stadtmuseum.de\/wp-content\/uploads\/2024\/12\/2024-12-02-ConstantinEhrchen-Krippe-12-600x400.jpg 600w, https:\/\/www.koelnisches-stadtmuseum.de\/wp-content\/uploads\/2024\/12\/2024-12-02-ConstantinEhrchen-Krippe-12-488x325.jpg 488w, https:\/\/www.koelnisches-stadtmuseum.de\/wp-content\/uploads\/2024\/12\/2024-12-02-ConstantinEhrchen-Krippe-12-620x413.jpg 620w, https:\/\/www.koelnisches-stadtmuseum.de\/wp-content\/uploads\/2024\/12\/2024-12-02-ConstantinEhrchen-Krippe-12.jpg 2000w\" sizes=\"(max-width: 1024px) 100vw, 1024px\" \/><\/figure>\n\n\n\n<figure class=\"wp-block-image size-large\"><img decoding=\"async\" width=\"1024\" height=\"682\" data-id=\"15422\" src=\"https:\/\/www.koelnisches-stadtmuseum.de\/wp-content\/uploads\/2024\/12\/2024-12-02-ConstantinEhrchen-Krippe-3-1024x682.jpg\" alt=\"Das Bild zeigt ein Detail der Krippe. Hier Jan van Werth, der legend\u00e4re Reitergeneral.  \" class=\"wp-image-15422\" srcset=\"https:\/\/www.koelnisches-stadtmuseum.de\/wp-content\/uploads\/2024\/12\/2024-12-02-ConstantinEhrchen-Krippe-3-1024x682.jpg 1024w, https:\/\/www.koelnisches-stadtmuseum.de\/wp-content\/uploads\/2024\/12\/2024-12-02-ConstantinEhrchen-Krippe-3-300x200.jpg 300w, https:\/\/www.koelnisches-stadtmuseum.de\/wp-content\/uploads\/2024\/12\/2024-12-02-ConstantinEhrchen-Krippe-3-768x512.jpg 768w, https:\/\/www.koelnisches-stadtmuseum.de\/wp-content\/uploads\/2024\/12\/2024-12-02-ConstantinEhrchen-Krippe-3-1536x1024.jpg 1536w, https:\/\/www.koelnisches-stadtmuseum.de\/wp-content\/uploads\/2024\/12\/2024-12-02-ConstantinEhrchen-Krippe-3-600x400.jpg 600w, https:\/\/www.koelnisches-stadtmuseum.de\/wp-content\/uploads\/2024\/12\/2024-12-02-ConstantinEhrchen-Krippe-3-488x325.jpg 488w, https:\/\/www.koelnisches-stadtmuseum.de\/wp-content\/uploads\/2024\/12\/2024-12-02-ConstantinEhrchen-Krippe-3-620x413.jpg 620w, https:\/\/www.koelnisches-stadtmuseum.de\/wp-content\/uploads\/2024\/12\/2024-12-02-ConstantinEhrchen-Krippe-3.jpg 2000w\" sizes=\"(max-width: 1024px) 100vw, 1024px\" \/><\/figure>\n\n\n\n<figure class=\"wp-block-image size-large\"><img decoding=\"async\" width=\"1024\" height=\"462\" data-id=\"15425\" src=\"https:\/\/www.koelnisches-stadtmuseum.de\/wp-content\/uploads\/2024\/12\/2024-12-02-ConstantinEhrchen-Krippe-2-1-1024x462.jpg\" alt=\"Das Foto zeigt einen \u00dcberblick \u00fcber die Krippe.\" class=\"wp-image-15425\" srcset=\"https:\/\/www.koelnisches-stadtmuseum.de\/wp-content\/uploads\/2024\/12\/2024-12-02-ConstantinEhrchen-Krippe-2-1-1024x462.jpg 1024w, https:\/\/www.koelnisches-stadtmuseum.de\/wp-content\/uploads\/2024\/12\/2024-12-02-ConstantinEhrchen-Krippe-2-1-300x135.jpg 300w, https:\/\/www.koelnisches-stadtmuseum.de\/wp-content\/uploads\/2024\/12\/2024-12-02-ConstantinEhrchen-Krippe-2-1-768x347.jpg 768w, https:\/\/www.koelnisches-stadtmuseum.de\/wp-content\/uploads\/2024\/12\/2024-12-02-ConstantinEhrchen-Krippe-2-1-1536x694.jpg 1536w, https:\/\/www.koelnisches-stadtmuseum.de\/wp-content\/uploads\/2024\/12\/2024-12-02-ConstantinEhrchen-Krippe-2-1-620x280.jpg 620w, https:\/\/www.koelnisches-stadtmuseum.de\/wp-content\/uploads\/2024\/12\/2024-12-02-ConstantinEhrchen-Krippe-2-1-600x271.jpg 600w, https:\/\/www.koelnisches-stadtmuseum.de\/wp-content\/uploads\/2024\/12\/2024-12-02-ConstantinEhrchen-Krippe-2-1.jpg 2000w\" sizes=\"(max-width: 1024px) 100vw, 1024px\" \/><\/figure>\n<\/figure>\n\n\n\n<p>Photos: C. Ehrchen<\/p>\n\n\n\n<hr class=\"wp-block-separator has-alpha-channel-opacity is-style-wide\"\/>\n\n\n\n<div style=\"height:24px\" aria-hidden=\"true\" class=\"wp-block-spacer\"><\/div>\n\n\n\n<div class=\"wp-block-columns is-layout-flex wp-container-core-columns-is-layout-28f84493 wp-block-columns-is-layout-flex\">\n<div class=\"wp-block-column is-layout-flow wp-block-column-is-layout-flow\">\n<p><strong>COLLECTING PASSION. Wallraf for Cologne<\/strong><br>September 27 to November 24, 2024<\/p>\n\n\n\n<p>With his collection\u2014over 40,000 artworks and historical objects\u2014Wallraf laid the foundation for Cologne\u2019s museums.<br>But we\u2019re not just focusing on this obsessive collector: Stop by and discover what prominent Cologne personalities\u2014such as musician Wolfgang Niedecken or former Cathedral Master Builder Prof. Dr. Barbara Schock-Werner\u2014collect today: from curiosities to everyday items, from lightning strikes to \u201cWeckm\u00e4nner\u201d (traditional German pastry figures)!<\/p>\n\n\n\n<p><strong>The best part: You can take part yourself!<\/strong><br><br>What do you collect? Become part of the OPEN SPACE with your treasures!<br>Post photos of your favorite items on Instagram using <strong>#k\u00f6lnsammelt<br><\/strong>Or send them to us at: <strong>Social-Media-Team@stadt-koeln.de<\/strong> <br><br>Everything is welcome: sneakers, handbags, shells, marbles, comics, watches, autograph cards, bicycle tires\u2026 <\/p>\n<\/div>\n\n\n\n<div class=\"wp-block-column is-layout-flow wp-block-column-is-layout-flow\">\n<figure class=\"wp-block-image size-full\"><img decoding=\"async\" width=\"625\" height=\"833\" src=\"https:\/\/www.koelnisches-stadtmuseum.de\/wp-content\/uploads\/2024\/09\/Website_Kachel_Wallraf_300x400_150dpi.webp\" alt=\"\" class=\"wp-image-15001\" srcset=\"https:\/\/www.koelnisches-stadtmuseum.de\/wp-content\/uploads\/2024\/09\/Website_Kachel_Wallraf_300x400_150dpi.webp 625w, https:\/\/www.koelnisches-stadtmuseum.de\/wp-content\/uploads\/2024\/09\/Website_Kachel_Wallraf_300x400_150dpi-225x300.webp 225w, https:\/\/www.koelnisches-stadtmuseum.de\/wp-content\/uploads\/2024\/09\/Website_Kachel_Wallraf_300x400_150dpi-244x325.webp 244w, https:\/\/www.koelnisches-stadtmuseum.de\/wp-content\/uploads\/2024\/09\/Website_Kachel_Wallraf_300x400_150dpi-488x650.webp 488w, https:\/\/www.koelnisches-stadtmuseum.de\/wp-content\/uploads\/2024\/09\/Website_Kachel_Wallraf_300x400_150dpi-600x800.webp 600w, https:\/\/www.koelnisches-stadtmuseum.de\/wp-content\/uploads\/2024\/09\/Website_Kachel_Wallraf_300x400_150dpi-480x640.webp 480w\" sizes=\"(max-width: 625px) 100vw, 625px\" \/><\/figure>\n<\/div>\n<\/div>\n\n\n\n<div style=\"height:32px\" aria-hidden=\"true\" class=\"wp-block-spacer\"><\/div>\n\n\n\n<div class=\"wp-block-columns is-layout-flex wp-container-core-columns-is-layout-28f84493 wp-block-columns-is-layout-flex\">\n<div class=\"wp-block-column is-layout-flow wp-block-column-is-layout-flow\">\n<div class=\"wp-block-columns is-layout-flex wp-container-core-columns-is-layout-28f84493 wp-block-columns-is-layout-flex\">\n<div class=\"wp-block-column is-layout-flow wp-block-column-is-layout-flow\">\n<figure class=\"wp-block-image size-full is-resized\"><img decoding=\"async\" src=\"https:\/\/www.koelnisches-stadtmuseum.de\/wp-content\/uploads\/2024\/09\/und_was_sammelt_ihr.svg\" alt=\"\" class=\"wp-image-15019\" style=\"width:300px\"\/><\/figure>\n<\/div>\n\n\n\n<div class=\"wp-block-column is-layout-flow wp-block-column-is-layout-flow\">\n<p>And then come by and see your collection digitally displayed at the museum starting September 27!<\/p>\n\n\n\n<div class=\"wp-block-buttons is-layout-flex wp-block-buttons-is-layout-flex\">\n<div class=\"wp-block-button is-style-outline is-style-outline--2\"><a class=\"wp-block-button__link wp-element-button\" href=\"https:\/\/www.instagram.com\/p\/C_dt8zWudgC\/\" target=\"_blank\" rel=\"noreferrer noopener\">More informations<\/a><\/div>\n<\/div>\n<\/div>\n<\/div>\n\n\n\n\n<\/div>\n<\/div>\n\n\n\n<div style=\"height:36px\" aria-hidden=\"true\" class=\"wp-block-spacer\"><\/div>\n\n\n\n<figure class=\"wp-block-gallery has-nested-images columns-default is-cropped wp-block-gallery-3 is-layout-flex wp-block-gallery-is-layout-flex\">\n<figure class=\"wp-block-image size-large\"><img decoding=\"async\" width=\"1024\" height=\"684\" data-id=\"15088\" src=\"https:\/\/www.koelnisches-stadtmuseum.de\/wp-content\/uploads\/2024\/09\/3b_Insta-Wall-mit-Beitraegen-der-Stadtbevoelkerung-1024x684.jpg\" alt=\"Bildschrim mit Instagram-Screenshot.\" class=\"wp-image-15088\" srcset=\"https:\/\/www.koelnisches-stadtmuseum.de\/wp-content\/uploads\/2024\/09\/3b_Insta-Wall-mit-Beitraegen-der-Stadtbevoelkerung-1024x684.jpg 1024w, https:\/\/www.koelnisches-stadtmuseum.de\/wp-content\/uploads\/2024\/09\/3b_Insta-Wall-mit-Beitraegen-der-Stadtbevoelkerung-300x200.jpg 300w, https:\/\/www.koelnisches-stadtmuseum.de\/wp-content\/uploads\/2024\/09\/3b_Insta-Wall-mit-Beitraegen-der-Stadtbevoelkerung-768x513.jpg 768w, https:\/\/www.koelnisches-stadtmuseum.de\/wp-content\/uploads\/2024\/09\/3b_Insta-Wall-mit-Beitraegen-der-Stadtbevoelkerung-600x401.jpg 600w, https:\/\/www.koelnisches-stadtmuseum.de\/wp-content\/uploads\/2024\/09\/3b_Insta-Wall-mit-Beitraegen-der-Stadtbevoelkerung-487x325.jpg 487w, https:\/\/www.koelnisches-stadtmuseum.de\/wp-content\/uploads\/2024\/09\/3b_Insta-Wall-mit-Beitraegen-der-Stadtbevoelkerung-620x414.jpg 620w, https:\/\/www.koelnisches-stadtmuseum.de\/wp-content\/uploads\/2024\/09\/3b_Insta-Wall-mit-Beitraegen-der-Stadtbevoelkerung.jpg 1300w\" sizes=\"(max-width: 1024px) 100vw, 1024px\" \/><figcaption class=\"wp-element-caption\">Foto: C. Ehrchen<\/figcaption><\/figure>\n\n\n\n<figure class=\"wp-block-image size-large\"><img decoding=\"async\" width=\"1024\" height=\"684\" data-id=\"15085\" src=\"https:\/\/www.koelnisches-stadtmuseum.de\/wp-content\/uploads\/2024\/09\/3_Die-Farbstoecker-von-Wolfang-F.-Niedecken-1024x684.jpg\" alt=\"Detailaufnahme von farbig bemalten St\u00f6cken.\" class=\"wp-image-15085\" srcset=\"https:\/\/www.koelnisches-stadtmuseum.de\/wp-content\/uploads\/2024\/09\/3_Die-Farbstoecker-von-Wolfang-F.-Niedecken-1024x684.jpg 1024w, https:\/\/www.koelnisches-stadtmuseum.de\/wp-content\/uploads\/2024\/09\/3_Die-Farbstoecker-von-Wolfang-F.-Niedecken-300x200.jpg 300w, https:\/\/www.koelnisches-stadtmuseum.de\/wp-content\/uploads\/2024\/09\/3_Die-Farbstoecker-von-Wolfang-F.-Niedecken-768x513.jpg 768w, https:\/\/www.koelnisches-stadtmuseum.de\/wp-content\/uploads\/2024\/09\/3_Die-Farbstoecker-von-Wolfang-F.-Niedecken-600x401.jpg 600w, https:\/\/www.koelnisches-stadtmuseum.de\/wp-content\/uploads\/2024\/09\/3_Die-Farbstoecker-von-Wolfang-F.-Niedecken-487x325.jpg 487w, https:\/\/www.koelnisches-stadtmuseum.de\/wp-content\/uploads\/2024\/09\/3_Die-Farbstoecker-von-Wolfang-F.-Niedecken-620x414.jpg 620w, https:\/\/www.koelnisches-stadtmuseum.de\/wp-content\/uploads\/2024\/09\/3_Die-Farbstoecker-von-Wolfang-F.-Niedecken.jpg 1300w\" sizes=\"(max-width: 1024px) 100vw, 1024px\" \/><figcaption class=\"wp-element-caption\">Foto: C. Ehrchen<\/figcaption><\/figure>\n\n\n\n<figure class=\"wp-block-image size-large\"><img decoding=\"async\" width=\"1024\" height=\"684\" data-id=\"15082\" src=\"https:\/\/www.koelnisches-stadtmuseum.de\/wp-content\/uploads\/2024\/09\/2a_Blick-in-die-Ausstellung-1024x684.jpg\" alt=\"Eine Frau steht vor einem Ausstellungsst\u00fcck.\" class=\"wp-image-15082\" srcset=\"https:\/\/www.koelnisches-stadtmuseum.de\/wp-content\/uploads\/2024\/09\/2a_Blick-in-die-Ausstellung-1024x684.jpg 1024w, https:\/\/www.koelnisches-stadtmuseum.de\/wp-content\/uploads\/2024\/09\/2a_Blick-in-die-Ausstellung-300x200.jpg 300w, https:\/\/www.koelnisches-stadtmuseum.de\/wp-content\/uploads\/2024\/09\/2a_Blick-in-die-Ausstellung-768x513.jpg 768w, https:\/\/www.koelnisches-stadtmuseum.de\/wp-content\/uploads\/2024\/09\/2a_Blick-in-die-Ausstellung-600x401.jpg 600w, https:\/\/www.koelnisches-stadtmuseum.de\/wp-content\/uploads\/2024\/09\/2a_Blick-in-die-Ausstellung-487x325.jpg 487w, https:\/\/www.koelnisches-stadtmuseum.de\/wp-content\/uploads\/2024\/09\/2a_Blick-in-die-Ausstellung-620x414.jpg 620w, https:\/\/www.koelnisches-stadtmuseum.de\/wp-content\/uploads\/2024\/09\/2a_Blick-in-die-Ausstellung.jpg 1300w\" sizes=\"(max-width: 1024px) 100vw, 1024px\" \/><figcaption class=\"wp-element-caption\">Foto: C. Ehrchen<\/figcaption><\/figure>\n<\/figure>\n\n\n\n<hr class=\"wp-block-separator has-alpha-channel-opacity is-style-wide\"\/>\n\n\n\n<div style=\"height:41px\" aria-hidden=\"true\" class=\"wp-block-spacer\"><\/div>\n\n\n\n<div class=\"wp-block-columns is-layout-flex wp-container-core-columns-is-layout-28f84493 wp-block-columns-is-layout-flex\">\n<div class=\"wp-block-column is-layout-flow wp-block-column-is-layout-flow\">\n<h4 class=\"wp-block-heading\"><strong>THE BALL IS COLORFUL!<\/strong><br>Perspectives on Migrant Football in Cologne<\/h4>\n\n\n\n<p><strong>June 13 to August 4, 2024<br><\/strong><br><strong>On the occasion of the UEFA EURO 2024, which includes five matches in Cologne, we\u2019re dedicating our foyer to the topic of football and Cologne\u2019s migrant football clubs \u2013 and inviting you to join us for a game of table football.<\/strong><\/p>\n\n\n\n<p>Football is more than just a sport \u2013 it brings people together: men and women, young and old, people of different religions, skin colors, and ethnic backgrounds. Since the 1950s, football has played an important role in the history of migration in Cologne.<\/p>\n\n\n\n<p>Come by and learn more about the unifying \u2013 but also excluding \u2013 power of football, discover stories, clubs, and biographies. Play a round of foosball and place your bet on who will win the European Championship! <br><\/p>\n<\/div>\n\n\n\n<div class=\"wp-block-column is-layout-flow wp-block-column-is-layout-flow\">\n<figure class=\"wp-block-image size-full\"><img decoding=\"async\" width=\"625\" height=\"833\" src=\"https:\/\/www.koelnisches-stadtmuseum.de\/wp-content\/uploads\/2024\/05\/Website_Kachel_Futbol_300x400_150dpi.jpg\" alt=\"Die Abbildung zeigt einen bunten Fu\u00dfball passend zum Titel der Ausstellung &quot;Der Ball ist bunt. Blicke auf den migrantischen Fu\u00dfball in K\u00f6ln&quot; \" class=\"wp-image-14196\" srcset=\"https:\/\/www.koelnisches-stadtmuseum.de\/wp-content\/uploads\/2024\/05\/Website_Kachel_Futbol_300x400_150dpi.jpg 625w, https:\/\/www.koelnisches-stadtmuseum.de\/wp-content\/uploads\/2024\/05\/Website_Kachel_Futbol_300x400_150dpi-225x300.jpg 225w, https:\/\/www.koelnisches-stadtmuseum.de\/wp-content\/uploads\/2024\/05\/Website_Kachel_Futbol_300x400_150dpi-244x325.jpg 244w, https:\/\/www.koelnisches-stadtmuseum.de\/wp-content\/uploads\/2024\/05\/Website_Kachel_Futbol_300x400_150dpi-488x650.jpg 488w, https:\/\/www.koelnisches-stadtmuseum.de\/wp-content\/uploads\/2024\/05\/Website_Kachel_Futbol_300x400_150dpi-600x800.jpg 600w, https:\/\/www.koelnisches-stadtmuseum.de\/wp-content\/uploads\/2024\/05\/Website_Kachel_Futbol_300x400_150dpi-480x640.jpg 480w\" sizes=\"(max-width: 625px) 100vw, 625px\" \/><\/figure>\n<\/div>\n<\/div>\n\n\n\n<p>The objects on display include stories such as that of <strong>Co\u015fkun Ta\u015f<\/strong>, a Turkish national player who played for 1. FC K\u00f6ln from 1959 to 1961, becoming the <strong>first Turkish professional footballer in German football history<\/strong>. Or <strong>Lukas Podolski<\/strong>, who is deeply connected to Cologne while proudly embracing his <strong>Polish roots<\/strong>.<\/p>\n\n\n\n<p>Historical footage from WDR recalls a <strong>&#8220;guest worker tournament&#8221;<\/strong> from the 1960s, with its final held at the M\u00fcngersdorf Stadium. Additional objects were contributed by Cologne football clubs such as <strong>Hellas FC K\u00f6ln e.V.<\/strong><\/p>\n\n\n\n<p>This focus exhibition was created in cooperation with various Cologne football clubs and is supported by the <strong>Cultural Foundation of the Kreissparkasse K\u00f6ln<\/strong>.<\/p>\n\n\n\n<hr class=\"wp-block-separator has-alpha-channel-opacity is-style-wide\"\/>\n\n\n\n<figure class=\"wp-block-gallery has-nested-images columns-default is-cropped wp-block-gallery-4 is-layout-flex wp-block-gallery-is-layout-flex\">\n<figure class=\"wp-block-image size-large\"><img decoding=\"async\" width=\"1024\" height=\"684\" data-id=\"14544\" src=\"https:\/\/www.koelnisches-stadtmuseum.de\/wp-content\/uploads\/2024\/06\/2024-06-19-ConstantinEhrchen-KSM-23-1024x684.jpg\" alt=\"Das Foto zeigt Fu\u00dfballschuhe von Lukas Podolski\" class=\"wp-image-14544\" srcset=\"https:\/\/www.koelnisches-stadtmuseum.de\/wp-content\/uploads\/2024\/06\/2024-06-19-ConstantinEhrchen-KSM-23-1024x684.jpg 1024w, https:\/\/www.koelnisches-stadtmuseum.de\/wp-content\/uploads\/2024\/06\/2024-06-19-ConstantinEhrchen-KSM-23-300x200.jpg 300w, https:\/\/www.koelnisches-stadtmuseum.de\/wp-content\/uploads\/2024\/06\/2024-06-19-ConstantinEhrchen-KSM-23-768x513.jpg 768w, https:\/\/www.koelnisches-stadtmuseum.de\/wp-content\/uploads\/2024\/06\/2024-06-19-ConstantinEhrchen-KSM-23-1536x1025.jpg 1536w, https:\/\/www.koelnisches-stadtmuseum.de\/wp-content\/uploads\/2024\/06\/2024-06-19-ConstantinEhrchen-KSM-23-600x401.jpg 600w, https:\/\/www.koelnisches-stadtmuseum.de\/wp-content\/uploads\/2024\/06\/2024-06-19-ConstantinEhrchen-KSM-23-487x325.jpg 487w, https:\/\/www.koelnisches-stadtmuseum.de\/wp-content\/uploads\/2024\/06\/2024-06-19-ConstantinEhrchen-KSM-23-620x414.jpg 620w, https:\/\/www.koelnisches-stadtmuseum.de\/wp-content\/uploads\/2024\/06\/2024-06-19-ConstantinEhrchen-KSM-23.jpg 2000w\" sizes=\"(max-width: 1024px) 100vw, 1024px\" \/><\/figure>\n\n\n\n<figure class=\"wp-block-image size-large\"><img decoding=\"async\" width=\"1024\" height=\"684\" data-id=\"14538\" src=\"https:\/\/www.koelnisches-stadtmuseum.de\/wp-content\/uploads\/2024\/06\/2024-06-19-ConstantinEhrchen-KSM-12-1024x684.jpg\" alt=\"Das Foto gibt einen \u00dcberblick \u00fcber die Ausstellung\" class=\"wp-image-14538\" srcset=\"https:\/\/www.koelnisches-stadtmuseum.de\/wp-content\/uploads\/2024\/06\/2024-06-19-ConstantinEhrchen-KSM-12-1024x684.jpg 1024w, https:\/\/www.koelnisches-stadtmuseum.de\/wp-content\/uploads\/2024\/06\/2024-06-19-ConstantinEhrchen-KSM-12-300x200.jpg 300w, https:\/\/www.koelnisches-stadtmuseum.de\/wp-content\/uploads\/2024\/06\/2024-06-19-ConstantinEhrchen-KSM-12-768x513.jpg 768w, https:\/\/www.koelnisches-stadtmuseum.de\/wp-content\/uploads\/2024\/06\/2024-06-19-ConstantinEhrchen-KSM-12-1536x1025.jpg 1536w, https:\/\/www.koelnisches-stadtmuseum.de\/wp-content\/uploads\/2024\/06\/2024-06-19-ConstantinEhrchen-KSM-12-600x401.jpg 600w, https:\/\/www.koelnisches-stadtmuseum.de\/wp-content\/uploads\/2024\/06\/2024-06-19-ConstantinEhrchen-KSM-12-487x325.jpg 487w, https:\/\/www.koelnisches-stadtmuseum.de\/wp-content\/uploads\/2024\/06\/2024-06-19-ConstantinEhrchen-KSM-12-620x414.jpg 620w, https:\/\/www.koelnisches-stadtmuseum.de\/wp-content\/uploads\/2024\/06\/2024-06-19-ConstantinEhrchen-KSM-12.jpg 2000w\" sizes=\"(max-width: 1024px) 100vw, 1024px\" \/><\/figure>\n\n\n\n<figure class=\"wp-block-image size-large\"><img decoding=\"async\" width=\"1024\" height=\"684\" data-id=\"14535\" src=\"https:\/\/www.koelnisches-stadtmuseum.de\/wp-content\/uploads\/2024\/06\/2024-06-19-ConstantinEhrchen-KSM-6-1024x684.jpg\" alt=\"Das Foto gibt einen Einblick in die Ausstellung und zeigt Menschen beim Tischfussball\" class=\"wp-image-14535\" srcset=\"https:\/\/www.koelnisches-stadtmuseum.de\/wp-content\/uploads\/2024\/06\/2024-06-19-ConstantinEhrchen-KSM-6-1024x684.jpg 1024w, https:\/\/www.koelnisches-stadtmuseum.de\/wp-content\/uploads\/2024\/06\/2024-06-19-ConstantinEhrchen-KSM-6-300x200.jpg 300w, https:\/\/www.koelnisches-stadtmuseum.de\/wp-content\/uploads\/2024\/06\/2024-06-19-ConstantinEhrchen-KSM-6-768x513.jpg 768w, https:\/\/www.koelnisches-stadtmuseum.de\/wp-content\/uploads\/2024\/06\/2024-06-19-ConstantinEhrchen-KSM-6-1536x1025.jpg 1536w, https:\/\/www.koelnisches-stadtmuseum.de\/wp-content\/uploads\/2024\/06\/2024-06-19-ConstantinEhrchen-KSM-6-600x401.jpg 600w, https:\/\/www.koelnisches-stadtmuseum.de\/wp-content\/uploads\/2024\/06\/2024-06-19-ConstantinEhrchen-KSM-6-487x325.jpg 487w, https:\/\/www.koelnisches-stadtmuseum.de\/wp-content\/uploads\/2024\/06\/2024-06-19-ConstantinEhrchen-KSM-6-620x414.jpg 620w, https:\/\/www.koelnisches-stadtmuseum.de\/wp-content\/uploads\/2024\/06\/2024-06-19-ConstantinEhrchen-KSM-6.jpg 2000w\" sizes=\"(max-width: 1024px) 100vw, 1024px\" \/><\/figure>\n\n\n\n<figure class=\"wp-block-image size-large\"><img decoding=\"async\" width=\"1024\" height=\"684\" data-id=\"14532\" src=\"https:\/\/www.koelnisches-stadtmuseum.de\/wp-content\/uploads\/2024\/06\/2024-06-19-ConstantinEhrchen-KSM-5-1024x684.jpg\" alt=\"Das Foto gibt einen Einblick in die Ausstellung und zeigt Menschen beim Tischfussball\" class=\"wp-image-14532\" srcset=\"https:\/\/www.koelnisches-stadtmuseum.de\/wp-content\/uploads\/2024\/06\/2024-06-19-ConstantinEhrchen-KSM-5-1024x684.jpg 1024w, https:\/\/www.koelnisches-stadtmuseum.de\/wp-content\/uploads\/2024\/06\/2024-06-19-ConstantinEhrchen-KSM-5-300x200.jpg 300w, https:\/\/www.koelnisches-stadtmuseum.de\/wp-content\/uploads\/2024\/06\/2024-06-19-ConstantinEhrchen-KSM-5-768x513.jpg 768w, https:\/\/www.koelnisches-stadtmuseum.de\/wp-content\/uploads\/2024\/06\/2024-06-19-ConstantinEhrchen-KSM-5-1536x1025.jpg 1536w, https:\/\/www.koelnisches-stadtmuseum.de\/wp-content\/uploads\/2024\/06\/2024-06-19-ConstantinEhrchen-KSM-5-600x401.jpg 600w, https:\/\/www.koelnisches-stadtmuseum.de\/wp-content\/uploads\/2024\/06\/2024-06-19-ConstantinEhrchen-KSM-5-487x325.jpg 487w, https:\/\/www.koelnisches-stadtmuseum.de\/wp-content\/uploads\/2024\/06\/2024-06-19-ConstantinEhrchen-KSM-5-620x414.jpg 620w, https:\/\/www.koelnisches-stadtmuseum.de\/wp-content\/uploads\/2024\/06\/2024-06-19-ConstantinEhrchen-KSM-5.jpg 2000w\" sizes=\"(max-width: 1024px) 100vw, 1024px\" \/><\/figure>\n\n\n\n<figure class=\"wp-block-image size-large\"><img decoding=\"async\" width=\"1000\" height=\"668\" data-id=\"14547\" src=\"https:\/\/www.koelnisches-stadtmuseum.de\/wp-content\/uploads\/2024\/06\/04-ConstantinEhrchen-KSM-1.jpg\" alt=\"Das Foto zeigt Objekte von Coskun Tas. \" class=\"wp-image-14547\" srcset=\"https:\/\/www.koelnisches-stadtmuseum.de\/wp-content\/uploads\/2024\/06\/04-ConstantinEhrchen-KSM-1.jpg 1000w, https:\/\/www.koelnisches-stadtmuseum.de\/wp-content\/uploads\/2024\/06\/04-ConstantinEhrchen-KSM-1-300x200.jpg 300w, https:\/\/www.koelnisches-stadtmuseum.de\/wp-content\/uploads\/2024\/06\/04-ConstantinEhrchen-KSM-1-768x513.jpg 768w, https:\/\/www.koelnisches-stadtmuseum.de\/wp-content\/uploads\/2024\/06\/04-ConstantinEhrchen-KSM-1-600x401.jpg 600w, https:\/\/www.koelnisches-stadtmuseum.de\/wp-content\/uploads\/2024\/06\/04-ConstantinEhrchen-KSM-1-487x325.jpg 487w, https:\/\/www.koelnisches-stadtmuseum.de\/wp-content\/uploads\/2024\/06\/04-ConstantinEhrchen-KSM-1-620x414.jpg 620w\" sizes=\"(max-width: 1000px) 100vw, 1000px\" \/><\/figure>\n\n\n\n<figure class=\"wp-block-image size-large\"><img decoding=\"async\" width=\"1024\" height=\"684\" data-id=\"14541\" src=\"https:\/\/www.koelnisches-stadtmuseum.de\/wp-content\/uploads\/2024\/06\/2024-06-19-ConstantinEhrchen-KSM-18-1024x684.jpg\" alt=\"Das Foto gibt einen Einblick in die Ausstellung und zeigt Menschen beim Tischfussball\" class=\"wp-image-14541\" srcset=\"https:\/\/www.koelnisches-stadtmuseum.de\/wp-content\/uploads\/2024\/06\/2024-06-19-ConstantinEhrchen-KSM-18-1024x684.jpg 1024w, https:\/\/www.koelnisches-stadtmuseum.de\/wp-content\/uploads\/2024\/06\/2024-06-19-ConstantinEhrchen-KSM-18-300x200.jpg 300w, https:\/\/www.koelnisches-stadtmuseum.de\/wp-content\/uploads\/2024\/06\/2024-06-19-ConstantinEhrchen-KSM-18-768x513.jpg 768w, https:\/\/www.koelnisches-stadtmuseum.de\/wp-content\/uploads\/2024\/06\/2024-06-19-ConstantinEhrchen-KSM-18-1536x1025.jpg 1536w, https:\/\/www.koelnisches-stadtmuseum.de\/wp-content\/uploads\/2024\/06\/2024-06-19-ConstantinEhrchen-KSM-18-600x401.jpg 600w, https:\/\/www.koelnisches-stadtmuseum.de\/wp-content\/uploads\/2024\/06\/2024-06-19-ConstantinEhrchen-KSM-18-487x325.jpg 487w, https:\/\/www.koelnisches-stadtmuseum.de\/wp-content\/uploads\/2024\/06\/2024-06-19-ConstantinEhrchen-KSM-18-620x414.jpg 620w, https:\/\/www.koelnisches-stadtmuseum.de\/wp-content\/uploads\/2024\/06\/2024-06-19-ConstantinEhrchen-KSM-18.jpg 2000w\" sizes=\"(max-width: 1024px) 100vw, 1024px\" \/><figcaption class=\"wp-element-caption\">alle Bilder: \u00a9 Constantin Ehrchen<\/figcaption><\/figure>\n\n\n\n<figure class=\"wp-block-image size-large\"><img decoding=\"async\" width=\"1024\" height=\"684\" data-id=\"14550\" src=\"https:\/\/www.koelnisches-stadtmuseum.de\/wp-content\/uploads\/2024\/06\/2024-06-19-ConstantinEhrchen-KSM-37-1024x684.jpg\" alt=\"Das Foto zeigt einen gro\u00dfe Lukas Podolski-Figur\" class=\"wp-image-14550\" srcset=\"https:\/\/www.koelnisches-stadtmuseum.de\/wp-content\/uploads\/2024\/06\/2024-06-19-ConstantinEhrchen-KSM-37-1024x684.jpg 1024w, https:\/\/www.koelnisches-stadtmuseum.de\/wp-content\/uploads\/2024\/06\/2024-06-19-ConstantinEhrchen-KSM-37-300x200.jpg 300w, https:\/\/www.koelnisches-stadtmuseum.de\/wp-content\/uploads\/2024\/06\/2024-06-19-ConstantinEhrchen-KSM-37-768x513.jpg 768w, https:\/\/www.koelnisches-stadtmuseum.de\/wp-content\/uploads\/2024\/06\/2024-06-19-ConstantinEhrchen-KSM-37-1536x1025.jpg 1536w, https:\/\/www.koelnisches-stadtmuseum.de\/wp-content\/uploads\/2024\/06\/2024-06-19-ConstantinEhrchen-KSM-37-600x401.jpg 600w, https:\/\/www.koelnisches-stadtmuseum.de\/wp-content\/uploads\/2024\/06\/2024-06-19-ConstantinEhrchen-KSM-37-487x325.jpg 487w, https:\/\/www.koelnisches-stadtmuseum.de\/wp-content\/uploads\/2024\/06\/2024-06-19-ConstantinEhrchen-KSM-37-620x414.jpg 620w, https:\/\/www.koelnisches-stadtmuseum.de\/wp-content\/uploads\/2024\/06\/2024-06-19-ConstantinEhrchen-KSM-37.jpg 2000w\" sizes=\"(max-width: 1024px) 100vw, 1024px\" \/><\/figure>\n<\/figure>\n\n\n\n<hr class=\"wp-block-separator has-alpha-channel-opacity is-style-wide\"\/>\n\n\n\n\n","protected":false},"excerpt":{"rendered":"<p>Starting in summer 2024, we will address and discuss current and future topics of urban society here, highlighting them in smaller rotating exhibitions.<\/p>\n","protected":false},"author":7,"featured_media":3809,"parent":17055,"menu_order":0,"comment_status":"closed","ping_status":"closed","template":"","meta":{"_acf_changed":false,"footnotes":""},"class_list":["post-14020","page","type-page","status-publish","has-post-thumbnail","hentry","wpbf-post"],"acf":[],"_links":{"self":[{"href":"https:\/\/www.koelnisches-stadtmuseum.de\/en\/wp-json\/wp\/v2\/pages\/14020","targetHints":{"allow":["GET"]}}],"collection":[{"href":"https:\/\/www.koelnisches-stadtmuseum.de\/en\/wp-json\/wp\/v2\/pages"}],"about":[{"href":"https:\/\/www.koelnisches-stadtmuseum.de\/en\/wp-json\/wp\/v2\/types\/page"}],"author":[{"embeddable":true,"href":"https:\/\/www.koelnisches-stadtmuseum.de\/en\/wp-json\/wp\/v2\/users\/7"}],"replies":[{"embeddable":true,"href":"https:\/\/www.koelnisches-stadtmuseum.de\/en\/wp-json\/wp\/v2\/comments?post=14020"}],"version-history":[{"count":10,"href":"https:\/\/www.koelnisches-stadtmuseum.de\/en\/wp-json\/wp\/v2\/pages\/14020\/revisions"}],"predecessor-version":[{"id":16973,"href":"https:\/\/www.koelnisches-stadtmuseum.de\/en\/wp-json\/wp\/v2\/pages\/14020\/revisions\/16973"}],"up":[{"embeddable":true,"href":"https:\/\/www.koelnisches-stadtmuseum.de\/en\/wp-json\/wp\/v2\/pages\/17055"}],"wp:featuredmedia":[{"embeddable":true,"href":"https:\/\/www.koelnisches-stadtmuseum.de\/en\/wp-json\/wp\/v2\/media\/3809"}],"wp:attachment":[{"href":"https:\/\/www.koelnisches-stadtmuseum.de\/en\/wp-json\/wp\/v2\/media?parent=14020"}],"curies":[{"name":"wp","href":"https:\/\/api.w.org\/{rel}","templated":true}]}}