{"id":12733,"date":"2024-03-15T19:07:22","date_gmt":"2024-03-15T18:07:22","guid":{"rendered":"https:\/\/www.koelnisches-stadtmuseum.de\/?page_id=12733"},"modified":"2025-04-29T10:49:00","modified_gmt":"2025-04-29T08:49:00","slug":"outreach-programme","status":"publish","type":"page","link":"https:\/\/www.koelnisches-stadtmuseum.de\/en\/besuchen\/fuehrungen\/outreach-programme\/","title":{"rendered":"Unsere Outreach-Programme mit dem Museumsdienst K\u00f6ln"},"content":{"rendered":"\n<div style=\"height:40px\" aria-hidden=\"true\" class=\"wp-block-spacer\"><\/div>\n\n\n\n<figure class=\"wp-block-image size-full\"><img decoding=\"async\" src=\"https:\/\/www.koelnisches-stadtmuseum.de\/wp-content\/uploads\/2024\/03\/KSM_Headerbilder_1260x300_rot.svg\" alt=\"Silhouette des Stadtmuseums auf rotem Hintergrund. Text &quot;Stadt. Geschichte. Anders&quot; \u00fcberlagert das Bild.\" class=\"wp-image-12689\"\/><\/figure>\n\n\n\n<div style=\"height:23px\" aria-hidden=\"true\" class=\"wp-block-spacer\"><\/div>\n\n\n\n<h1 class=\"wp-block-heading has-text-align-left\">OUTREACH &#8211; DAS MUSEUM KOMMT ZU EUCH!<\/h1>\n\n\n\n<p><strong>Der Museumsdienst K\u00f6ln bietet zu den Inhalten des K\u00f6lnischen Stadtmuseums zahlreiche Outreach-Angebote an. <\/strong><\/p>\n\n\n\n<div style=\"height:23px\" aria-hidden=\"true\" class=\"wp-block-spacer\"><\/div>\n\n\n\n<div class=\"wp-block-buttons is-layout-flex wp-block-buttons-is-layout-flex\">\n<div class=\"wp-block-button is-style-ksm-button\"><a class=\"wp-block-button__link wp-element-button\" href=\"#schulen\">F\u00fcr Schulen<\/a><\/div>\n\n\n\n<div class=\"wp-block-button is-style-ksm-button\"><a class=\"wp-block-button__link wp-element-button\" href=\"#seniorinnen\">F\u00fcr Senior*innen<\/a><\/div>\n<\/div>\n\n\n\n<div style=\"height:20px\" aria-hidden=\"true\" class=\"wp-block-spacer\"><\/div>\n\n\n\n<hr class=\"wp-block-separator has-alpha-channel-opacity is-style-wide\"\/>\n\n\n\n<div class=\"wp-block-columns is-layout-flex wp-container-core-columns-is-layout-28f84493 wp-block-columns-is-layout-flex\">\n<div class=\"wp-block-column is-layout-flow wp-block-column-is-layout-flow\" style=\"flex-basis:100%\">\n<h2 class=\"wp-block-heading\" id=\"schulen\">Das Outreach-Programm f\u00fcr Schulen<\/h2>\n\n\n\n<p>Hier kommt das Stadtmuseum in die Schulen: Schulklassen der Primarstufe (ab Klasse 3) sowie Sekundarstufe I und II k\u00f6nnen zu individuellen Terminen nach Absprache ein <strong>90-min\u00fctiges Programm <\/strong>buchen, bei dem das Museum mit historischen Objekten und Materialien direkt in das Klassenzimmer kommt.<\/p>\n<\/div>\n<\/div>\n\n\n\n<div style=\"height:20px\" aria-hidden=\"true\" class=\"wp-block-spacer\"><\/div>\n\n\n\n<hr class=\"wp-block-separator has-alpha-channel-opacity is-style-wide\"\/>\n\n\n\n<div style=\"height:20px\" aria-hidden=\"true\" class=\"wp-block-spacer\"><\/div>\n\n\n\n<div class=\"wp-block-columns is-layout-flex wp-container-core-columns-is-layout-28f84493 wp-block-columns-is-layout-flex\">\n<div class=\"wp-block-column is-layout-flow wp-block-column-is-layout-flow\" style=\"flex-basis:50%\">\n<h2 class=\"wp-block-heading\" id=\"outreach\">Outreach: Das Museum kommt ins Klassenzimmer!<br>Wir in K\u00f6ln<\/h2>\n\n\n\n<p><strong>Dauer<\/strong><br>90 Minuten<\/p>\n\n\n\n<p><strong>Preis (pauschal)<\/strong><br>120 Euro pauschal, zzgl. Material: 20 Euro<br><br><strong>Primarstufe<\/strong>&nbsp;|&nbsp;<strong>Sekundarstufe I<\/strong><\/p>\n<\/div>\n\n\n\n<div class=\"wp-block-column is-layout-flow wp-block-column-is-layout-flow\" style=\"flex-basis:50%\">\n<p><strong>Wir in K\u00f6ln \u2013 das K\u00f6lnische Stadtmuseum zu Gast im Klassenzimmer<\/strong><\/p>\n\n\n\n<p>\u201eEt h\u00e4tt noch emmer jot jejange!\u201c hei\u00dft es im \u201eK\u00f6lschen Grundgesetz\u201c. Das bringt eine Gef\u00fchlslage der K\u00f6lner*innen auf den Punkt: die Hoffnung auf das Positive. Im Mittelalter hofften die Menschen (nicht nur in K\u00f6ln) auf das Jenseits, auf ein besseres Leben nach dem Tod. Im Laufe der Jahrhunderte w\u00e4chst die Hoffnung auf mehr: Wohlstand, Gleichberechtigung, Frieden und Demokratie im Hier und Jetzt.<\/p>\n\n\n\n<p>Die Sch\u00fcler*innen besch\u00e4ftigen sich in Kleingruppen selbst\u00e4ndig mit dem Themenfeld Hoffnung und ziehen Parallelen zu ihrer eigenen Lebenswelt. Worauf sie selbst hoffen, k\u00f6nnen die Sch\u00fcler*innen in einer bildnerisch-kreativen Aufgabe zeigen.<br><br>Bei diesem aufsuchenden Angebot kommt das Stadtmuseum ganz bequem im Klassenzimmer \u2013 als Erg\u00e4nzung oder als Alternative zum Museumsbesuch.<br><\/p>\n\n\n\n<div class=\"wp-block-buttons is-layout-flex wp-block-buttons-is-layout-flex\">\n<div class=\"wp-block-button is-style-ksm-button\"><a class=\"wp-block-button__link wp-element-button\" href=\"https:\/\/museenkoeln.de\/portal\/angebotbuchen.aspx?inst=10&amp;angebot=1508\" target=\"_blank\" rel=\"noreferrer noopener\">Angebot buchen beim Museumsdienst K\u00f6ln<\/a><\/div>\n<\/div>\n\n\n\n<p><br>Das buchbare Schulprogramm ist modular aufgebaut, richtet sich an 3. und 4. Klassen der Primarstufe wie auch an die Sek I und besteht aus drei m\u00f6glichen Modulen. Diese teilen sich auf in einem Besuch im Museum (Indoor), einer F\u00fchrung im Stadtraum (Outdoor) und einem Outreach Angebot. Hierbei k\u00f6nnen die Module einzeln, zu zweit oder auch alle drei auf einander aufbauend gebucht werden. Es steht zudem frei, bei der Buchung von zwei oder drei Modulen, die Reihenfolge der Durchf\u00fchrung selber zu bestimmen.<\/p>\n<\/div>\n<\/div>\n\n\n\n<div style=\"height:20px\" aria-hidden=\"true\" class=\"wp-block-spacer\"><\/div>\n\n\n\n<div class=\"wp-block-columns is-layout-flex wp-container-core-columns-is-layout-28f84493 wp-block-columns-is-layout-flex\">\n<div class=\"wp-block-column is-layout-flow wp-block-column-is-layout-flow\"><\/div>\n\n\n\n<div class=\"wp-block-column is-layout-flow wp-block-column-is-layout-flow\"><\/div>\n<\/div>\n\n\n\n<hr class=\"wp-block-separator has-alpha-channel-opacity is-style-wide\"\/>\n\n\n\n<div class=\"wp-block-columns is-layout-flex wp-container-core-columns-is-layout-28f84493 wp-block-columns-is-layout-flex\">\n<div class=\"wp-block-column is-layout-flow wp-block-column-is-layout-flow\">\n<h2 class=\"wp-block-heading\">In die Kindertagesst\u00e4tte<br><br>Outreach: Wo sind die flei\u00dfigen Heinzelm\u00e4nnchen von K\u00f6ln?<\/h2>\n\n\n\n<h3 class=\"wp-block-heading\">Vorschule<\/h3>\n\n\n\n\n\n\n\n<p><strong>Preis und Dauer:<\/strong><br>Gruppengr\u00f6\u00dfe: max. 20 | Dauer: 90 Minuten | Preis pauschal 120 Euro| Wochenende: 150 Euro | zzgl. Material: 20 Euro | <\/p>\n\n\n\n<p>Dieses Angebot gilt nur f\u00fcr Kindertagesst\u00e4tten im K\u00f6lner Stadtgebiet.<\/p>\n<\/div>\n\n\n\n<div class=\"wp-block-column is-layout-flow wp-block-column-is-layout-flow\">\n<p><strong>Wo sind die flei\u00dfigen Heinzelm\u00e4nnchen von K\u00f6ln?<\/strong><br><br>Wer flei\u00dfige Handwerker sehen m\u00f6chte, der braucht nur ins alte K\u00f6ln zur\u00fcckreisen, und sehen, wie die Heinzelm\u00e4nnchen in der Nacht zu den K\u00f6lnern kamen, und all ihre Arbeit \u00fcbernommen haben. Mit einem Kamishibai Theater besuchen wir die Vorsch\u00fcler*innen, erz\u00e4hlen die Geschichte und lassen einige Szenen lebendig werden. Um die Sprachf\u00e4higkeit und Erz\u00e4hlfreude anzuregen wird die Geschichte weitergesponnen und wir \u00fcberlegen, wo sich die Heinzelm\u00e4nnchen wohl heute herumtreiben? Wir singen, spielen und basteln und versuchen uns der Bekanntesten aller Sagen und Legenden K\u00f6lns mit (fast) allen Sinnen zu n\u00e4hern.&nbsp;<br><br>Mehrere Gruppen parallel: nicht m\u00f6glich<br><br><\/p>\n\n\n\n<div class=\"wp-block-buttons is-layout-flex wp-block-buttons-is-layout-flex\">\n<div class=\"wp-block-button is-style-ksm-button\"><a class=\"wp-block-button__link wp-element-button\" href=\"https:\/\/museenkoeln.de\/portal\/angebotbuchen.aspx?inst=10&amp;angebot=1359\" target=\"_blank\" rel=\"noreferrer noopener\">Zur Buchung im Museumsportal<\/a><\/div>\n<\/div>\n<\/div>\n<\/div>\n\n\n\n<hr class=\"wp-block-separator has-alpha-channel-opacity is-style-wide\"\/>\n\n\n\n<div class=\"wp-block-columns is-layout-flex wp-container-core-columns-is-layout-28f84493 wp-block-columns-is-layout-flex\">\n<div class=\"wp-block-column is-layout-flow wp-block-column-is-layout-flow\">\n<h2 class=\"wp-block-heading\">Ins Klassenzimmer<br><br>Outreach: Zeitreise Spielzeug und Spielen<\/h2>\n\n\n\n<p class=\"has-large-font-size\"><strong>Preis und Dauer<\/strong><br>90 Minuten, 120 Euro (Wochenende: 150 Euro), zzgl. Material: 20 Euro<br><br>jederzeit buchbar<\/p>\n<\/div>\n\n\n\n<div class=\"wp-block-column is-layout-flow wp-block-column-is-layout-flow\">\n<p>Der Museumsdienst bietet vor Ort im Klassenzimmer nicht nur einen Einstieg in das Thema R\u00f6merzeit oder Mittelalter, sondern unterst\u00fctzt die \u201eZeitreise\u201c mit mitgebrachten Originalen oder Repliken aus den Museen. <br><br>Die Sch\u00fcler*innen erfahren, dass Kinder in der Antike oder im Mittelalter mit teils \u00e4hnlichen Spielen wie heute gespielt haben, Murmeln oder M\u00fchle beispielsweise. N\u00fcsse oder kleinere Knochen sind heute hingegen ungew\u00f6hnliche Spielmaterialien f\u00fcr Kinder. <br><br>Abschlie\u00dfend kann jedes Kind ein eigenes r\u00f6misches M\u00fchlespiel herstellen, das man im Lederbeutel an den G\u00fcrtel h\u00e4ngt. Oder ein Tablut- oder Hnefatafl-Spiel. Damit \u00fcbte man sich im Mittelalter in Strategie und Taktik.<\/p>\n\n\n\n<p>Bei der Buchung kann angegeben werden, ob der Schwerpunkt auf Spielzeug und Spiele der R\u00f6merzeit oder des Mittelalters liegen soll oder ob eine Kombination beider Epochen gew\u00fcnscht ist.<br><br><strong>Geignet f\u00fcr<\/strong>: Klassen 3-6, <strong>Gruppengr\u00f6\u00dfe<\/strong> max. 20<br><br>Diese F\u00fchrungen sind hier buchbar:<br><a href=\"https:\/\/museenkoeln.de\/portal\/angebotbuchen.aspx?inst=4&amp;angebot=1152\" data-type=\"link\" data-id=\"https:\/\/museenkoeln.de\/portal\/angebotbuchen.aspx?inst=4&amp;angebot=1152\" target=\"_blank\" rel=\"noreferrer noopener\">Offene Ganztagsschulen<br><\/a><a href=\"https:\/\/museenkoeln.de\/portal\/angebotbuchen.aspx?inst=4&amp;angebot=1146\" data-type=\"link\" data-id=\"https:\/\/museenkoeln.de\/portal\/angebotbuchen.aspx?inst=4&amp;angebot=1146\" target=\"_blank\" rel=\"noreferrer noopener\">Primarstufe I | Sekundarstufe I<\/a><\/p>\n<\/div>\n<\/div>\n\n\n\n<hr class=\"wp-block-separator has-alpha-channel-opacity is-style-wide\"\/>\n\n\n\n<div style=\"height:20px\" aria-hidden=\"true\" class=\"wp-block-spacer\"><\/div>\n\n\n\n<div class=\"wp-block-columns is-layout-flex wp-container-core-columns-is-layout-28f84493 wp-block-columns-is-layout-flex\">\n<div class=\"wp-block-column is-layout-flow wp-block-column-is-layout-flow\" style=\"flex-basis:100%\">\n<h2 class=\"wp-block-heading\" id=\"seniorinnen\">Outreach-Programme f\u00fcr Senior*innen<\/h2>\n\n\n\n<p>Das Outreach-Angebot richtet sich an Menschen, die nicht mehr mobil genug sind, um die Museen zu besuchen. Speziell geschulte Kulturvermittler*innen bringen das Museum in Senioreneinrichtungen. Dieses Angebot ist in Zusammenarbeit mit (de)mentia+art \u2013 Kulturelle Teilhabe f\u00fcr Menschen mit und ohne Demenz entstanden.<\/p>\n<\/div>\n<\/div>\n\n\n\n<div style=\"height:40px\" aria-hidden=\"true\" class=\"wp-block-spacer\"><\/div>\n\n\n\n<div class=\"wp-block-columns is-layout-flex wp-container-core-columns-is-layout-28f84493 wp-block-columns-is-layout-flex\">\n<div class=\"wp-block-column is-layout-flow wp-block-column-is-layout-flow\" style=\"flex-basis:50%\">\n<h3 class=\"wp-block-heading\">Das Alte K\u00f6ln erleben &#8211; Online F\u00fchrung<br>Teilhabeorientierte F\u00fchrung f\u00fcr Menschen mit und ohne Demenz<\/h3>\n\n\n\n<p><strong>Dauer<\/strong><br>60 Minuten<\/p>\n\n\n\n<p><strong>Preis (pauschal)<br><\/strong>75 Euro<\/p>\n\n\n\n<p><strong>Gruppengr\u00f6\u00dfe<\/strong><br>max. 10 Teilnhemer*innen + mindestens 2 Begleiter*innen&nbsp;f\u00fcr die Technik\/Kommunikation<\/p>\n\n\n\n<p><strong>mehrere Gruppen parallel<br><\/strong>nicht m\u00f6glich<\/p>\n<\/div>\n\n\n\n<div class=\"wp-block-column is-layout-flow wp-block-column-is-layout-flow\" style=\"flex-basis:50%\">\n<p>Das K\u00f6lnische Stadtmuseum bietet einen lebendigen Einblick in die Geschichte K\u00f6lns \u201ewie es einmal war\u201c. Wir begegnen den Heinzelm\u00e4nnchen ebenso wie T\u00fcnnes und Sch\u00e4l, besuchen den historischen Alter Markt und eine kleine Wohnk\u00fcche im K\u00f6ln vor 100 Jahren, mit versenkbarer N\u00e4hmaschine, Waschb\u00fctt und anderen n\u00fctzlichen Wunderwerken. Aber wir nehmen auch die Lebensader K\u00f6lns in den Blick: den Rhein. Wir besuchen auf einem Rheindampfer das rheinische Siebengebirge und erleben eine laue Sommernacht am Rhein.<\/p>\n\n\n\n<p><strong>Anmeldungen und weitere inhaltliche und technische Informationen<br><\/strong>Jochen Schmauck-Langer<br>0157-88 34 58 81<br><a href=\"mailto:info@dementia-und-art.de\">info@dementia-und-art.de<\/a>&nbsp;<\/p>\n\n\n\n<div class=\"wp-block-buttons is-layout-flex wp-block-buttons-is-layout-flex\">\n<div class=\"wp-block-button is-style-ksm-button\"><a class=\"wp-block-button__link wp-element-button\" href=\"https:\/\/museenkoeln.de\/portal\/angebotbuchen.aspx?inst=10&amp;angebot=1204\" target=\"_blank\" rel=\"noreferrer noopener\">Angebot buchen<\/a><\/div>\n<\/div>\n<\/div>\n<\/div>\n\n\n\n<div style=\"height:20px\" aria-hidden=\"true\" class=\"wp-block-spacer\"><\/div>\n\n\n\n<hr class=\"wp-block-separator has-alpha-channel-opacity is-style-wide\"\/>\n\n\n\n<div style=\"height:20px\" aria-hidden=\"true\" class=\"wp-block-spacer\"><\/div>\n\n\n\n<div class=\"wp-block-columns is-layout-flex wp-container-core-columns-is-layout-28f84493 wp-block-columns-is-layout-flex\">\n<div class=\"wp-block-column is-layout-flow wp-block-column-is-layout-flow\" style=\"flex-basis:50%\">\n<h3 class=\"wp-block-heading\">Das Stadtmuseum zu Besuch! Ein Outreach-Angebot f\u00fcr Senior*innen mit dementiellen Ver\u00e4nderungen<\/h3>\n\n\n\n<p><strong>Dauer<\/strong><br>60 Minuten<\/p>\n\n\n\n<p><strong>Preis (pauschal)<br><\/strong>150 Euro<\/p>\n\n\n\n<p><strong>Gruppengr\u00f6\u00dfe<\/strong><br>max. 15 Teilnhemer*innen<\/p>\n\n\n\n<p><strong>mehrere Gruppen parallel<br><\/strong>nicht m\u00f6glich<\/p>\n<\/div>\n\n\n\n<div class=\"wp-block-column is-layout-flow wp-block-column-is-layout-flow\" style=\"flex-basis:50%\">\n<p>Das K\u00f6lnische Stadtmuseum bietet einen lebendigen Einblick in die Geschichte K\u00f6lns. Das Outreach-Angebot richtet sich an Menschen, die nicht mehr mobil genug sind, um die Museen zu besuchen. Speziell geschulte Kulturvermittlerinnen bringen das Museum in Ihre Einrichtung.<\/p>\n\n\n\n<p>Wir reisen gemeinsam in das Alte K\u00f6ln und besuchen den historischen Alter Markt, begegnen dabei den Heinzelm\u00e4nnchen und erfahren den Alltag der Menschen von Damals &#8211; mit allen Sinnen!<\/p>\n\n\n\n<p>Unserer Mitarbeiterinnen sind vertraut mit der besonderen Art der Kommunikation mit dementiell ver\u00e4nderten Menschen, ber\u00fccksichtigen die noch vorhandenen Ressourcen der Teilnehmerinnen und bieten ein lebendiges, sinnliches Erleben, das an die noch vorhandenen Erinnerungen und Erfahrungen ankn\u00fcpft. Gro\u00dfformatige Abbildungen und Tastobjekte, die viele Sinne ansprechen, stellen Bez\u00fcge zum \u201eAlten K\u00f6ln\u201c her \u2013 hierbei werden auch durch musikalische Akzente Erinnerungen geweckt. Die Veranstaltung ist buchbar f\u00fcr bis zu 10 Menschen mit Demenz, plus Angeh\u00f6rige bzw. Betreuerinnen.<\/p>\n\n\n\n<div class=\"wp-block-buttons is-layout-flex wp-block-buttons-is-layout-flex\">\n<div class=\"wp-block-button is-style-ksm-button\"><a class=\"wp-block-button__link wp-element-button\" href=\"https:\/\/museenkoeln.de\/portal\/angebotbuchen.aspx?inst=10&amp;angebot=1446\" target=\"_blank\" rel=\"noreferrer noopener\">Angebot buchen<\/a><\/div>\n<\/div>\n<\/div>\n<\/div>\n\n\n\n<div style=\"height:20px\" aria-hidden=\"true\" class=\"wp-block-spacer\"><\/div>\n\n\n\n<hr class=\"wp-block-separator has-alpha-channel-opacity is-style-wide\"\/>\n\n\n\n<div style=\"height:20px\" aria-hidden=\"true\" class=\"wp-block-spacer\"><\/div>\n\n\n\n<div class=\"wp-block-columns is-layout-flex wp-container-core-columns-is-layout-28f84493 wp-block-columns-is-layout-flex\">\n<div class=\"wp-block-column is-layout-flow wp-block-column-is-layout-flow\" style=\"flex-basis:50%\">\n<h3 class=\"wp-block-heading\">Mein K\u00f6ln 68: Eine Zeitreise &#8211; Outreach<\/h3>\n\n\n\n<p><strong>Dauer<\/strong><br>60 Minuten<\/p>\n\n\n\n<p><strong>Preis (pauschal)<br><\/strong>150 Euro<\/p>\n\n\n\n<p><strong>Gruppengr\u00f6\u00dfe<\/strong><br>max. 15 Teilnhemer*innen<\/p>\n\n\n\n<p><strong>mehrere Gruppen parallel<br><\/strong>nicht m\u00f6glich<\/p>\n<\/div>\n\n\n\n<div class=\"wp-block-column is-layout-flow wp-block-column-is-layout-flow\" style=\"flex-basis:50%\">\n<p>Die K\u00f6lner Museen kommen mit Material und Objekten zu Ihnen in die Einrichtung und bringen ein St\u00fcck Kulturgeschichte mit. Die Ereignisse der sp\u00e4ten 1960er-Jahre markieren in K\u00f6ln und in der Geschichte der Bundesrepublik Deutschland einen bedeutsamen Einschnitt und sollen bei unserem Besuch der Themenmittelpunkt sein: Wohnen, Sprache, Liebe, Kunst, Kultur und Musik standen f\u00fcr die damals jungen Menschen auf dem Pr\u00fcfstand und jede*r hat sicher eine Anekdote, eine Erinnerung oder eine Assoziation zu unseren mitgebrachten Objekten! Viele werden sich daran erinnern k\u00f6nnen, was sie zum Beispiel in der Nacht vom 20. auf den 21.07.1969 gemacht und gedacht haben. Wir kommen ins Gespr\u00e4ch, wir erinnern und schwelgen, diskutieren und erg\u00e4nzen unser Bild dieser aufregenden Zeit! Aber am wichtigsten wird sein: Wir erleben gemeinsam einen anregenden Nachmittag!&nbsp;<\/p>\n\n\n\n<p>F\u00fcr Beratung und Buchung wenden Sie sich bitte an Dr. Andrea Imig (<a href=\"mailto:andrea.imig@stadt-koeln.de\">andrea.imig@stadt-koeln.de<\/a>).<\/p>\n\n\n\n<div class=\"wp-block-buttons is-layout-flex wp-block-buttons-is-layout-flex\">\n<div class=\"wp-block-button is-style-ksm-button\"><a class=\"wp-block-button__link wp-element-button\" href=\"https:\/\/museenkoeln.de\/portal\/angebotbuchen.aspx?inst=10&amp;angebot=1445\" target=\"_blank\" rel=\"noreferrer noopener\">Angebot buchen<\/a><\/div>\n<\/div>\n<\/div>\n<\/div>\n\n\n\n<hr class=\"wp-block-separator has-alpha-channel-opacity is-style-wide\"\/>\n\n\n\n<figure class=\"wp-block-image size-full\"><img decoding=\"async\" src=\"https:\/\/www.koelnisches-stadtmuseum.de\/wp-content\/uploads\/2024\/03\/SGA_1260x200_mint.svg\" alt=\"\" class=\"wp-image-12666\"\/><\/figure>\n\n\n\n<hr class=\"wp-block-separator has-alpha-channel-opacity is-style-wide\"\/>\n","protected":false},"excerpt":{"rendered":"<p>Das Stadtmuseum im Klassenzimmer oder in Senioreneinrichtungen &#8211; wir kommen zu euch.<\/p>\n","protected":false},"author":7,"featured_media":12186,"parent":10804,"menu_order":0,"comment_status":"closed","ping_status":"closed","template":"","meta":{"_acf_changed":false,"footnotes":""},"class_list":["post-12733","page","type-page","status-publish","has-post-thumbnail","hentry","wpbf-post"],"acf":[],"_links":{"self":[{"href":"https:\/\/www.koelnisches-stadtmuseum.de\/en\/wp-json\/wp\/v2\/pages\/12733","targetHints":{"allow":["GET"]}}],"collection":[{"href":"https:\/\/www.koelnisches-stadtmuseum.de\/en\/wp-json\/wp\/v2\/pages"}],"about":[{"href":"https:\/\/www.koelnisches-stadtmuseum.de\/en\/wp-json\/wp\/v2\/types\/page"}],"author":[{"embeddable":true,"href":"https:\/\/www.koelnisches-stadtmuseum.de\/en\/wp-json\/wp\/v2\/users\/7"}],"replies":[{"embeddable":true,"href":"https:\/\/www.koelnisches-stadtmuseum.de\/en\/wp-json\/wp\/v2\/comments?post=12733"}],"version-history":[{"count":10,"href":"https:\/\/www.koelnisches-stadtmuseum.de\/en\/wp-json\/wp\/v2\/pages\/12733\/revisions"}],"predecessor-version":[{"id":16140,"href":"https:\/\/www.koelnisches-stadtmuseum.de\/en\/wp-json\/wp\/v2\/pages\/12733\/revisions\/16140"}],"up":[{"embeddable":true,"href":"https:\/\/www.koelnisches-stadtmuseum.de\/en\/wp-json\/wp\/v2\/pages\/10804"}],"wp:featuredmedia":[{"embeddable":true,"href":"https:\/\/www.koelnisches-stadtmuseum.de\/en\/wp-json\/wp\/v2\/media\/12186"}],"wp:attachment":[{"href":"https:\/\/www.koelnisches-stadtmuseum.de\/en\/wp-json\/wp\/v2\/media?parent=12733"}],"curies":[{"name":"wp","href":"https:\/\/api.w.org\/{rel}","templated":true}]}}